{"id":2,"date":"2015-11-10T10:57:07","date_gmt":"2015-11-10T09:57:07","guid":{"rendered":"http:\/\/www.pfarrverband-salvator-mundi.de\/erscheinung-des-herrn\/?page_id=2"},"modified":"2026-04-26T18:59:22","modified_gmt":"2026-04-26T16:59:22","slug":"erscheinung-des-herrn","status":"publish","type":"page","link":"https:\/\/www.pfarrverband-salvator-mundi.de\/erscheinung-des-herrn\/","title":{"rendered":"Startseite Erscheinung des Herrn"},"content":{"rendered":"\n<h1 class=\"wp-block-heading\">Herzlich willkommen in der Pfarrgemeinde Erscheinung des Herrn!<\/h1>\n\n\n\n<p><style type=\"text\/css\">\n#foogallery-gallery-10450 .fg-image { width: 215px; }\n#foogallery-gallery-10450 { --fg-gutter: 10px; }<\/style>\n\t\t\t<div class=\"foogallery foogallery-container foogallery-default foogallery-lightbox-foobox fg-left fg-default fg-ready fg-light\" id=\"foogallery-gallery-10450\" data-foogallery=\"{&quot;item&quot;:{&quot;showCaptionTitle&quot;:false,&quot;showCaptionDescription&quot;:false},&quot;lazy&quot;:true}\" style=\"--fg-title-line-clamp: 0; --fg-description-line-clamp: 0;\" >\n\t<div class=\"fg-item fg-type-image fg-idle\"><figure class=\"fg-item-inner\"><a href=\"https:\/\/www.pfarrverband-salvator-mundi.de\/erscheinung-des-herrn\/wp-content\/uploads\/sites\/3\/2019\/10\/IMG_2241_web.jpg\" data-attachment-id=\"6149\" data-type=\"image\" class=\"fg-thumb\"><span class=\"fg-image-wrap\"><img decoding=\"async\" width=\"215\" height=\"215\" class=\"skip-lazy fg-image\" data-src-fg=\"https:\/\/www.pfarrverband-salvator-mundi.de\/erscheinung-des-herrn\/wp-content\/uploads\/sites\/3\/cache\/2019\/10\/IMG_2241_web\/3032191619.jpg\" src=\"data:image\/svg+xml,%3Csvg%20xmlns%3D%22http%3A%2F%2Fwww.w3.org%2F2000%2Fsvg%22%20width%3D%22215%22%20height%3D%22215%22%20viewBox%3D%220%200%20215%20215%22%3E%3C%2Fsvg%3E\" loading=\"eager\"><\/span><span class=\"fg-image-overlay\"><\/span><\/a><\/figure><div class=\"fg-loader\"><\/div><\/div><div class=\"fg-item fg-type-image fg-idle\"><figure class=\"fg-item-inner\"><a href=\"https:\/\/www.pfarrverband-salvator-mundi.de\/erscheinung-des-herrn\/wp-content\/uploads\/sites\/3\/2018\/01\/kreuz_edh_2252.jpg\" data-attachment-id=\"3577\" data-type=\"image\" class=\"fg-thumb\"><span class=\"fg-image-wrap\"><img decoding=\"async\" width=\"215\" height=\"215\" class=\"skip-lazy fg-image\" data-src-fg=\"https:\/\/www.pfarrverband-salvator-mundi.de\/erscheinung-des-herrn\/wp-content\/uploads\/sites\/3\/cache\/2018\/01\/kreuz_edh_2252\/2883420662.jpg\" src=\"data:image\/svg+xml,%3Csvg%20xmlns%3D%22http%3A%2F%2Fwww.w3.org%2F2000%2Fsvg%22%20width%3D%22215%22%20height%3D%22215%22%20viewBox%3D%220%200%20215%20215%22%3E%3C%2Fsvg%3E\" loading=\"eager\"><\/span><span class=\"fg-image-overlay\"><\/span><\/a><\/figure><div class=\"fg-loader\"><\/div><\/div><div class=\"fg-item fg-type-image fg-idle\"><figure class=\"fg-item-inner\"><a href=\"https:\/\/www.pfarrverband-salvator-mundi.de\/erscheinung-des-herrn\/wp-content\/uploads\/sites\/3\/2022\/04\/edh-mai25.jpg\" data-attachment-id=\"13820\" data-type=\"image\" class=\"fg-thumb\"><span class=\"fg-image-wrap\"><img decoding=\"async\" width=\"215\" height=\"215\" class=\"skip-lazy fg-image\" data-src-fg=\"https:\/\/www.pfarrverband-salvator-mundi.de\/erscheinung-des-herrn\/wp-content\/uploads\/sites\/3\/cache\/2022\/04\/edh-mai25\/1569873846.jpg\" src=\"data:image\/svg+xml,%3Csvg%20xmlns%3D%22http%3A%2F%2Fwww.w3.org%2F2000%2Fsvg%22%20width%3D%22215%22%20height%3D%22215%22%20viewBox%3D%220%200%20215%20215%22%3E%3C%2Fsvg%3E\" loading=\"eager\"><\/span><span class=\"fg-image-overlay\"><\/span><\/a><\/figure><div class=\"fg-loader\"><\/div><\/div><\/div>\n<style type=\"text\/css\">#foogallery-gallery-10450 {\r\npadding-left: 0;\r\npadding-bottom: 10px;\r\n}<\/style><br><em>Bild re.: F. Holzapfel<\/em><\/p>\n\n\n\n<hr class=\"wp-block-separator has-alpha-channel-opacity is-style-wide\"\/>\n\n\n\n<h2 class=\"wp-block-heading has-text-align-center\"><span style=\"color: #997e00;\">NEUE APP JETZT HERUNTERLADEN<\/span><\/h2>\n\n\n\n<div class=\"wp-block-media-text is-stacked-on-mobile\" style=\"grid-template-columns:15% auto\"><figure class=\"wp-block-media-text__media\"><img decoding=\"async\" src=\"https:\/\/www.pfarrverband-salvator-mundi.de\/wp-content\/uploads\/2025\/02\/512x512_android.png\" alt=\"\" class=\"wp-image-8395 size-full\"\/><\/figure><div class=\"wp-block-media-text__content\">\n<p><strong>Ab sofort k\u00f6nnen Sie die neue Version der Salvator Mundi App f\u00fcr Ihr Smartphone (Apple oder Android) herunterladen. <\/strong><\/p>\n\n\n\n<p>Die alte Version kann aus technischen Gr\u00fcnden nicht mehr aktualisiert werden, daher ist eine Neuinstallation notwendig.<\/p>\n<\/div><\/div>\n\n\n\n<figure class=\"wp-block-table is-style-stripes\"><table class=\"has-fixed-layout\"><tbody><tr><td class=\"has-text-align-center\" data-align=\"center\"><a href=\"https:\/\/itunes.apple.com\/us\/app\/pfarrverband-salvator-mundi\/id1437369000?l=de&amp;ls=1&amp;mt=8\"><img decoding=\"async\" class=\"wp-image-8397\" style=\"width: 200px;\" src=\"https:\/\/www.pfarrverband-salvator-mundi.de\/wp-content\/uploads\/2025\/02\/Download_on_the_App_Store_Badge_DE_RGB_blk_092917.png\" alt=\"\"><\/a><\/td><td class=\"has-text-align-center\" data-align=\"center\"><a href=\"https:\/\/play.google.com\/store\/apps\/details?id=de.pfarrverband.salvatormundi.meineapp\"><img decoding=\"async\" class=\"wp-image-8396\" style=\"width: 200px;\" src=\"https:\/\/www.pfarrverband-salvator-mundi.de\/wp-content\/uploads\/2025\/02\/GetItOnGooglePlay_Badge_Web_color_German.png\" alt=\"\"><\/a><\/td><\/tr><tr><td class=\"has-text-align-center\" data-align=\"center\"><a href=\"https:\/\/itunes.apple.com\/us\/app\/pfarrverband-salvator-mundi\/id1437369000?l=de&amp;ls=1&amp;mt=8\"><img decoding=\"async\" class=\"wp-image-8399\" style=\"width: 200px;\" src=\"https:\/\/www.pfarrverband-salvator-mundi.de\/wp-content\/uploads\/2025\/02\/SalvatorMundi-iOS-png.png\" alt=\"\"><\/a><\/td><td class=\"has-text-align-center\" data-align=\"center\"><a href=\"https:\/\/play.google.com\/store\/apps\/details?id=de.pfarrverband.salvatormundi.meineapp\"><img decoding=\"async\" class=\"wp-image-8398\" style=\"width: 200px;\" src=\"https:\/\/www.pfarrverband-salvator-mundi.de\/wp-content\/uploads\/2025\/02\/SalvatorMundi-Android-png.png\" alt=\"\"><\/a><\/td><\/tr><\/tbody><\/table><\/figure>\n\n\n\n<hr class=\"wp-block-separator has-alpha-channel-opacity is-style-wide\"\/>\n\n\n\n<h3 class=\"wp-block-heading has-vivid-red-color has-text-color has-link-color wp-elements-8635bb7d6e3772e791b9c15fec6c7d90\"><span style=\"color: #005885;\">Stellenausschreibung<\/span><\/h3>\n\n\n\n<p id=\"block-cebea048-e69b-47b1-a5a3-e57e86185471\">Wir suchen f\u00fcr die kath. Kirchenstiftung Erscheinung des Herrn im Pfarrverband Salvator Mundi zum n\u00e4chstm\u00f6glichen Termin einen<\/p>\n\n\n\n<p id=\"block-e0020321-738e-43de-8bb3-a0cc06d83aa3\"><strong>Mesner und Hausmeister (m\/w\/d)<\/strong><br><strong>mit 33-39 Stunden \/ Woche (unbefristet)<\/strong><\/p>\n\n\n\n<p id=\"block-e771bd14-3180-47d3-ab7f-dd26c545143c\"><strong>Ihre Aufgabenschwerpunkte:<\/strong><\/p>\n\n\n\n<ul id=\"block-b0da5ce7-b1cc-491c-82ee-65220cdd3ff2\" class=\"wp-block-list\">\n<li>Vorbereitung und Gestaltung des liturgischen Raums, Pflegen und Bereitstellen liturgischer Ger\u00e4te und Gew\u00e4nder, Liturgischer Dienst und Mitwirkung bei Gottesdiensten, Taufen, Hochzeiten, Requien<\/li>\n\n\n\n<li>Betreuung, Pflege und Instandhaltung des gesamten Anwesens der Kirchenstiftung, Beobachten des baulichen Zustandes<\/li>\n\n\n\n<li>Selbst\u00e4ndige Durchf\u00fchrung von Wartungen und Kleinreparaturen, Beaufsichtigung und Koordination von Handwerkert\u00e4tigkeiten<\/li>\n\n\n\n<li>Betreuung und Unterst\u00fctzung von Veranstaltungen<\/li>\n\n\n\n<li>Reinigung und Pflege der Au\u00dfenanlagen, R\u00e4um- und Streudienst<\/li>\n\n\n\n<li>Vertretungsdienst in den nahegelegenen Pfarreien des Pfarrverbandes<\/li>\n<\/ul>\n\n\n\n<p id=\"block-1f123ae2-954d-4cb3-838b-15122bbaf585\"><strong>Ihr Anforderungsprofil :<\/strong><\/p>\n\n\n\n<ul id=\"block-0af0aa1b-0a5e-4c27-8c53-969731179d35\" class=\"wp-block-list\">\n<li>Abgeschlossene Ausbildung in einem handwerklichen Beruf<\/li>\n\n\n\n<li>Sorgf\u00e4ltige, zuverl\u00e4ssige und verantwortungsbewusste Arbeitsweise<\/li>\n\n\n\n<li>Eigeninitiative, Teamf\u00e4higkeit und Freundlichkeit<\/li>\n\n\n\n<li>Bereitschaft zur zeitlichen Flexibilit\u00e4t, besonders an allen Wochenenden und Feiertagen<\/li>\n\n\n\n<li>Identifikation mit den Zielen und Werten der katholischen Kirche<\/li>\n\n\n\n<li>Selbstst\u00e4ndige Organisation der Arbeit<\/li>\n\n\n\n<li>G\u00fcltige PKW-Fahrerlaubnis und wenn m\u00f6glich eigener PKW<\/li>\n<\/ul>\n\n\n\n<p id=\"block-a74ede88-1a51-490e-bc74-7ec1661ec8eb\">Wir bieten Ihnen einen interessanten, abwechslungsreichen und verantwortungsvollen Arbeitsplatz mit Verg\u00fctung nach ABD (entspricht TV\u00f6D) und allen Sozialleistungen des \u00f6ffentlichen Dienstes.<\/p>\n\n\n\n<p id=\"block-9364d161-f6f4-4a12-9a6b-76153c3ce58e\">Die Teilnahme an den Einf\u00fchrungskursen der Erzdi\u00f6zese M\u00fcnchen-Freising f\u00fcr Mesner wird erm\u00f6glicht. Eine Dienstwohnung ist in der Kirchenstiftung vorhanden.<\/p>\n\n\n\n<p><strong>Bitte senden Sie Ihre aussagef\u00e4higen Bewerbungsunterlagen mit Zeugnissen, bevorzugt per E-Mail an: <a href=\"mailto:mhoffmann@ebmuc.de\">mhoffmann@ebmuc.de<\/a><\/strong><br>Kath. Kirchenstiftung Erscheinung des Herrn Terofalstr. 66, 80689 M\u00fcnchen Herrn Hoffmann, Verwaltungsleitung<\/p>\n\n\n\n<hr class=\"wp-block-separator has-alpha-channel-opacity\"\/>\n\n\n\n<hr class=\"wp-block-separator has-alpha-channel-opacity is-style-default\"\/>\n\n\n\n<h2 class=\"wp-block-heading\"><span style=\"color: #005885;\">AKTUELLES F\u00dcR DIE PFARREI<\/span><\/h2>\n\n\n\n<hr class=\"wp-block-separator has-alpha-channel-opacity\"\/>\n\n\n\n<h3 class=\"wp-block-heading\"><span style=\"color: #005885;\"><strong>FESTGOTTESDIENST ZUR ERSTKOMMUNION IN ERSCHEINUNG DES HERRN AM 10.05.<\/strong><\/span><\/h3>\n\n\n\n<div class=\"wp-block-media-text is-stacked-on-mobile\" style=\"grid-template-columns:58% auto\"><figure class=\"wp-block-media-text__media\"><a href=\"https:\/\/www.pfarrverband-salvator-mundi.de\/erscheinung-des-herrn\/wp-content\/uploads\/sites\/3\/2026\/04\/EK_Plakat_EdH_26.jpg\"><img loading=\"lazy\" decoding=\"async\" width=\"724\" height=\"1024\" src=\"https:\/\/www.pfarrverband-salvator-mundi.de\/erscheinung-des-herrn\/wp-content\/uploads\/sites\/3\/2026\/04\/EK_Plakat_EdH_26.jpg\" alt=\"\" class=\"wp-image-14231 size-full\" srcset=\"https:\/\/www.pfarrverband-salvator-mundi.de\/erscheinung-des-herrn\/wp-content\/uploads\/sites\/3\/2026\/04\/EK_Plakat_EdH_26.jpg 724w, https:\/\/www.pfarrverband-salvator-mundi.de\/erscheinung-des-herrn\/wp-content\/uploads\/sites\/3\/2026\/04\/EK_Plakat_EdH_26-212x300.jpg 212w\" sizes=\"auto, (max-width: 724px) 100vw, 724px\" \/><\/a><\/figure><div class=\"wp-block-media-text__content\">\n<p class=\"has-medium-font-size\">AM 10. MAI 2026 UM 09:30 UHR<br>UND ZUR DANKANDACHT<br>UM 18 UHR<\/p>\n<\/div><\/div>\n\n\n\n<hr class=\"wp-block-separator has-alpha-channel-opacity is-style-dots\"\/>\n\n\n\n<h3 class=\"wp-block-heading\"><span style=\"color: #005885;\"><strong>Lust auf Musik? Na dann los! &#8211; Komm\u2018 doch einfach mal vorbei. Wir freuen uns auf dich!<\/strong><\/span><\/h3>\n\n\n\n<div class=\"wp-block-media-text has-media-on-the-right is-stacked-on-mobile\" style=\"grid-template-columns:auto 55%\"><div class=\"wp-block-media-text__content\">\n<p><strong>Singfl\u00f6he (ab 4 J.)<\/strong><br>Mittwoch, 16:00 Uhr<\/p>\n\n\n\n<p><strong>Singkids (ab 7 J.)<\/strong><br>Mittwoch, 16:30 Uhr<\/p>\n\n\n\n<p><strong>Singkids (ab 7 J.)<\/strong><br>Mittwoch, 16:30 Uhr<\/p>\n\n\n\n<p><strong>Young Voices (ab 10 J.)<\/strong><br>Mittwoch, 17.00 Uhr<\/p>\n\n\n\n<p>Pfarrsaal Erscheinung des Herrn, Terofalstr. 66<\/p>\n\n\n\n<p>Bei Fragen: Jutta Michel-Becher,<br>Tel. 0170\/1697004<\/p>\n<\/div><figure class=\"wp-block-media-text__media\"><a href=\"https:\/\/www.pfarrverband-salvator-mundi.de\/erscheinung-des-herrn\/wp-content\/uploads\/sites\/3\/2025\/02\/Plakat-Kindermusik-JHerbst-2024.pdf\"><img loading=\"lazy\" decoding=\"async\" width=\"566\" height=\"800\" src=\"https:\/\/www.pfarrverband-salvator-mundi.de\/erscheinung-des-herrn\/wp-content\/uploads\/sites\/3\/2025\/02\/Plakat-Kindermusik-JHerbst-2024.jpg\" alt=\"\" class=\"wp-image-13663 size-full\" srcset=\"https:\/\/www.pfarrverband-salvator-mundi.de\/erscheinung-des-herrn\/wp-content\/uploads\/sites\/3\/2025\/02\/Plakat-Kindermusik-JHerbst-2024.jpg 566w, https:\/\/www.pfarrverband-salvator-mundi.de\/erscheinung-des-herrn\/wp-content\/uploads\/sites\/3\/2025\/02\/Plakat-Kindermusik-JHerbst-2024-212x300.jpg 212w\" sizes=\"auto, (max-width: 566px) 100vw, 566px\" \/><\/a><\/figure><\/div>\n\n\n\n<hr class=\"wp-block-separator has-alpha-channel-opacity\"\/>\n\n\n\n<h2 class=\"wp-block-heading\"><span style=\"color: #005885;\">THEMEN AUS DEM PFARRVERBAND<\/span><\/h2>\n\n\n\n<hr class=\"wp-block-separator has-alpha-channel-opacity\"\/>\n\n\n\n<h3 class=\"wp-block-heading\"><span style=\"color: #ad0d1f;\">Andacht mal Anders: \u201eIm Gespr\u00e4ch mit Gott und den Menschen\u201c Termine Q2\/26<\/span><\/h3>\n\n\n\n<p class=\"has-text-align-center has-background has-medium-font-size\" style=\"background-color:#fff4c7\"><strong>Herzliche Einladung zu den Andachten<br><\/strong>mit Gebet, Liedern und Austausch &#8211; meist \u00fcber die Bibeltexte des jeweiligen Sonntags &#8211; ganz nach dem <br><br>Motto \u201eim Gespr\u00e4ch mit Gott und den Menschen\u201c.<br><strong>Die Andacht beginnt um 19:00 Uhr im Meditationsraum im Pfarrheim (Erdgescho\u00df).<\/strong><br>Bringt gerne jemanden mit: \u201eKommt und seht!\u201c<br><br><strong>Termine in St. Willibald:<\/strong><br><br>18. April<br>02. Mai<br>16. Mai<br>30. Mai<br>13. Juni<br>27. Juni<br><br><em>F\u00fcr das Vorbereitungsteam, Hans Bauer<\/em><\/p>\n\n\n\n<hr class=\"wp-block-separator has-alpha-channel-opacity is-style-dots\"\/>\n\n\n\n<h3 class=\"wp-block-heading\"><span style=\"color: #997e00;\">Wortgottesdienst-Team<\/span><\/h3>\n\n\n\n<div class=\"wp-block-media-text is-stacked-on-mobile\"><figure class=\"wp-block-media-text__media\"><img decoding=\"async\" src=\"https:\/\/www.pfarrverband-salvator-mundi.de\/wp-content\/uploads\/2025\/01\/WoGO-Team_2024.jpg\" alt=\"\" class=\"wp-image-8353 size-full\"\/><\/figure><div class=\"wp-block-media-text__content\">\n<p><strong>Nach drei Jahren gemeinsamem Weg nun die offizielle Beauftragung durch Generalvikar Christoph Klingan am 24.11.2024 in St. Willibald.<\/strong><\/p>\n\n\n\n<p>Wie es dazu kam und wer im Team ist, erfahren Sie hier: <a href=\"https:\/\/www.pfarrverband-salvator-mundi.de\/wortgottesdienst-team\/\">Weiterlesen<\/a><\/p>\n<\/div><\/div>\n\n\n\n<hr class=\"wp-block-separator has-alpha-channel-opacity\"\/>\n\n\n\n<h3 class=\"wp-block-heading\"><span style=\"color: #005885;\">Weitere Links der Erzdi\u00f6zese M\u00fcnchen und Freising<\/span><\/h3>\n\n\n\n<p><strong>Die Seite unseres Erzbistums<\/strong><br><a href=\"https:\/\/www.erzbistum-muenchen.de\/\" target=\"_blank\" rel=\"noopener\">www.erzbistum-muenchen.de<\/a><\/p>\n\n\n\n<p><strong>Gottesdienste Livestream \u2028<\/strong><br><a href=\"https:\/\/www.erzbistum-muenchen.de\/stream\" target=\"_blank\" rel=\"noopener noreferrer\">www.erzbistum-muenchen.de\/stream<\/a><\/p>\n\n\n\n<p><strong>Online Ehe- Familien- und Lebensberatung<\/strong><br><a href=\"https:\/\/bayern.onlineberatung-efl.de\/ueber-uns.html\" target=\"_blank\" rel=\"noopener noreferrer\">bayern.onlineberatung-efl.de\/ueber-uns<\/a><\/p>\n\n\n\n<p><\/p>\n\n\n\n<h3 class=\"wp-block-heading\"><span style=\"color: #005885;\">Alle Termine auch auf unserer App, Videos und Live-Streams auf unserem YouTube-Kanal<\/span><\/h3>\n\n\n\n<p>Regelm\u00e4\u00dfige Termine, Gottesdienste, Chorproben oder Sportangebote als Datei, aber auch der aktuelle Pfarrbrief f\u00fcr die jeweils kommende Woche k\u00f6nnen auch unterwegs abgerufen werden.<br>Alle Videos, die wir bisher f\u00fcr Sie erstellt haben, k\u00f6nnen Sie sich jederzeit auf Youtube ansehen. Es ist keine Anmeldung n\u00f6tig. Wir freuen uns, wenn Sie dabei sind!<\/p>\n\n\n\n<h4 class=\"wp-block-heading\"><a href=\"https:\/\/play.google.com\/store\/apps\/details?id=de.pfarrverband.salvatormundi.meineapp\" target=\"_blank\" rel=\"noopener noreferrer\"><img loading=\"lazy\" decoding=\"async\" class=\"alignnone size-full wp-image-5665\" src=\"https:\/\/www.pfarrverband-salvator-mundi.de\/fronleichnam\/wp-content\/uploads\/sites\/2\/2018\/10\/google-play-badge.png\" alt=\"\" width=\"155\" height=\"60\"><\/a>&nbsp;&nbsp; <a href=\"https:\/\/itunes.apple.com\/us\/app\/pfarrverband-salvator-mundi\/id1437369000?l=de&amp;ls=1&amp;mt=8\" target=\"_blank\" rel=\"noopener noreferrer\"><img loading=\"lazy\" decoding=\"async\" class=\"alignnone size-full wp-image-5666\" src=\"https:\/\/www.pfarrverband-salvator-mundi.de\/fronleichnam\/wp-content\/uploads\/sites\/2\/2018\/10\/Download_on_the_App_Store_Badge_DE_blk_092917.png\" alt=\"\" width=\"155\" height=\"60\"><\/a><a href=\"https:\/\/www.youtube.com\/channel\/UCDo6NC3MugslL9O1eo70rtg\/videos\" target=\"_blank\" rel=\"noopener\"><img loading=\"lazy\" decoding=\"async\" class=\"alignnone size-full wp-image-13867\" src=\"https:\/\/www.pfarrverband-salvator-mundi.de\/st-willibald\/wp-content\/uploads\/sites\/4\/2022\/01\/youtube-logo_klein.png\" alt=\"\" width=\"155\" height=\"60\"><\/a><\/h4>\n","protected":false},"excerpt":{"rendered":"<p>Herzlich willkommen in der Pfarrgemeinde Erscheinung des Herrn! Bild re.: F. Holzapfel NEUE APP JETZT HERUNTERLADEN Ab sofort k\u00f6nnen Sie die neue Version der Salvator Mundi App f\u00fcr Ihr Smartphone (Apple oder Android) herunterladen. Die alte Version kann aus technischen Gr\u00fcnden nicht mehr aktualisiert werden, daher ist eine Neuinstallation notwendig. Stellenausschreibung Wir suchen f\u00fcr die [&hellip;]<\/p>\n","protected":false},"author":1,"featured_media":0,"parent":0,"menu_order":2,"comment_status":"closed","ping_status":"closed","template":"","meta":{"ngg_post_thumbnail":0,"footnotes":""},"class_list":["post-2","page","type-page","status-publish","czr-hentry"],"yoast_head":"<!-- This site is optimized with the Yoast SEO plugin v27.5 - https:\/\/yoast.com\/product\/yoast-seo-wordpress\/ -->\n<title>Startseite Erscheinung des Herrn - Pfarrei Erscheinung des Herrn<\/title>\n<meta name=\"robots\" content=\"index, follow, max-snippet:-1, max-image-preview:large, max-video-preview:-1\" \/>\n<link rel=\"canonical\" href=\"https:\/\/www.pfarrverband-salvator-mundi.de\/erscheinung-des-herrn\/\" \/>\n<meta property=\"og:locale\" content=\"de_DE\" \/>\n<meta property=\"og:type\" content=\"article\" \/>\n<meta property=\"og:title\" content=\"Startseite Erscheinung des Herrn - Pfarrei Erscheinung des Herrn\" \/>\n<meta property=\"og:description\" content=\"Herzlich willkommen in der Pfarrgemeinde Erscheinung des Herrn! Bild re.: F. Holzapfel NEUE APP JETZT HERUNTERLADEN Ab sofort k\u00f6nnen Sie die neue Version der Salvator Mundi App f\u00fcr Ihr Smartphone (Apple oder Android) herunterladen. Die alte Version kann aus technischen Gr\u00fcnden nicht mehr aktualisiert werden, daher ist eine Neuinstallation notwendig. Stellenausschreibung Wir suchen f\u00fcr die [&hellip;]\" \/>\n<meta property=\"og:url\" content=\"https:\/\/www.pfarrverband-salvator-mundi.de\/erscheinung-des-herrn\/\" \/>\n<meta property=\"og:site_name\" content=\"Pfarrei Erscheinung des Herrn\" \/>\n<meta property=\"article:modified_time\" content=\"2026-04-26T16:59:22+00:00\" \/>\n<meta property=\"og:image\" content=\"https:\/\/www.pfarrverband-salvator-mundi.de\/wp-content\/uploads\/2025\/02\/512x512_android.png\" \/>\n<meta name=\"twitter:card\" content=\"summary_large_image\" \/>\n<meta name=\"twitter:label1\" content=\"Gesch\u00e4tzte Lesezeit\" \/>\n\t<meta name=\"twitter:data1\" content=\"6\u00a0Minuten\" \/>\n<script type=\"application\/ld+json\" class=\"yoast-schema-graph\">{\"@context\":\"https:\\\/\\\/schema.org\",\"@graph\":[{\"@type\":\"WebPage\",\"@id\":\"https:\\\/\\\/www.pfarrverband-salvator-mundi.de\\\/erscheinung-des-herrn\\\/\",\"url\":\"https:\\\/\\\/www.pfarrverband-salvator-mundi.de\\\/erscheinung-des-herrn\\\/\",\"name\":\"Startseite Erscheinung des Herrn - Pfarrei Erscheinung des Herrn\",\"isPartOf\":{\"@id\":\"https:\\\/\\\/www.pfarrverband-salvator-mundi.de\\\/erscheinung-des-herrn\\\/#website\"},\"primaryImageOfPage\":{\"@id\":\"https:\\\/\\\/www.pfarrverband-salvator-mundi.de\\\/erscheinung-des-herrn\\\/#primaryimage\"},\"image\":{\"@id\":\"https:\\\/\\\/www.pfarrverband-salvator-mundi.de\\\/erscheinung-des-herrn\\\/#primaryimage\"},\"thumbnailUrl\":\"https:\\\/\\\/www.pfarrverband-salvator-mundi.de\\\/wp-content\\\/uploads\\\/2025\\\/02\\\/512x512_android.png\",\"datePublished\":\"2015-11-10T09:57:07+00:00\",\"dateModified\":\"2026-04-26T16:59:22+00:00\",\"breadcrumb\":{\"@id\":\"https:\\\/\\\/www.pfarrverband-salvator-mundi.de\\\/erscheinung-des-herrn\\\/#breadcrumb\"},\"inLanguage\":\"de\",\"potentialAction\":[{\"@type\":\"ReadAction\",\"target\":[\"https:\\\/\\\/www.pfarrverband-salvator-mundi.de\\\/erscheinung-des-herrn\\\/\"]}]},{\"@type\":\"ImageObject\",\"inLanguage\":\"de\",\"@id\":\"https:\\\/\\\/www.pfarrverband-salvator-mundi.de\\\/erscheinung-des-herrn\\\/#primaryimage\",\"url\":\"https:\\\/\\\/www.pfarrverband-salvator-mundi.de\\\/wp-content\\\/uploads\\\/2025\\\/02\\\/512x512_android.png\",\"contentUrl\":\"https:\\\/\\\/www.pfarrverband-salvator-mundi.de\\\/wp-content\\\/uploads\\\/2025\\\/02\\\/512x512_android.png\"},{\"@type\":\"BreadcrumbList\",\"@id\":\"https:\\\/\\\/www.pfarrverband-salvator-mundi.de\\\/erscheinung-des-herrn\\\/#breadcrumb\",\"itemListElement\":[{\"@type\":\"ListItem\",\"position\":1,\"name\":\"Home\",\"item\":\"https:\\\/\\\/www.pfarrverband-salvator-mundi.de\\\/erscheinung-des-herrn\\\/\"},{\"@type\":\"ListItem\",\"position\":2,\"name\":\"Startseite Erscheinung des Herrn\"}]},{\"@type\":\"WebSite\",\"@id\":\"https:\\\/\\\/www.pfarrverband-salvator-mundi.de\\\/erscheinung-des-herrn\\\/#website\",\"url\":\"https:\\\/\\\/www.pfarrverband-salvator-mundi.de\\\/erscheinung-des-herrn\\\/\",\"name\":\"Pfarrei Erscheinung des Herrn\",\"description\":\"Teil des Pfarrverbands Salvator Mundi\",\"potentialAction\":[{\"@type\":\"SearchAction\",\"target\":{\"@type\":\"EntryPoint\",\"urlTemplate\":\"https:\\\/\\\/www.pfarrverband-salvator-mundi.de\\\/erscheinung-des-herrn\\\/?s={search_term_string}\"},\"query-input\":{\"@type\":\"PropertyValueSpecification\",\"valueRequired\":true,\"valueName\":\"search_term_string\"}}],\"inLanguage\":\"de\"}]}<\/script>\n<!-- \/ Yoast SEO plugin. -->","yoast_head_json":{"title":"Startseite Erscheinung des Herrn - Pfarrei Erscheinung des Herrn","robots":{"index":"index","follow":"follow","max-snippet":"max-snippet:-1","max-image-preview":"max-image-preview:large","max-video-preview":"max-video-preview:-1"},"canonical":"https:\/\/www.pfarrverband-salvator-mundi.de\/erscheinung-des-herrn\/","og_locale":"de_DE","og_type":"article","og_title":"Startseite Erscheinung des Herrn - Pfarrei Erscheinung des Herrn","og_description":"Herzlich willkommen in der Pfarrgemeinde Erscheinung des Herrn! Bild re.: F. Holzapfel NEUE APP JETZT HERUNTERLADEN Ab sofort k\u00f6nnen Sie die neue Version der Salvator Mundi App f\u00fcr Ihr Smartphone (Apple oder Android) herunterladen. Die alte Version kann aus technischen Gr\u00fcnden nicht mehr aktualisiert werden, daher ist eine Neuinstallation notwendig. Stellenausschreibung Wir suchen f\u00fcr die [&hellip;]","og_url":"https:\/\/www.pfarrverband-salvator-mundi.de\/erscheinung-des-herrn\/","og_site_name":"Pfarrei Erscheinung des Herrn","article_modified_time":"2026-04-26T16:59:22+00:00","og_image":[{"url":"https:\/\/www.pfarrverband-salvator-mundi.de\/wp-content\/uploads\/2025\/02\/512x512_android.png","type":"","width":"","height":""}],"twitter_card":"summary_large_image","twitter_misc":{"Gesch\u00e4tzte Lesezeit":"6\u00a0Minuten"},"schema":{"@context":"https:\/\/schema.org","@graph":[{"@type":"WebPage","@id":"https:\/\/www.pfarrverband-salvator-mundi.de\/erscheinung-des-herrn\/","url":"https:\/\/www.pfarrverband-salvator-mundi.de\/erscheinung-des-herrn\/","name":"Startseite Erscheinung des Herrn - Pfarrei Erscheinung des Herrn","isPartOf":{"@id":"https:\/\/www.pfarrverband-salvator-mundi.de\/erscheinung-des-herrn\/#website"},"primaryImageOfPage":{"@id":"https:\/\/www.pfarrverband-salvator-mundi.de\/erscheinung-des-herrn\/#primaryimage"},"image":{"@id":"https:\/\/www.pfarrverband-salvator-mundi.de\/erscheinung-des-herrn\/#primaryimage"},"thumbnailUrl":"https:\/\/www.pfarrverband-salvator-mundi.de\/wp-content\/uploads\/2025\/02\/512x512_android.png","datePublished":"2015-11-10T09:57:07+00:00","dateModified":"2026-04-26T16:59:22+00:00","breadcrumb":{"@id":"https:\/\/www.pfarrverband-salvator-mundi.de\/erscheinung-des-herrn\/#breadcrumb"},"inLanguage":"de","potentialAction":[{"@type":"ReadAction","target":["https:\/\/www.pfarrverband-salvator-mundi.de\/erscheinung-des-herrn\/"]}]},{"@type":"ImageObject","inLanguage":"de","@id":"https:\/\/www.pfarrverband-salvator-mundi.de\/erscheinung-des-herrn\/#primaryimage","url":"https:\/\/www.pfarrverband-salvator-mundi.de\/wp-content\/uploads\/2025\/02\/512x512_android.png","contentUrl":"https:\/\/www.pfarrverband-salvator-mundi.de\/wp-content\/uploads\/2025\/02\/512x512_android.png"},{"@type":"BreadcrumbList","@id":"https:\/\/www.pfarrverband-salvator-mundi.de\/erscheinung-des-herrn\/#breadcrumb","itemListElement":[{"@type":"ListItem","position":1,"name":"Home","item":"https:\/\/www.pfarrverband-salvator-mundi.de\/erscheinung-des-herrn\/"},{"@type":"ListItem","position":2,"name":"Startseite Erscheinung des Herrn"}]},{"@type":"WebSite","@id":"https:\/\/www.pfarrverband-salvator-mundi.de\/erscheinung-des-herrn\/#website","url":"https:\/\/www.pfarrverband-salvator-mundi.de\/erscheinung-des-herrn\/","name":"Pfarrei Erscheinung des Herrn","description":"Teil des Pfarrverbands Salvator Mundi","potentialAction":[{"@type":"SearchAction","target":{"@type":"EntryPoint","urlTemplate":"https:\/\/www.pfarrverband-salvator-mundi.de\/erscheinung-des-herrn\/?s={search_term_string}"},"query-input":{"@type":"PropertyValueSpecification","valueRequired":true,"valueName":"search_term_string"}}],"inLanguage":"de"}]}},"_links":{"self":[{"href":"https:\/\/www.pfarrverband-salvator-mundi.de\/erscheinung-des-herrn\/wp-json\/wp\/v2\/pages\/2","targetHints":{"allow":["GET"]}}],"collection":[{"href":"https:\/\/www.pfarrverband-salvator-mundi.de\/erscheinung-des-herrn\/wp-json\/wp\/v2\/pages"}],"about":[{"href":"https:\/\/www.pfarrverband-salvator-mundi.de\/erscheinung-des-herrn\/wp-json\/wp\/v2\/types\/page"}],"author":[{"embeddable":true,"href":"https:\/\/www.pfarrverband-salvator-mundi.de\/erscheinung-des-herrn\/wp-json\/wp\/v2\/users\/1"}],"replies":[{"embeddable":true,"href":"https:\/\/www.pfarrverband-salvator-mundi.de\/erscheinung-des-herrn\/wp-json\/wp\/v2\/comments?post=2"}],"version-history":[{"count":3213,"href":"https:\/\/www.pfarrverband-salvator-mundi.de\/erscheinung-des-herrn\/wp-json\/wp\/v2\/pages\/2\/revisions"}],"predecessor-version":[{"id":14232,"href":"https:\/\/www.pfarrverband-salvator-mundi.de\/erscheinung-des-herrn\/wp-json\/wp\/v2\/pages\/2\/revisions\/14232"}],"wp:attachment":[{"href":"https:\/\/www.pfarrverband-salvator-mundi.de\/erscheinung-des-herrn\/wp-json\/wp\/v2\/media?parent=2"}],"curies":[{"name":"wp","href":"https:\/\/api.w.org\/{rel}","templated":true}]}}