{"id":441,"date":"2016-03-30T19:23:13","date_gmt":"2016-03-30T17:23:13","guid":{"rendered":"http:\/\/www.pfarrverband-salvator-mundi.de\/erscheinung-des-herrn\/?page_id=441"},"modified":"2020-03-11T07:05:10","modified_gmt":"2020-03-11T06:05:10","slug":"gebuehren","status":"publish","type":"page","link":"https:\/\/www.pfarrverband-salvator-mundi.de\/erscheinung-des-herrn\/kindergarten\/gebuehren\/","title":{"rendered":"Geb\u00fchren"},"content":{"rendered":"<h1>Geb\u00fchren<\/h1>\n<p>Ab September 2019 fallen f\u00fcr den Kindergartenbesuch der M\u00fcnchner Kinder keine Besuchsgebu\u0308hren mehr an. Es entstehen f\u00fcr die Eltern lediglich Verpflegungskosten. Alle anderen Besuchsgeb\u00fchren, werden von der Stadt M\u00fcnchen durch einen Beitragszuschuss finanziert.<\/p>\n<h3><strong><br \/>\n<\/strong> Geb\u00fchrentabelle<\/h3>\n<table>\n<colgroup>\n<col width=\"140\" \/>\n<col width=\"140\" \/>\n<col width=\"140\" \/>\n<col width=\"140\" \/> <\/colgroup>\n<tbody>\n<tr>\n<td><strong>Buchungszeit-<br \/>\nkategorie<\/strong><\/td>\n<td><strong>\u00dcber 3 bis<br \/>\n4 Std.<\/strong><\/td>\n<td><strong>\u00dcber 4 bis<br \/>\n5 Std.<\/strong><\/td>\n<td><strong>\u00dcber 5 bis<br \/>\n6 Std.<\/strong><\/td>\n<td><strong>\u00dcber 6 bis 7 Std.<\/strong><\/td>\n<\/tr>\n<tr>\n<td>Elternentgelt<br \/>\nin Euro (Ek-unabh\u00e4ngig<\/td>\n<td>38 \u20ac<\/td>\n<td>48 \u20ac<\/td>\n<td>58 \u20ac<\/td>\n<td>69 \u20ac<\/td>\n<\/tr>\n<tr>\n<td>Tats\u00e4chl. Elternentgelt<br \/>\nnach Abzug des Zuschusses von 100 Euro<\/td>\n<td>0 \u20ac<\/td>\n<td>0 \u20ac<\/td>\n<td>0 \u20ac<\/td>\n<td>0 \u20ac<\/td>\n<\/tr>\n<\/tbody>\n<\/table>\n<table>\n<colgroup>\n<col width=\"140\" \/>\n<col width=\"140\" \/>\n<col width=\"140\" \/>\n<col width=\"140\" \/> <\/colgroup>\n<tbody>\n<tr>\n<td><strong>Buchungszeit-<br \/>\nkategorie<\/strong><\/td>\n<td><strong>\u00dcber 7 bis<br \/>\n8 Std.<\/strong><\/td>\n<td><strong>\u00dcber 8 bis<br \/>\n9 Std.<\/strong><\/td>\n<td><strong>\u00dcber 9 Std.<\/strong><\/td>\n<td><\/td>\n<\/tr>\n<tr>\n<td>Elternentgelt<br \/>\nin Euro (Ek- unabh\u00e4ngig<\/td>\n<td>79 \u20ac<\/td>\n<td>90 \u20ac<\/td>\n<td>100 \u20ac<\/td>\n<td><\/td>\n<\/tr>\n<tr>\n<td>Tats\u00e4chl. Elternentgelt<br \/>\nnach Abzug des Zuschusses von 100 Euro<\/td>\n<td>0 \u20ac<\/td>\n<td>0 \u20ac<\/td>\n<td>0 \u20ac<\/td>\n<td><\/td>\n<\/tr>\n<\/tbody>\n<\/table>\n<h3>Verpflegungspauschale<\/h3>\n<p>Die <strong>monatliche<\/strong> Verpflegungspauschale betr\u00e4gt derzeit <strong>80,00 Euro<\/strong>.<\/p>\n","protected":false},"excerpt":{"rendered":"<p>Geb\u00fchren Ab September 2019 fallen f\u00fcr den Kindergartenbesuch der M\u00fcnchner Kinder keine Besuchsgebu\u0308hren mehr an. Es entstehen f\u00fcr die Eltern lediglich Verpflegungskosten. Alle anderen Besuchsgeb\u00fchren, werden von der Stadt M\u00fcnchen durch einen Beitragszuschuss finanziert. Geb\u00fchrentabelle Buchungszeit- kategorie \u00dcber 3 bis 4 Std. \u00dcber 4 bis 5 Std. \u00dcber 5 bis 6 Std. \u00dcber 6 bis [&hellip;]<\/p>\n","protected":false},"author":1,"featured_media":0,"parent":65,"menu_order":2,"comment_status":"closed","ping_status":"closed","template":"","meta":{"ngg_post_thumbnail":0,"footnotes":""},"class_list":["post-441","page","type-page","status-publish","czr-hentry"],"yoast_head":"<!-- This site is optimized with the Yoast SEO plugin v27.5 - https:\/\/yoast.com\/product\/yoast-seo-wordpress\/ -->\n<title>Geb\u00fchren - Pfarrei Erscheinung des Herrn<\/title>\n<meta name=\"robots\" content=\"index, follow, max-snippet:-1, max-image-preview:large, max-video-preview:-1\" \/>\n<link rel=\"canonical\" href=\"https:\/\/www.pfarrverband-salvator-mundi.de\/erscheinung-des-herrn\/kindergarten\/gebuehren\/\" \/>\n<meta property=\"og:locale\" content=\"de_DE\" \/>\n<meta property=\"og:type\" content=\"article\" \/>\n<meta property=\"og:title\" content=\"Geb\u00fchren - Pfarrei Erscheinung des Herrn\" \/>\n<meta property=\"og:description\" content=\"Geb\u00fchren Ab September 2019 fallen f\u00fcr den Kindergartenbesuch der M\u00fcnchner Kinder keine Besuchsgebu\u0308hren mehr an. Es entstehen f\u00fcr die Eltern lediglich Verpflegungskosten. Alle anderen Besuchsgeb\u00fchren, werden von der Stadt M\u00fcnchen durch einen Beitragszuschuss finanziert. Geb\u00fchrentabelle Buchungszeit- kategorie \u00dcber 3 bis 4 Std. \u00dcber 4 bis 5 Std. \u00dcber 5 bis 6 Std. \u00dcber 6 bis [&hellip;]\" \/>\n<meta property=\"og:url\" content=\"https:\/\/www.pfarrverband-salvator-mundi.de\/erscheinung-des-herrn\/kindergarten\/gebuehren\/\" \/>\n<meta property=\"og:site_name\" content=\"Pfarrei Erscheinung des Herrn\" \/>\n<meta property=\"article:modified_time\" content=\"2020-03-11T06:05:10+00:00\" \/>\n<meta name=\"twitter:card\" content=\"summary_large_image\" \/>\n<meta name=\"twitter:label1\" content=\"Gesch\u00e4tzte Lesezeit\" \/>\n\t<meta name=\"twitter:data1\" content=\"1\u00a0Minute\" \/>\n<script type=\"application\/ld+json\" class=\"yoast-schema-graph\">{\"@context\":\"https:\\\/\\\/schema.org\",\"@graph\":[{\"@type\":\"WebPage\",\"@id\":\"https:\\\/\\\/www.pfarrverband-salvator-mundi.de\\\/erscheinung-des-herrn\\\/kindergarten\\\/gebuehren\\\/\",\"url\":\"https:\\\/\\\/www.pfarrverband-salvator-mundi.de\\\/erscheinung-des-herrn\\\/kindergarten\\\/gebuehren\\\/\",\"name\":\"Geb\u00fchren - Pfarrei Erscheinung des Herrn\",\"isPartOf\":{\"@id\":\"https:\\\/\\\/www.pfarrverband-salvator-mundi.de\\\/erscheinung-des-herrn\\\/#website\"},\"datePublished\":\"2016-03-30T17:23:13+00:00\",\"dateModified\":\"2020-03-11T06:05:10+00:00\",\"breadcrumb\":{\"@id\":\"https:\\\/\\\/www.pfarrverband-salvator-mundi.de\\\/erscheinung-des-herrn\\\/kindergarten\\\/gebuehren\\\/#breadcrumb\"},\"inLanguage\":\"de\",\"potentialAction\":[{\"@type\":\"ReadAction\",\"target\":[\"https:\\\/\\\/www.pfarrverband-salvator-mundi.de\\\/erscheinung-des-herrn\\\/kindergarten\\\/gebuehren\\\/\"]}]},{\"@type\":\"BreadcrumbList\",\"@id\":\"https:\\\/\\\/www.pfarrverband-salvator-mundi.de\\\/erscheinung-des-herrn\\\/kindergarten\\\/gebuehren\\\/#breadcrumb\",\"itemListElement\":[{\"@type\":\"ListItem\",\"position\":1,\"name\":\"Home\",\"item\":\"https:\\\/\\\/www.pfarrverband-salvator-mundi.de\\\/erscheinung-des-herrn\\\/\"},{\"@type\":\"ListItem\",\"position\":2,\"name\":\"Kindergarten\",\"item\":\"https:\\\/\\\/www.pfarrverband-salvator-mundi.de\\\/erscheinung-des-herrn\\\/kindergarten\\\/\"},{\"@type\":\"ListItem\",\"position\":3,\"name\":\"Geb\u00fchren\"}]},{\"@type\":\"WebSite\",\"@id\":\"https:\\\/\\\/www.pfarrverband-salvator-mundi.de\\\/erscheinung-des-herrn\\\/#website\",\"url\":\"https:\\\/\\\/www.pfarrverband-salvator-mundi.de\\\/erscheinung-des-herrn\\\/\",\"name\":\"Pfarrei Erscheinung des Herrn\",\"description\":\"Teil des Pfarrverbands Salvator Mundi\",\"potentialAction\":[{\"@type\":\"SearchAction\",\"target\":{\"@type\":\"EntryPoint\",\"urlTemplate\":\"https:\\\/\\\/www.pfarrverband-salvator-mundi.de\\\/erscheinung-des-herrn\\\/?s={search_term_string}\"},\"query-input\":{\"@type\":\"PropertyValueSpecification\",\"valueRequired\":true,\"valueName\":\"search_term_string\"}}],\"inLanguage\":\"de\"}]}<\/script>\n<!-- \/ Yoast SEO plugin. -->","yoast_head_json":{"title":"Geb\u00fchren - Pfarrei Erscheinung des Herrn","robots":{"index":"index","follow":"follow","max-snippet":"max-snippet:-1","max-image-preview":"max-image-preview:large","max-video-preview":"max-video-preview:-1"},"canonical":"https:\/\/www.pfarrverband-salvator-mundi.de\/erscheinung-des-herrn\/kindergarten\/gebuehren\/","og_locale":"de_DE","og_type":"article","og_title":"Geb\u00fchren - Pfarrei Erscheinung des Herrn","og_description":"Geb\u00fchren Ab September 2019 fallen f\u00fcr den Kindergartenbesuch der M\u00fcnchner Kinder keine Besuchsgebu\u0308hren mehr an. Es entstehen f\u00fcr die Eltern lediglich Verpflegungskosten. Alle anderen Besuchsgeb\u00fchren, werden von der Stadt M\u00fcnchen durch einen Beitragszuschuss finanziert. Geb\u00fchrentabelle Buchungszeit- kategorie \u00dcber 3 bis 4 Std. \u00dcber 4 bis 5 Std. \u00dcber 5 bis 6 Std. \u00dcber 6 bis [&hellip;]","og_url":"https:\/\/www.pfarrverband-salvator-mundi.de\/erscheinung-des-herrn\/kindergarten\/gebuehren\/","og_site_name":"Pfarrei Erscheinung des Herrn","article_modified_time":"2020-03-11T06:05:10+00:00","twitter_card":"summary_large_image","twitter_misc":{"Gesch\u00e4tzte Lesezeit":"1\u00a0Minute"},"schema":{"@context":"https:\/\/schema.org","@graph":[{"@type":"WebPage","@id":"https:\/\/www.pfarrverband-salvator-mundi.de\/erscheinung-des-herrn\/kindergarten\/gebuehren\/","url":"https:\/\/www.pfarrverband-salvator-mundi.de\/erscheinung-des-herrn\/kindergarten\/gebuehren\/","name":"Geb\u00fchren - Pfarrei Erscheinung des Herrn","isPartOf":{"@id":"https:\/\/www.pfarrverband-salvator-mundi.de\/erscheinung-des-herrn\/#website"},"datePublished":"2016-03-30T17:23:13+00:00","dateModified":"2020-03-11T06:05:10+00:00","breadcrumb":{"@id":"https:\/\/www.pfarrverband-salvator-mundi.de\/erscheinung-des-herrn\/kindergarten\/gebuehren\/#breadcrumb"},"inLanguage":"de","potentialAction":[{"@type":"ReadAction","target":["https:\/\/www.pfarrverband-salvator-mundi.de\/erscheinung-des-herrn\/kindergarten\/gebuehren\/"]}]},{"@type":"BreadcrumbList","@id":"https:\/\/www.pfarrverband-salvator-mundi.de\/erscheinung-des-herrn\/kindergarten\/gebuehren\/#breadcrumb","itemListElement":[{"@type":"ListItem","position":1,"name":"Home","item":"https:\/\/www.pfarrverband-salvator-mundi.de\/erscheinung-des-herrn\/"},{"@type":"ListItem","position":2,"name":"Kindergarten","item":"https:\/\/www.pfarrverband-salvator-mundi.de\/erscheinung-des-herrn\/kindergarten\/"},{"@type":"ListItem","position":3,"name":"Geb\u00fchren"}]},{"@type":"WebSite","@id":"https:\/\/www.pfarrverband-salvator-mundi.de\/erscheinung-des-herrn\/#website","url":"https:\/\/www.pfarrverband-salvator-mundi.de\/erscheinung-des-herrn\/","name":"Pfarrei Erscheinung des Herrn","description":"Teil des Pfarrverbands Salvator Mundi","potentialAction":[{"@type":"SearchAction","target":{"@type":"EntryPoint","urlTemplate":"https:\/\/www.pfarrverband-salvator-mundi.de\/erscheinung-des-herrn\/?s={search_term_string}"},"query-input":{"@type":"PropertyValueSpecification","valueRequired":true,"valueName":"search_term_string"}}],"inLanguage":"de"}]}},"_links":{"self":[{"href":"https:\/\/www.pfarrverband-salvator-mundi.de\/erscheinung-des-herrn\/wp-json\/wp\/v2\/pages\/441","targetHints":{"allow":["GET"]}}],"collection":[{"href":"https:\/\/www.pfarrverband-salvator-mundi.de\/erscheinung-des-herrn\/wp-json\/wp\/v2\/pages"}],"about":[{"href":"https:\/\/www.pfarrverband-salvator-mundi.de\/erscheinung-des-herrn\/wp-json\/wp\/v2\/types\/page"}],"author":[{"embeddable":true,"href":"https:\/\/www.pfarrverband-salvator-mundi.de\/erscheinung-des-herrn\/wp-json\/wp\/v2\/users\/1"}],"replies":[{"embeddable":true,"href":"https:\/\/www.pfarrverband-salvator-mundi.de\/erscheinung-des-herrn\/wp-json\/wp\/v2\/comments?post=441"}],"version-history":[{"count":16,"href":"https:\/\/www.pfarrverband-salvator-mundi.de\/erscheinung-des-herrn\/wp-json\/wp\/v2\/pages\/441\/revisions"}],"predecessor-version":[{"id":6565,"href":"https:\/\/www.pfarrverband-salvator-mundi.de\/erscheinung-des-herrn\/wp-json\/wp\/v2\/pages\/441\/revisions\/6565"}],"up":[{"embeddable":true,"href":"https:\/\/www.pfarrverband-salvator-mundi.de\/erscheinung-des-herrn\/wp-json\/wp\/v2\/pages\/65"}],"wp:attachment":[{"href":"https:\/\/www.pfarrverband-salvator-mundi.de\/erscheinung-des-herrn\/wp-json\/wp\/v2\/media?parent=441"}],"curies":[{"name":"wp","href":"https:\/\/api.w.org\/{rel}","templated":true}]}}