{"id":2,"date":"2015-11-10T10:56:30","date_gmt":"2015-11-10T09:56:30","guid":{"rendered":"http:\/\/www.pfarrverband-salvator-mundi.de\/fronleichnam\/?page_id=2"},"modified":"2026-08-28T18:55:09","modified_gmt":"2026-08-28T16:55:09","slug":"fronleichnam","status":"publish","type":"page","link":"https:\/\/www.pfarrverband-salvator-mundi.de\/fronleichnam\/","title":{"rendered":"Startseite Fronleichnam"},"content":{"rendered":"\n<h1 class=\"wp-block-heading\">Herzlich willkommen in der Pfarrgemeinde Fronleichnam!<\/h1>\n\n\n\n<p class=\"has-text-align-left wp-block-paragraph\"><style type=\"text\/css\">\n#foogallery-gallery-9498 { --fg-gutter: 10px; }<\/style>\n\t\t\t<div class=\"foogallery foogallery-container foogallery-default foogallery-lightbox-foobox fg-left fg-default fg-ready fg-light fg-loaded-fade-in fg-no-js\" id=\"foogallery-gallery-9498\" data-foogallery=\"{&quot;item&quot;:{&quot;showCaptionTitle&quot;:false,&quot;showCaptionDescription&quot;:false},&quot;lazy&quot;:true,&quot;src&quot;:&quot;src&quot;,&quot;srcset&quot;:&quot;srcset&quot;}\" style=\"--fg-title-line-clamp: 0; --fg-description-line-clamp: 0;\" >\n\t<div class=\"fg-item fg-type-image fg-loading\"><figure class=\"fg-item-inner\"><a href=\"https:\/\/www.pfarrverband-salvator-mundi.de\/fronleichnam\/wp-content\/uploads\/sites\/2\/2016\/03\/IMG_2238_web.jpg\" data-attachment-id=\"2868\" data-type=\"image\" class=\"fg-thumb\"><span class=\"fg-image-wrap\"><img src=\"https:\/\/www.pfarrverband-salvator-mundi.de\/fronleichnam\/wp-content\/uploads\/sites\/2\/2016\/03\/IMG_2238_web.jpg\" height=\"215\" width=\"215\" class=\"skip-lazy fg-image\" decoding=\"async\" loading=\"lazy\"><\/span><span class=\"fg-image-overlay\"><\/span><\/a><\/figure><div class=\"fg-loader\"><\/div><\/div><div class=\"fg-item fg-type-image fg-loading\"><figure class=\"fg-item-inner\"><a href=\"https:\/\/www.pfarrverband-salvator-mundi.de\/fronleichnam\/wp-content\/uploads\/sites\/2\/2016\/03\/kreuz_kircheinnen_img2226.jpg\" data-attachment-id=\"488\" data-type=\"image\" class=\"fg-thumb\"><span class=\"fg-image-wrap\"><img src=\"https:\/\/www.pfarrverband-salvator-mundi.de\/fronleichnam\/wp-content\/uploads\/sites\/2\/2016\/03\/kreuz_kircheinnen_img2226.jpg\" height=\"215\" width=\"215\" class=\"skip-lazy fg-image\" decoding=\"async\" loading=\"lazy\"><\/span><span class=\"fg-image-overlay\"><\/span><\/a><\/figure><div class=\"fg-loader\"><\/div><\/div><div class=\"fg-item fg-type-image fg-loading\"><figure class=\"fg-item-inner\"><a href=\"https:\/\/www.pfarrverband-salvator-mundi.de\/fronleichnam\/wp-content\/uploads\/sites\/2\/2022\/04\/Sonntagsgruss_IMG_2207.jpg\" data-attachment-id=\"13416\" data-type=\"image\" class=\"fg-thumb\"><span class=\"fg-image-wrap\"><img src=\"https:\/\/www.pfarrverband-salvator-mundi.de\/fronleichnam\/wp-content\/uploads\/sites\/2\/2022\/04\/Sonntagsgruss_IMG_2207.jpg\" height=\"215\" width=\"215\" class=\"skip-lazy fg-image\" decoding=\"async\" loading=\"lazy\"><\/span><span class=\"fg-image-overlay\"><\/span><\/a><\/figure><div class=\"fg-loader\"><\/div><\/div><\/div>\n<style type=\"text\/css\">#foogallery-gallery-9498 {\r\npadding-left: 0;\r\npadding-bottom: 10px;\r\n}<\/style><\/p>\n\n\n\n<hr class=\"wp-block-separator has-alpha-channel-opacity\"\/>\n\n\n\n<figure class=\"wp-block-image size-full is-resized\"><img decoding=\"async\" src=\"https:\/\/www.pfarrverband-salvator-mundi.de\/wp-content\/uploads\/2024\/07\/Banner-Sommergruss-2024_web.jpg\" alt=\"\" class=\"wp-image-8215\" style=\"width:840px;height:auto\"\/><\/figure>\n\n\n\n<h2 class=\"wp-block-heading has-text-align-center\"><span style=\"color: #997e00;\">APP JETZT HERUNTERLADEN<\/span><\/h2>\n\n\n\n<div class=\"wp-block-media-text is-stacked-on-mobile\" style=\"grid-template-columns:15% auto\"><figure class=\"wp-block-media-text__media\"><img decoding=\"async\" src=\"https:\/\/www.pfarrverband-salvator-mundi.de\/wp-content\/uploads\/2025\/02\/512x512_android.png\" alt=\"\" class=\"wp-image-8395 size-full\"\/><\/figure><div class=\"wp-block-media-text__content\">\n<p class=\"has-medium-font-size wp-block-paragraph\"><strong>Ab sofort k\u00f6nnen Sie die neue Version der Salvator Mundi App f\u00fcr Ihr Smartphone (Apple oder Android) herunterladen. <\/strong><\/p>\n<\/div><\/div>\n\n\n\n<figure class=\"wp-block-table is-style-stripes\"><table class=\"has-fixed-layout\"><tbody><tr><td class=\"has-text-align-center\" data-align=\"center\"><a href=\"https:\/\/apps.apple.com\/de\/app\/salvator-mundi\/id6741048885\" target=\"_blank\" rel=\"noreferrer noopener\"><img decoding=\"async\" class=\"wp-image-8397\" style=\"width: 200px;\" src=\"https:\/\/www.pfarrverband-salvator-mundi.de\/wp-content\/uploads\/2025\/02\/Download_on_the_App_Store_Badge_DE_RGB_blk_092917.png\" alt=\"\"><\/a><\/td><td class=\"has-text-align-center\" data-align=\"center\"><a href=\"https:\/\/play.google.com\/store\/apps\/details?id=com.goodbarber.salvatormundi1&amp;hl=de\" target=\"_blank\" rel=\"noreferrer noopener\"><img decoding=\"async\" class=\"wp-image-8396\" style=\"width: 200px;\" src=\"https:\/\/www.pfarrverband-salvator-mundi.de\/wp-content\/uploads\/2025\/02\/GetItOnGooglePlay_Badge_Web_color_German.png\" alt=\"\"><\/a><\/td><\/tr><tr><td class=\"has-text-align-center\" data-align=\"center\"><a href=\"https:\/\/apps.apple.com\/de\/app\/salvator-mundi\/id6741048885\" target=\"_blank\" rel=\"noreferrer noopener\"><img decoding=\"async\" class=\"wp-image-8399\" style=\"width: 200px;\" src=\"https:\/\/www.pfarrverband-salvator-mundi.de\/wp-content\/uploads\/2025\/02\/SalvatorMundi-iOS-png.png\" alt=\"\"><\/a><\/td><td class=\"has-text-align-center\" data-align=\"center\"><a href=\"https:\/\/play.google.com\/store\/apps\/details?id=com.goodbarber.salvatormundi1&amp;hl=de\" target=\"_blank\" rel=\"noreferrer noopener\"><img decoding=\"async\" class=\"wp-image-8398\" style=\"width: 200px;\" src=\"https:\/\/www.pfarrverband-salvator-mundi.de\/wp-content\/uploads\/2025\/02\/SalvatorMundi-Android-png.png\" alt=\"\"><\/a><\/td><\/tr><\/tbody><\/table><\/figure>\n\n\n\n<hr class=\"wp-block-separator has-alpha-channel-opacity\"\/>\n\n\n\n<h2 class=\"wp-block-heading\"><span style=\"color: #3a7910;\">AKTUELLES F\u00dcR DIE PFARREI<\/span><\/h2>\n\n\n\n<hr class=\"wp-block-separator has-alpha-channel-opacity\"\/>\n\n\n\n<h3 class=\"wp-block-heading\"><span style=\"color: #3a7910;\">Open-Air-Jugendgottesdienst<\/span><\/h3>\n\n\n\n<div class=\"wp-block-media-text is-stacked-on-mobile\" style=\"grid-template-columns:57% auto\"><figure class=\"wp-block-media-text__media\"><a href=\"https:\/\/www.pfarrverband-salvator-mundi.de\/fronleichnam\/wp-content\/uploads\/sites\/2\/2026\/08\/PlakatJuGo26.jpg\"><img loading=\"lazy\" decoding=\"async\" width=\"707\" height=\"1000\" src=\"https:\/\/www.pfarrverband-salvator-mundi.de\/fronleichnam\/wp-content\/uploads\/sites\/2\/2026\/08\/PlakatJuGo26.jpg\" alt=\"\" class=\"wp-image-18826 size-full\" srcset=\"https:\/\/www.pfarrverband-salvator-mundi.de\/fronleichnam\/wp-content\/uploads\/sites\/2\/2026\/08\/PlakatJuGo26.jpg 707w, https:\/\/www.pfarrverband-salvator-mundi.de\/fronleichnam\/wp-content\/uploads\/sites\/2\/2026\/08\/PlakatJuGo26-212x300.jpg 212w\" sizes=\"auto, (max-width: 707px) 100vw, 707px\" \/><\/a><\/figure><div class=\"wp-block-media-text__content\">\n<p class=\"has-medium-font-size wp-block-paragraph\">am<br>19. September 2026 um 18:30 Uhr<br>im Pfarrgarten Fronleichnam,<br>Senftenauer Stra\u00dfe 111<br>80689 M\u00fcnchen<\/p>\n\n\n\n<ul class=\"wp-block-list\">\n<li><em>Bei schlechtem Wetter in der Kirche<\/em><\/li>\n\n\n\n<li>Musikalisch gestaltet von der Chorgemeinschaft<br>Fronleichnam and friends.<\/li>\n\n\n\n<li>Musikalisch gestaltet von der Chorgemeinschaft<br>Fronleichnam and friends.<\/li>\n\n\n\n<li>Offene Probe am Donnerstag, 1.9.26 um 19:50 Uhr im Pfarrsaal Fronleichnam.<\/li>\n<\/ul>\n<\/div><\/div>\n\n\n\n<hr class=\"wp-block-separator has-alpha-channel-opacity is-style-dots\"\/>\n\n\n\n<h3 class=\"wp-block-heading\"><span style=\"color: #3a7910;\">BASAR Fronleichnam &#8211; Alles rund ums Kind<\/span><\/h3>\n\n\n\n<div class=\"wp-block-media-text has-media-on-the-right is-stacked-on-mobile\" style=\"grid-template-columns:auto 45%\"><div class=\"wp-block-media-text__content\">\n<p class=\"has-medium-font-size wp-block-paragraph\"><strong>Samstag, 10. Oktober 2026 <br>von 09:00 bis 12:00 Uhr<\/strong><br><br>Pfarrsaal Fronleichnam<br>Senftenauerstr. 111, 80689 M\u00fcnchen<br><\/p>\n\n\n\n<p class=\"has-medium-font-size wp-block-paragraph\">Verkauf von:<br>Kinderbekleidung (Gr\u00f6\u00dfe 50-176; Herbst\/Winter), Schuhe, Umstandsmode, Spielsachen, B\u00fccher, Wintersport, Kinderwagen, Autositze, etc.<\/p>\n\n\n\n<p class=\"wp-block-paragraph\">Sie m\u00f6chten als Verk\u00e4ufer mitmachen?<\/p>\n\n\n\n<p class=\"wp-block-paragraph\">Anmeldung zum Verkauf erfolgt ausschlie\u00dflich \u00fcber das Portal easybasar.<\/p>\n\n\n\n<p class=\"wp-block-paragraph\"><em>Die Verk\u00e4ufer-Nummernvergabe startet am Donnerstag, den 17. September 2026 um 20:00 Uhr.<\/em><\/p>\n\n\n\n<p class=\"wp-block-paragraph\">Daf\u00fcr bitte vorab im Portal unter <a href=\"https:\/\/www.easybasar.de\">www.easybasar.de<\/a> registrieren.<\/p>\n\n\n\n<p class=\"wp-block-paragraph\"><a href=\"https:\/\/www.pfarrverband-salvator-mundi.de\/fronleichnam\/kinder-und-familien\/kinderkleiderbasar\/\" data-type=\"page\" data-id=\"17795\">Weitere Infos<\/a><\/p>\n<\/div><figure class=\"wp-block-media-text__media\"><a href=\"https:\/\/www.pfarrverband-salvator-mundi.de\/fronleichnam\/wp-content\/uploads\/sites\/2\/2026\/08\/Basar-Oktober26.jpg\"><img loading=\"lazy\" decoding=\"async\" width=\"714\" height=\"1000\" src=\"https:\/\/www.pfarrverband-salvator-mundi.de\/fronleichnam\/wp-content\/uploads\/sites\/2\/2026\/08\/Basar-Oktober26.jpg\" alt=\"\" class=\"wp-image-18836 size-full\" srcset=\"https:\/\/www.pfarrverband-salvator-mundi.de\/fronleichnam\/wp-content\/uploads\/sites\/2\/2026\/08\/Basar-Oktober26.jpg 714w, https:\/\/www.pfarrverband-salvator-mundi.de\/fronleichnam\/wp-content\/uploads\/sites\/2\/2026\/08\/Basar-Oktober26-214x300.jpg 214w\" sizes=\"auto, (max-width: 714px) 100vw, 714px\" \/><\/a><\/figure><\/div>\n\n\n\n<hr class=\"wp-block-separator has-alpha-channel-opacity is-style-dots\"\/>\n\n\n\n<h3 class=\"wp-block-heading\"><span style=\"color: #3a7910;\">Projektchor \/-band unter der Leitung von Carl Seebode <\/span><br><span style=\"color: #3a7910;\">zur musikalischen Gestaltung der Firmung<\/span><\/h3>\n\n\n\n<div class=\"wp-block-media-text is-stacked-on-mobile\" style=\"grid-template-columns:48% auto\"><figure class=\"wp-block-media-text__media\"><a href=\"https:\/\/www.pfarrverband-salvator-mundi.de\/st-willibald\/wp-content\/uploads\/sites\/4\/2026\/08\/FlyerProjektchor.png\"><img decoding=\"async\" src=\"https:\/\/www.pfarrverband-salvator-mundi.de\/st-willibald\/wp-content\/uploads\/sites\/4\/2026\/08\/FlyerProjektchor.png\" alt=\"\" class=\"wp-image-19292 size-full\"\/><\/a><\/figure><div class=\"wp-block-media-text__content\">\n<p class=\"has-medium-font-size wp-block-paragraph\"><strong>17. Oktober 2026<br>um 10 Uhr in St. Willibald<\/strong><\/p>\n\n\n\n<p class=\"wp-block-paragraph\">Wenn du gerne singst und\/oder ein Instrument spielst, sei dabei!<\/p>\n\n\n\n<ul class=\"wp-block-list\">\n<li><strong>Anmeldung<\/strong> unter <a href=\"mailto:cfd@edobees.de\" target=\"_blank\" rel=\"noreferrer noopener\">cfd@edobees.de<\/a><\/li>\n\n\n\n<li><strong>1. Probe<\/strong> am Mittwoch, 7.10.26 um 19:30 Uhr<br>im Pfarrsaal Fronleichnam<\/li>\n\n\n\n<li><strong>2. Probe<\/strong> am Montag, 12.10.26 um 19:30 Uhr im<br>Ptarrsaal St. Willibald<\/li>\n\n\n\n<li><strong>Einsingen<\/strong>: Samstag, 17.10.26 um 9:00 Uhr in der Pfarrkirche St. Willibald<\/li>\n<\/ul>\n\n\n\n<p class=\"wp-block-paragraph\"><em>Carl Seebode, Evgenia Fast, Tobias Schmid<\/em><\/p>\n<\/div><\/div>\n\n\n\n<hr class=\"wp-block-separator has-alpha-channel-opacity is-style-dots\"\/>\n\n\n\n<h3 class=\"wp-block-heading\"><span style=\"color: #3a7910;\">Jahreskrippe &#8211; Aktuelles Thema: <strong><strong><strong>Das Gleichnis von den Arbeitern im Weinberg<\/strong><\/strong><\/strong><\/span><\/h3>\n\n\n<div class=\"wp-block-image\">\n<figure class=\"aligncenter size-full\"><a href=\"https:\/\/www.pfarrverband-salvator-mundi.de\/fronleichnam\/wp-content\/uploads\/sites\/2\/2026\/07\/Krippe-Juli26.jpg\"><img loading=\"lazy\" decoding=\"async\" width=\"1024\" height=\"415\" src=\"https:\/\/www.pfarrverband-salvator-mundi.de\/fronleichnam\/wp-content\/uploads\/sites\/2\/2026\/07\/Krippe-Juli26.jpg\" alt=\"\" class=\"wp-image-18773\" srcset=\"https:\/\/www.pfarrverband-salvator-mundi.de\/fronleichnam\/wp-content\/uploads\/sites\/2\/2026\/07\/Krippe-Juli26.jpg 1024w, https:\/\/www.pfarrverband-salvator-mundi.de\/fronleichnam\/wp-content\/uploads\/sites\/2\/2026\/07\/Krippe-Juli26-300x122.jpg 300w, https:\/\/www.pfarrverband-salvator-mundi.de\/fronleichnam\/wp-content\/uploads\/sites\/2\/2026\/07\/Krippe-Juli26-768x311.jpg 768w\" sizes=\"auto, (max-width: 1024px) 100vw, 1024px\" \/><\/a><\/figure>\n<\/div>\n\n\n<p class=\"has-text-align-left wp-block-paragraph\"><em>Matth\u00e4us 20,1-16<\/em><\/p>\n\n\n\n<div class=\"wp-block-group\"><div class=\"wp-block-group__inner-container is-layout-constrained wp-block-group-is-layout-constrained\">\n<p class=\"wp-block-paragraph\">Im Gleichnis von den Arbeitern im Weinberg heuert ein Gutsbesitzer den ganzen Tag \u00fcber Arbeiter an.<br>Obwohl manche nur eine Stunde arbeiten, zahlt er allen denselben Tageslohn.<br>Die zuerst Eingestellten protestieren, doch der Besitzer betont seine Gro\u00dfz\u00fcgigkeit.<\/p>\n\n\n\n<p class=\"wp-block-paragraph\">Es wird hier Gottes bedingungslose Gnade beschrieben.<br>Sie gilt allen, unabh\u00e4ngig von menschlichen Leistungsma\u00dfst\u00e4ben.<br>Es verdeutlicht, dass Gottes Liebe und Erl\u00f6sung unverdiente Geschenke sind und nicht durch menschliche Leistung aufgerechnet werden.<\/p>\n<\/div><\/div>\n\n\n\n<hr class=\"wp-block-separator has-alpha-channel-opacity\"\/>\n\n\n\n<h2 class=\"wp-block-heading\"><span style=\"color: #3a7910;\">THEMEN AUS DEM PFARRVERBAND<\/span><\/h2>\n\n\n\n<hr class=\"wp-block-separator has-alpha-channel-opacity\"\/>\n\n\n\n<h3 class=\"wp-block-heading\"><span style=\"color: #997e00;\">Bergmesse auf den Wallberg am Tegernsee am Samstag, 12. September 2026<\/span><\/h3>\n\n\n\n<div class=\"wp-block-media-text has-media-on-the-right is-stacked-on-mobile is-vertically-aligned-top\" style=\"grid-template-columns:auto 28%\"><div class=\"wp-block-media-text__content\">\n<p class=\"wp-block-paragraph\">Der Wallberg am Tegernsee bietet ein herrliches Panorama und ist das Ziel unserer diesj\u00e4hrigen Bergmesse.<\/p>\n\n\n\n<p class=\"wp-block-paragraph\">Von der Talstation zur Bergstation betr\u00e4gt die Gehzeit etwa 2,5 Stunden. Die Wanderung ist einfach und auch f\u00fcr weniger ge\u00fcbte Wanderinnen und Wanderer gut geeignet.<\/p>\n\n\n\n<p class=\"wp-block-paragraph\">Von der Bergstation auf <strong>1.620 m<\/strong> erreichen Sie:<\/p>\n\n\n\n<ul class=\"wp-block-list\">\n<li>das Wallbergkircherl in etwa 5 Gehminuten (Weg Nr. 618),<\/li>\n\n\n\n<li>den Gipfel auf <strong>1.722 m<\/strong> in etwa 30 Minuten \u00fcber den mittelschweren Weg Nr. 618.<\/li>\n<\/ul>\n\n\n\n<p class=\"wp-block-paragraph\">Wer sich den Aufstieg erleichtern m\u00f6chte, kann die Wallbergbahn nutzen und bequem zur Bergstation gelangen. Die aktuellen Fahrpreise sowie weitere Informationen finden Sie auf der Internetseite der Wallbergbahn: <a href=\"https:\/\/www.wallbergbahn.de\/de\/berg-talfahrten.html\" target=\"_blank\" rel=\"noreferrer noopener\">Wallbergbahn Tegernsee<\/a>.<\/p>\n\n\n\n<h2 class=\"wp-block-heading\">Tagesablauf<\/h2>\n\n\n\n<ul class=\"wp-block-list\">\n<li>09:15 bis 09:30 Uhr: Abmarsch an der Talstation<\/li>\n\n\n\n<li>12:00 Uhr: Bergmesse am Wallbergkircherl<\/li>\n\n\n\n<li>Musikalische Gestaltung durch das <strong>Willibalder Quartett mit Posaune und Trompete<\/strong><\/li>\n\n\n\n<li>anschlie\u00dfend Einkehr im Panoramarestaurant an der Bergstation oder im Alten Wallberghaus (ca. 15 Gehminuten von der Bergstation entfernt)<\/li>\n\n\n\n<li>16:30 Uhr: Abfahrt des Busses an der Talstation<\/li>\n\n\n\n<li>ca. 18:00 Uhr: Ankunft zu Hause<\/li>\n<\/ul>\n\n\n\n<h2 class=\"wp-block-heading\">Busfahrt<\/h2>\n\n\n\n<p class=\"wp-block-paragraph\">F\u00fcr die An- und R\u00fcckreise steht wie gewohnt ein Bus zur Verf\u00fcgung.<\/p>\n\n\n\n<p class=\"wp-block-paragraph\"><strong>Abfahrtszeiten:<\/strong><\/p>\n\n\n\n<ul class=\"wp-block-list\">\n<li>07:30 Uhr: St. Willibald<\/li>\n\n\n\n<li>07:45 Uhr: Fronleichnam<\/li>\n\n\n\n<li>07:55 Uhr: Erscheinung des Herrn<\/li>\n<\/ul>\n\n\n\n<p class=\"wp-block-paragraph\"><strong>Kosten:<\/strong> 10,00 \u20ac pro Person, Kinder zahlen die H\u00e4lfte.<\/p>\n\n\n\n<p class=\"wp-block-paragraph\"><strong>Festes Schuhwerk und Wanderst\u00f6cke werden empfohlen.<\/strong><\/p>\n\n\n\n<h2 class=\"wp-block-heading\">Anmeldung<\/h2>\n\n\n\n<p class=\"wp-block-paragraph\">Zur besseren Planung bitten wir um Anmeldung<strong> bis sp\u00e4testens 07. September 2026<\/strong> in einem der Pfarrb\u00fcros.<\/p>\n\n\n\n<h3 class=\"wp-block-heading\">Pfarrb\u00fcro Fronleichnam<\/h3>\n\n\n\n<p class=\"wp-block-paragraph\">Senftenauerstra\u00dfe 111<br>80689 M\u00fcnchen<br>Tel. 089 \/ 74 01 42-0<br>E-Mail: Fronleichnam.muenchen@ebmuc.de<\/p>\n\n\n\n<h3 class=\"wp-block-heading\">Pfarrb\u00fcro Erscheinung des Herrn<\/h3>\n\n\n\n<p class=\"wp-block-paragraph\">Terofalstra\u00dfe 66<br>80689 M\u00fcnchen<br>Tel. 089 \/ 700 766-6<br>E-Mail: erscheinung-des-herrn.muenchen@ebmuc.de<\/p>\n\n\n\n<h3 class=\"wp-block-heading\">Pfarrb\u00fcro St. Willibald<\/h3>\n\n\n\n<p class=\"wp-block-paragraph\">Agnes-Bernauer-Stra\u00dfe 181<br>80687 M\u00fcnchen<br>Tel. 089 \/ 54 67 37 0<br>E-Mail: st-willibald-muenchen@ebmuc.de<\/p>\n\n\n\n<p class=\"wp-block-paragraph\">Wir w\u00fcnschen allen Teilnehmerinnen und Teilnehmern eine sch\u00f6ne Bergmesse, gutes Wetter und einen erlebnisreichen Tag auf dem Wallberg!<\/p>\n<\/div><figure class=\"wp-block-media-text__media\"><a href=\"https:\/\/www.pfarrverband-salvator-mundi.de\/wp-content\/uploads\/2026\/08\/2026-09_12_Bergmesse_Wallberg.pdf\" target=\"_blank\" rel=\" noreferrer noopener\"><img decoding=\"async\" src=\"https:\/\/www.pfarrverband-salvator-mundi.de\/wp-content\/uploads\/2026\/08\/2026-09_12_Bergmesse_Wallberg.jpg\" alt=\"\" class=\"wp-image-8847 size-full\"\/><\/a><\/figure><\/div>\n\n\n\n<hr class=\"wp-block-separator has-alpha-channel-opacity is-style-dots\"\/>\n\n\n\n<h3 class=\"wp-block-heading\"><span style=\"color: #997e00;\">Wortgottesdienst-Team<\/span><\/h3>\n\n\n\n<div class=\"wp-block-media-text is-stacked-on-mobile\"><figure class=\"wp-block-media-text__media\"><img decoding=\"async\" src=\"https:\/\/www.pfarrverband-salvator-mundi.de\/wp-content\/uploads\/2025\/01\/WoGO-Team_2024.jpg\" alt=\"\" class=\"wp-image-8353 size-full\"\/><\/figure><div class=\"wp-block-media-text__content\">\n<p class=\"wp-block-paragraph\"><strong>Nach drei Jahren gemeinsamem Weg nun die offizielle Beauftragung durch Generalvikar Christoph Klingan am 24.11.2024 in St. Willibald.<\/strong><\/p>\n\n\n\n<p class=\"wp-block-paragraph\">Wie es dazu kam und wer im Team ist, erfahren Sie hier: <a href=\"https:\/\/www.pfarrverband-salvator-mundi.de\/wortgottesdienst-team\/\">Weiterlesen<\/a><\/p>\n<\/div><\/div>\n\n\n\n<hr class=\"wp-block-separator has-alpha-channel-opacity is-style-dots\"\/>\n\n\n\n<h3 class=\"wp-block-heading\"><span style=\"color: #3a7910;\">Weitere Links der Erzdi\u00f6zese M\u00fcnchen und Freising<\/span><\/h3>\n\n\n\n<p class=\"wp-block-paragraph\"><strong>Die Seite unseres Erzbistums<\/strong><br><a href=\"https:\/\/www.erzbistum-muenchen.de\/\" target=\"_blank\" rel=\"noopener\">www.erzbistum-muenchen.de<\/a><\/p>\n\n\n\n<p class=\"wp-block-paragraph\"><strong>Gottesdienste Livestream \u2028<\/strong><br><a href=\"https:\/\/www.erzbistum-muenchen.de\/stream\" target=\"_blank\" rel=\"noopener noreferrer\">www.erzbistum-muenchen.de\/stream<\/a><\/p>\n\n\n\n<p class=\"wp-block-paragraph\"><strong>Online Ehe- Familien- und Lebensberatung<\/strong><br><a href=\"https:\/\/bayern.onlineberatung-efl.de\/ueber-uns.html\" target=\"_blank\" rel=\"noopener noreferrer\">bayern.onlineberatung-efl.de\/ueber-uns<\/a><\/p>\n\n\n\n<hr class=\"wp-block-separator has-alpha-channel-opacity\"\/>\n\n\n\n<h3 class=\"wp-block-heading\"><span style=\"color: #3a7910;\">Alle Termine auch auf unserer App, <\/span><span style=\"color: #3a7910;\">Videos und Live-Streams auf unserem YouTube-Kanal<\/span><\/h3>\n\n\n\n<p class=\"wp-block-paragraph\">Regelm\u00e4\u00dfige Termine, Gottesdienste, Chorproben oder Sportangebote als Datei, aber auch der aktuelle Pfarrbrief f\u00fcr die jeweils kommende Woche k\u00f6nnen auch unterwegs abgerufen werden.<br>Alle Videos, die wir bisher f\u00fcr Sie erstellt haben, k\u00f6nnen Sie sich jederzeit auf Youtube ansehen. Es ist keine Anmeldung n\u00f6tig. Wir freuen uns, wenn Sie dabei sind!<\/p>\n\n\n\n<h4 class=\"wp-block-heading\"><a href=\"https:\/\/play.google.com\/store\/apps\/details?id=de.pfarrverband.salvatormundi.meineapp\" target=\"_blank\" rel=\"noopener noreferrer\"><img loading=\"lazy\" decoding=\"async\" class=\"alignnone size-full wp-image-5665\" src=\"https:\/\/www.pfarrverband-salvator-mundi.de\/fronleichnam\/wp-content\/uploads\/sites\/2\/2018\/10\/google-play-badge.png\" alt=\"\" width=\"155\" height=\"60\"><\/a>&nbsp;&nbsp; <a href=\"https:\/\/itunes.apple.com\/us\/app\/pfarrverband-salvator-mundi\/id1437369000?l=de&amp;ls=1&amp;mt=8\" target=\"_blank\" rel=\"noopener noreferrer\"><img loading=\"lazy\" decoding=\"async\" class=\"alignnone size-full wp-image-5666\" src=\"https:\/\/www.pfarrverband-salvator-mundi.de\/fronleichnam\/wp-content\/uploads\/sites\/2\/2018\/10\/Download_on_the_App_Store_Badge_DE_blk_092917.png\" alt=\"\" width=\"155\" height=\"60\"><\/a><a href=\"https:\/\/www.youtube.com\/channel\/UCDo6NC3MugslL9O1eo70rtg\/videos\" target=\"_blank\" rel=\"noopener\"><img loading=\"lazy\" decoding=\"async\" class=\"alignnone size-full wp-image-13867\" src=\"https:\/\/www.pfarrverband-salvator-mundi.de\/st-willibald\/wp-content\/uploads\/sites\/4\/2022\/01\/youtube-logo_klein.png\" alt=\"\" width=\"155\" height=\"60\"><\/a><\/h4>\n","protected":false},"excerpt":{"rendered":"<p>Herzlich willkommen in der Pfarrgemeinde Fronleichnam! APP JETZT HERUNTERLADEN Ab sofort k\u00f6nnen Sie die neue Version der Salvator Mundi App f\u00fcr Ihr Smartphone (Apple oder Android) herunterladen. AKTUELLES F\u00dcR DIE PFARREI Open-Air-Jugendgottesdienst BASAR Fronleichnam &#8211; Alles rund ums Kind Samstag, 10. Oktober 2026 von 09:00 bis 12:00 Uhr Pfarrsaal FronleichnamSenftenauerstr. 111, 80689 M\u00fcnchen Verkauf von:Kinderbekleidung [&hellip;]<\/p>\n","protected":false},"author":1,"featured_media":0,"parent":0,"menu_order":1,"comment_status":"closed","ping_status":"closed","template":"custom-page.php","meta":{"ngg_post_thumbnail":0,"footnotes":""},"class_list":["post-2","page","type-page","status-publish","czr-hentry"],"yoast_head":"<!-- This site is optimized with the Yoast SEO plugin v28.4 - https:\/\/yoast.com\/product\/yoast-seo-wordpress\/ -->\n<title>Startseite Fronleichnam - Pfarrei Fronleichnam<\/title>\n<meta name=\"robots\" content=\"index, follow, max-snippet:-1, max-image-preview:large, max-video-preview:-1\" \/>\n<link rel=\"canonical\" href=\"https:\/\/www.pfarrverband-salvator-mundi.de\/fronleichnam\/\" \/>\n<meta property=\"og:locale\" content=\"de_DE\" \/>\n<meta property=\"og:type\" content=\"article\" \/>\n<meta property=\"og:title\" content=\"Startseite Fronleichnam - Pfarrei Fronleichnam\" \/>\n<meta property=\"og:description\" content=\"Herzlich willkommen in der Pfarrgemeinde Fronleichnam! APP JETZT HERUNTERLADEN Ab sofort k\u00f6nnen Sie die neue Version der Salvator Mundi App f\u00fcr Ihr Smartphone (Apple oder Android) herunterladen. AKTUELLES F\u00dcR DIE PFARREI Open-Air-Jugendgottesdienst BASAR Fronleichnam &#8211; Alles rund ums Kind Samstag, 10. Oktober 2026 von 09:00 bis 12:00 Uhr Pfarrsaal FronleichnamSenftenauerstr. 111, 80689 M\u00fcnchen Verkauf von:Kinderbekleidung [&hellip;]\" \/>\n<meta property=\"og:url\" content=\"https:\/\/www.pfarrverband-salvator-mundi.de\/fronleichnam\/\" \/>\n<meta property=\"og:site_name\" content=\"Pfarrei Fronleichnam\" \/>\n<meta property=\"article:modified_time\" content=\"2026-08-28T16:55:09+00:00\" \/>\n<meta property=\"og:image\" content=\"https:\/\/www.pfarrverband-salvator-mundi.de\/wp-content\/uploads\/2024\/07\/Banner-Sommergruss-2024_web.jpg\" \/>\n<meta name=\"twitter:card\" content=\"summary_large_image\" \/>\n<meta name=\"twitter:label1\" content=\"Gesch\u00e4tzte Lesezeit\" \/>\n\t<meta name=\"twitter:data1\" content=\"7\u00a0Minuten\" \/>\n<script type=\"application\/ld+json\" class=\"yoast-schema-graph\">{\"@context\":\"https:\\\/\\\/schema.org\",\"@graph\":[{\"@type\":\"WebPage\",\"@id\":\"https:\\\/\\\/www.pfarrverband-salvator-mundi.de\\\/fronleichnam\\\/\",\"url\":\"https:\\\/\\\/www.pfarrverband-salvator-mundi.de\\\/fronleichnam\\\/\",\"name\":\"Startseite Fronleichnam - Pfarrei Fronleichnam\",\"isPartOf\":{\"@id\":\"https:\\\/\\\/www.pfarrverband-salvator-mundi.de\\\/fronleichnam\\\/#website\"},\"primaryImageOfPage\":{\"@id\":\"https:\\\/\\\/www.pfarrverband-salvator-mundi.de\\\/fronleichnam\\\/#primaryimage\"},\"image\":{\"@id\":\"https:\\\/\\\/www.pfarrverband-salvator-mundi.de\\\/fronleichnam\\\/#primaryimage\"},\"thumbnailUrl\":\"https:\\\/\\\/www.pfarrverband-salvator-mundi.de\\\/wp-content\\\/uploads\\\/2024\\\/07\\\/Banner-Sommergruss-2024_web.jpg\",\"datePublished\":\"2015-11-10T09:56:30+00:00\",\"dateModified\":\"2026-08-28T16:55:09+00:00\",\"breadcrumb\":{\"@id\":\"https:\\\/\\\/www.pfarrverband-salvator-mundi.de\\\/fronleichnam\\\/#breadcrumb\"},\"inLanguage\":\"de\",\"potentialAction\":[{\"@type\":\"ReadAction\",\"target\":[\"https:\\\/\\\/www.pfarrverband-salvator-mundi.de\\\/fronleichnam\\\/\"]}]},{\"@type\":\"ImageObject\",\"inLanguage\":\"de\",\"@id\":\"https:\\\/\\\/www.pfarrverband-salvator-mundi.de\\\/fronleichnam\\\/#primaryimage\",\"url\":\"https:\\\/\\\/www.pfarrverband-salvator-mundi.de\\\/wp-content\\\/uploads\\\/2024\\\/07\\\/Banner-Sommergruss-2024_web.jpg\",\"contentUrl\":\"https:\\\/\\\/www.pfarrverband-salvator-mundi.de\\\/wp-content\\\/uploads\\\/2024\\\/07\\\/Banner-Sommergruss-2024_web.jpg\"},{\"@type\":\"BreadcrumbList\",\"@id\":\"https:\\\/\\\/www.pfarrverband-salvator-mundi.de\\\/fronleichnam\\\/#breadcrumb\",\"itemListElement\":[{\"@type\":\"ListItem\",\"position\":1,\"name\":\"Home\",\"item\":\"https:\\\/\\\/www.pfarrverband-salvator-mundi.de\\\/fronleichnam\\\/\"},{\"@type\":\"ListItem\",\"position\":2,\"name\":\"Startseite Fronleichnam\"}]},{\"@type\":\"WebSite\",\"@id\":\"https:\\\/\\\/www.pfarrverband-salvator-mundi.de\\\/fronleichnam\\\/#website\",\"url\":\"https:\\\/\\\/www.pfarrverband-salvator-mundi.de\\\/fronleichnam\\\/\",\"name\":\"Pfarrei Fronleichnam\",\"description\":\"Teil des Pfarrverbands Salvator Mundi\",\"potentialAction\":[{\"@type\":\"SearchAction\",\"target\":{\"@type\":\"EntryPoint\",\"urlTemplate\":\"https:\\\/\\\/www.pfarrverband-salvator-mundi.de\\\/fronleichnam\\\/?s={search_term_string}\"},\"query-input\":{\"@type\":\"PropertyValueSpecification\",\"valueRequired\":true,\"valueName\":\"search_term_string\"}}],\"inLanguage\":\"de\"}]}<\/script>\n<!-- \/ Yoast SEO plugin. -->","yoast_head_json":{"title":"Startseite Fronleichnam - Pfarrei Fronleichnam","robots":{"index":"index","follow":"follow","max-snippet":"max-snippet:-1","max-image-preview":"max-image-preview:large","max-video-preview":"max-video-preview:-1"},"canonical":"https:\/\/www.pfarrverband-salvator-mundi.de\/fronleichnam\/","og_locale":"de_DE","og_type":"article","og_title":"Startseite Fronleichnam - Pfarrei Fronleichnam","og_description":"Herzlich willkommen in der Pfarrgemeinde Fronleichnam! APP JETZT HERUNTERLADEN Ab sofort k\u00f6nnen Sie die neue Version der Salvator Mundi App f\u00fcr Ihr Smartphone (Apple oder Android) herunterladen. AKTUELLES F\u00dcR DIE PFARREI Open-Air-Jugendgottesdienst BASAR Fronleichnam &#8211; Alles rund ums Kind Samstag, 10. Oktober 2026 von 09:00 bis 12:00 Uhr Pfarrsaal FronleichnamSenftenauerstr. 111, 80689 M\u00fcnchen Verkauf von:Kinderbekleidung [&hellip;]","og_url":"https:\/\/www.pfarrverband-salvator-mundi.de\/fronleichnam\/","og_site_name":"Pfarrei Fronleichnam","article_modified_time":"2026-08-28T16:55:09+00:00","og_image":[{"url":"https:\/\/www.pfarrverband-salvator-mundi.de\/wp-content\/uploads\/2024\/07\/Banner-Sommergruss-2024_web.jpg","type":"","width":"","height":""}],"twitter_card":"summary_large_image","twitter_misc":{"Gesch\u00e4tzte Lesezeit":"7\u00a0Minuten"},"schema":{"@context":"https:\/\/schema.org","@graph":[{"@type":"WebPage","@id":"https:\/\/www.pfarrverband-salvator-mundi.de\/fronleichnam\/","url":"https:\/\/www.pfarrverband-salvator-mundi.de\/fronleichnam\/","name":"Startseite Fronleichnam - Pfarrei Fronleichnam","isPartOf":{"@id":"https:\/\/www.pfarrverband-salvator-mundi.de\/fronleichnam\/#website"},"primaryImageOfPage":{"@id":"https:\/\/www.pfarrverband-salvator-mundi.de\/fronleichnam\/#primaryimage"},"image":{"@id":"https:\/\/www.pfarrverband-salvator-mundi.de\/fronleichnam\/#primaryimage"},"thumbnailUrl":"https:\/\/www.pfarrverband-salvator-mundi.de\/wp-content\/uploads\/2024\/07\/Banner-Sommergruss-2024_web.jpg","datePublished":"2015-11-10T09:56:30+00:00","dateModified":"2026-08-28T16:55:09+00:00","breadcrumb":{"@id":"https:\/\/www.pfarrverband-salvator-mundi.de\/fronleichnam\/#breadcrumb"},"inLanguage":"de","potentialAction":[{"@type":"ReadAction","target":["https:\/\/www.pfarrverband-salvator-mundi.de\/fronleichnam\/"]}]},{"@type":"ImageObject","inLanguage":"de","@id":"https:\/\/www.pfarrverband-salvator-mundi.de\/fronleichnam\/#primaryimage","url":"https:\/\/www.pfarrverband-salvator-mundi.de\/wp-content\/uploads\/2024\/07\/Banner-Sommergruss-2024_web.jpg","contentUrl":"https:\/\/www.pfarrverband-salvator-mundi.de\/wp-content\/uploads\/2024\/07\/Banner-Sommergruss-2024_web.jpg"},{"@type":"BreadcrumbList","@id":"https:\/\/www.pfarrverband-salvator-mundi.de\/fronleichnam\/#breadcrumb","itemListElement":[{"@type":"ListItem","position":1,"name":"Home","item":"https:\/\/www.pfarrverband-salvator-mundi.de\/fronleichnam\/"},{"@type":"ListItem","position":2,"name":"Startseite Fronleichnam"}]},{"@type":"WebSite","@id":"https:\/\/www.pfarrverband-salvator-mundi.de\/fronleichnam\/#website","url":"https:\/\/www.pfarrverband-salvator-mundi.de\/fronleichnam\/","name":"Pfarrei Fronleichnam","description":"Teil des Pfarrverbands Salvator Mundi","potentialAction":[{"@type":"SearchAction","target":{"@type":"EntryPoint","urlTemplate":"https:\/\/www.pfarrverband-salvator-mundi.de\/fronleichnam\/?s={search_term_string}"},"query-input":{"@type":"PropertyValueSpecification","valueRequired":true,"valueName":"search_term_string"}}],"inLanguage":"de"}]}},"_links":{"self":[{"href":"https:\/\/www.pfarrverband-salvator-mundi.de\/fronleichnam\/wp-json\/wp\/v2\/pages\/2","targetHints":{"allow":["GET"]}}],"collection":[{"href":"https:\/\/www.pfarrverband-salvator-mundi.de\/fronleichnam\/wp-json\/wp\/v2\/pages"}],"about":[{"href":"https:\/\/www.pfarrverband-salvator-mundi.de\/fronleichnam\/wp-json\/wp\/v2\/types\/page"}],"author":[{"embeddable":true,"href":"https:\/\/www.pfarrverband-salvator-mundi.de\/fronleichnam\/wp-json\/wp\/v2\/users\/1"}],"replies":[{"embeddable":true,"href":"https:\/\/www.pfarrverband-salvator-mundi.de\/fronleichnam\/wp-json\/wp\/v2\/comments?post=2"}],"version-history":[{"count":3872,"href":"https:\/\/www.pfarrverband-salvator-mundi.de\/fronleichnam\/wp-json\/wp\/v2\/pages\/2\/revisions"}],"predecessor-version":[{"id":18838,"href":"https:\/\/www.pfarrverband-salvator-mundi.de\/fronleichnam\/wp-json\/wp\/v2\/pages\/2\/revisions\/18838"}],"wp:attachment":[{"href":"https:\/\/www.pfarrverband-salvator-mundi.de\/fronleichnam\/wp-json\/wp\/v2\/media?parent=2"}],"curies":[{"name":"wp","href":"https:\/\/api.w.org\/{rel}","templated":true}]}}