{"id":518,"date":"2016-03-30T01:07:49","date_gmt":"2016-03-29T23:07:49","guid":{"rendered":"http:\/\/www.pfarrverband-salvator-mundi.de\/fronleichnam\/?page_id=518"},"modified":"2025-09-25T17:38:42","modified_gmt":"2025-09-25T15:38:42","slug":"krippenteam","status":"publish","type":"page","link":"https:\/\/www.pfarrverband-salvator-mundi.de\/fronleichnam\/gruppen_erwachsene\/krippenteam\/","title":{"rendered":"Krippenteam"},"content":{"rendered":"\n<h1 class=\"wp-block-heading\">Die Jahreskrippe in Fronleichnam<\/h1>\n\n\n\n<h3 class=\"wp-block-heading\"><span style=\"color: #3a7910;\">Jahreskrippe &#8211; Aktuelles Thema: <strong><strong>Das Scherflein der Witwe<\/strong><\/strong><\/span><\/h3>\n\n\n<div class=\"wp-block-image\">\n<figure class=\"aligncenter size-full\"><a href=\"https:\/\/www.pfarrverband-salvator-mundi.de\/fronleichnam\/wp-content\/uploads\/sites\/2\/2025\/09\/2025-09_ScherfleinDerWitwe.jpg\"><img loading=\"lazy\" decoding=\"async\" width=\"1024\" height=\"648\" src=\"https:\/\/www.pfarrverband-salvator-mundi.de\/fronleichnam\/wp-content\/uploads\/sites\/2\/2025\/09\/2025-09_ScherfleinDerWitwe.jpg\" alt=\"\" class=\"wp-image-18282\" srcset=\"https:\/\/www.pfarrverband-salvator-mundi.de\/fronleichnam\/wp-content\/uploads\/sites\/2\/2025\/09\/2025-09_ScherfleinDerWitwe.jpg 1024w, https:\/\/www.pfarrverband-salvator-mundi.de\/fronleichnam\/wp-content\/uploads\/sites\/2\/2025\/09\/2025-09_ScherfleinDerWitwe-300x190.jpg 300w, https:\/\/www.pfarrverband-salvator-mundi.de\/fronleichnam\/wp-content\/uploads\/sites\/2\/2025\/09\/2025-09_ScherfleinDerWitwe-768x486.jpg 768w\" sizes=\"auto, (max-width: 1024px) 100vw, 1024px\" \/><\/a><\/figure>\n<\/div>\n\n\n<p class=\"has-text-align-left\"><em>Markus 12,41-44<\/em><\/p>\n\n\n\n<p>Hier wird beschrieben, wie Jesus am Gotteskasten sitzt und beobachtet, wie viele Menschen Geld hineinwerfen. Er sieht, wie eine arme Witwe zwei kleine M\u00fcnzen, die sogenannten Scherflein, einlegt.<\/p>\n\n\n\n<p>Die Botschaft Jesu:<br>Jesus ruft seine J\u00fcnger zu sich und erkl\u00e4rt ihnen, dass diese Witwe mehr gegeben hat als alle anderen, da sie alles, was sie besa\u00df, als Opfergabe darbrachte. Die Reichen gaben von ihrem \u00dcberfluss, w\u00e4hrend die Witwe ihr gesamtes Leben und ihren gesamten Unterhalt gab, was f\u00fcr Jesus mehr wert war als jede gro\u00dfe Menge Geld.sen sitzen, erkennen sie ihn:<br>Der Fremde ist Jesus Christus.<\/p>\n\n\n\n<hr class=\"wp-block-separator has-alpha-channel-opacity\"\/>\n\n\n\n<h3 class=\"wp-block-heading\">Das Krippenteam<\/h3>\n\n\n\n<figure class=\"wp-block-image size-full\"><a href=\"https:\/\/www.pfarrverband-salvator-mundi.de\/fronleichnam\/wp-content\/uploads\/sites\/2\/2025\/09\/Krippenteam25.jpg\"><img loading=\"lazy\" decoding=\"async\" width=\"1000\" height=\"711\" src=\"https:\/\/www.pfarrverband-salvator-mundi.de\/fronleichnam\/wp-content\/uploads\/sites\/2\/2025\/09\/Krippenteam25.jpg\" alt=\"\" class=\"wp-image-18285\" srcset=\"https:\/\/www.pfarrverband-salvator-mundi.de\/fronleichnam\/wp-content\/uploads\/sites\/2\/2025\/09\/Krippenteam25.jpg 1000w, https:\/\/www.pfarrverband-salvator-mundi.de\/fronleichnam\/wp-content\/uploads\/sites\/2\/2025\/09\/Krippenteam25-300x213.jpg 300w, https:\/\/www.pfarrverband-salvator-mundi.de\/fronleichnam\/wp-content\/uploads\/sites\/2\/2025\/09\/Krippenteam25-768x546.jpg 768w\" sizes=\"auto, (max-width: 1000px) 100vw, 1000px\" \/><\/a><\/figure>\n\n\n\n<p><\/p>\n\n\n\n<p><strong>Das Krippenteam gestaltet seit \u00fcber 25 Jahren die Jahreskrippe in unserer Kirche. <\/strong><\/p>\n\n\n\n<p><strong>Es besteht z. Zt. aus sechs Mitgliedern (v. l.):<\/strong><br>Matthias Strasser, Uschi Hofmann, Bernhard Hogger, Angelika Winkler, Manfred Kienle, Elfriede Koos<\/p>\n\n\n\n<p>Finanziert aus Spenden, Bausteinaktionen und Investitionen der Pfarrei wurden die Figuren in Oberammergau gefertigt von den Schnitzern Christian Wagner (\u2020) und Florian H\u00e4rtle. Kulissen, Horizonte, Elektrik und Kost\u00fcme samt Zubeh\u00f6r sind in Eigenregie entstanden.<\/p>\n\n\n\n<p>Der Schaukasten bildet ein architektonisches Element im Kirchenraum und sollte in der Sichtweise des Erbauers der Kirche \u2013 Pr\u00e4lat Stephan Wellenhofer \u2013 als Pendant zum Predigtambo das Wort in Bildern spiegeln.<\/p>\n\n\n\n<p>Die Darstellungen wechseln im Lauf des Kirchenjahres entsprechend den Bibeltexten, den Festen oder besonderen Ereignissen wie Gedenktagen oder Jubil\u00e4en.<\/p>\n\n\n\n<p><strong>Anregungen und W\u00fcnsche sind jederzeit willkommen.<\/strong><\/p>\n\n\n\n<hr class=\"wp-block-separator has-alpha-channel-opacity\"\/>\n\n\n\n<p><strong><span style=\"color: #3a7910;\">Ansprechpartner:<\/span><\/strong><br><strong>Angelika Winkler und Bernhard Hogger<\/strong>, erreichbar \u00fcber das Pfarrb\u00fcro Fronleichnam.<\/p>\n","protected":false},"excerpt":{"rendered":"<p>Die Jahreskrippe in Fronleichnam Jahreskrippe &#8211; Aktuelles Thema: Das Scherflein der Witwe Markus 12,41-44 Hier wird beschrieben, wie Jesus am Gotteskasten sitzt und beobachtet, wie viele Menschen Geld hineinwerfen. Er sieht, wie eine arme Witwe zwei kleine M\u00fcnzen, die sogenannten Scherflein, einlegt. Die Botschaft Jesu:Jesus ruft seine J\u00fcnger zu sich und erkl\u00e4rt ihnen, dass diese [&hellip;]<\/p>\n","protected":false},"author":1,"featured_media":0,"parent":40,"menu_order":5,"comment_status":"closed","ping_status":"closed","template":"","meta":{"ngg_post_thumbnail":0,"footnotes":""},"class_list":["post-518","page","type-page","status-publish","czr-hentry"],"yoast_head":"<!-- This site is optimized with the Yoast SEO plugin v27.4 - https:\/\/yoast.com\/product\/yoast-seo-wordpress\/ -->\n<title>Krippenteam - Pfarrei Fronleichnam<\/title>\n<meta name=\"robots\" content=\"index, follow, max-snippet:-1, max-image-preview:large, max-video-preview:-1\" \/>\n<link rel=\"canonical\" href=\"https:\/\/www.pfarrverband-salvator-mundi.de\/fronleichnam\/gruppen_erwachsene\/krippenteam\/\" \/>\n<meta property=\"og:locale\" content=\"de_DE\" \/>\n<meta property=\"og:type\" content=\"article\" \/>\n<meta property=\"og:title\" content=\"Krippenteam - Pfarrei Fronleichnam\" \/>\n<meta property=\"og:description\" content=\"Die Jahreskrippe in Fronleichnam Jahreskrippe &#8211; Aktuelles Thema: Das Scherflein der Witwe Markus 12,41-44 Hier wird beschrieben, wie Jesus am Gotteskasten sitzt und beobachtet, wie viele Menschen Geld hineinwerfen. Er sieht, wie eine arme Witwe zwei kleine M\u00fcnzen, die sogenannten Scherflein, einlegt. Die Botschaft Jesu:Jesus ruft seine J\u00fcnger zu sich und erkl\u00e4rt ihnen, dass diese [&hellip;]\" \/>\n<meta property=\"og:url\" content=\"https:\/\/www.pfarrverband-salvator-mundi.de\/fronleichnam\/gruppen_erwachsene\/krippenteam\/\" \/>\n<meta property=\"og:site_name\" content=\"Pfarrei Fronleichnam\" \/>\n<meta property=\"article:modified_time\" content=\"2025-09-25T15:38:42+00:00\" \/>\n<meta property=\"og:image\" content=\"https:\/\/www.pfarrverband-salvator-mundi.de\/fronleichnam\/wp-content\/uploads\/sites\/2\/2025\/09\/2025-09_ScherfleinDerWitwe.jpg\" \/>\n\t<meta property=\"og:image:width\" content=\"1024\" \/>\n\t<meta property=\"og:image:height\" content=\"648\" \/>\n\t<meta property=\"og:image:type\" content=\"image\/jpeg\" \/>\n<meta name=\"twitter:card\" content=\"summary_large_image\" \/>\n<meta name=\"twitter:label1\" content=\"Gesch\u00e4tzte Lesezeit\" \/>\n\t<meta name=\"twitter:data1\" content=\"2\u00a0Minuten\" \/>\n<script type=\"application\/ld+json\" class=\"yoast-schema-graph\">{\"@context\":\"https:\\\/\\\/schema.org\",\"@graph\":[{\"@type\":\"WebPage\",\"@id\":\"https:\\\/\\\/www.pfarrverband-salvator-mundi.de\\\/fronleichnam\\\/gruppen_erwachsene\\\/krippenteam\\\/\",\"url\":\"https:\\\/\\\/www.pfarrverband-salvator-mundi.de\\\/fronleichnam\\\/gruppen_erwachsene\\\/krippenteam\\\/\",\"name\":\"Krippenteam - Pfarrei Fronleichnam\",\"isPartOf\":{\"@id\":\"https:\\\/\\\/www.pfarrverband-salvator-mundi.de\\\/fronleichnam\\\/#website\"},\"primaryImageOfPage\":{\"@id\":\"https:\\\/\\\/www.pfarrverband-salvator-mundi.de\\\/fronleichnam\\\/gruppen_erwachsene\\\/krippenteam\\\/#primaryimage\"},\"image\":{\"@id\":\"https:\\\/\\\/www.pfarrverband-salvator-mundi.de\\\/fronleichnam\\\/gruppen_erwachsene\\\/krippenteam\\\/#primaryimage\"},\"thumbnailUrl\":\"https:\\\/\\\/www.pfarrverband-salvator-mundi.de\\\/fronleichnam\\\/wp-content\\\/uploads\\\/sites\\\/2\\\/2025\\\/09\\\/2025-09_ScherfleinDerWitwe.jpg\",\"datePublished\":\"2016-03-29T23:07:49+00:00\",\"dateModified\":\"2025-09-25T15:38:42+00:00\",\"breadcrumb\":{\"@id\":\"https:\\\/\\\/www.pfarrverband-salvator-mundi.de\\\/fronleichnam\\\/gruppen_erwachsene\\\/krippenteam\\\/#breadcrumb\"},\"inLanguage\":\"de\",\"potentialAction\":[{\"@type\":\"ReadAction\",\"target\":[\"https:\\\/\\\/www.pfarrverband-salvator-mundi.de\\\/fronleichnam\\\/gruppen_erwachsene\\\/krippenteam\\\/\"]}]},{\"@type\":\"ImageObject\",\"inLanguage\":\"de\",\"@id\":\"https:\\\/\\\/www.pfarrverband-salvator-mundi.de\\\/fronleichnam\\\/gruppen_erwachsene\\\/krippenteam\\\/#primaryimage\",\"url\":\"https:\\\/\\\/www.pfarrverband-salvator-mundi.de\\\/fronleichnam\\\/wp-content\\\/uploads\\\/sites\\\/2\\\/2025\\\/09\\\/2025-09_ScherfleinDerWitwe.jpg\",\"contentUrl\":\"https:\\\/\\\/www.pfarrverband-salvator-mundi.de\\\/fronleichnam\\\/wp-content\\\/uploads\\\/sites\\\/2\\\/2025\\\/09\\\/2025-09_ScherfleinDerWitwe.jpg\",\"width\":1024,\"height\":648},{\"@type\":\"BreadcrumbList\",\"@id\":\"https:\\\/\\\/www.pfarrverband-salvator-mundi.de\\\/fronleichnam\\\/gruppen_erwachsene\\\/krippenteam\\\/#breadcrumb\",\"itemListElement\":[{\"@type\":\"ListItem\",\"position\":1,\"name\":\"Home\",\"item\":\"https:\\\/\\\/www.pfarrverband-salvator-mundi.de\\\/fronleichnam\\\/\"},{\"@type\":\"ListItem\",\"position\":2,\"name\":\"Gruppen Erwachsene\",\"item\":\"https:\\\/\\\/www.pfarrverband-salvator-mundi.de\\\/fronleichnam\\\/gruppen_erwachsene\\\/\"},{\"@type\":\"ListItem\",\"position\":3,\"name\":\"Krippenteam\"}]},{\"@type\":\"WebSite\",\"@id\":\"https:\\\/\\\/www.pfarrverband-salvator-mundi.de\\\/fronleichnam\\\/#website\",\"url\":\"https:\\\/\\\/www.pfarrverband-salvator-mundi.de\\\/fronleichnam\\\/\",\"name\":\"Pfarrei Fronleichnam\",\"description\":\"Teil des Pfarrverbands Salvator Mundi\",\"potentialAction\":[{\"@type\":\"SearchAction\",\"target\":{\"@type\":\"EntryPoint\",\"urlTemplate\":\"https:\\\/\\\/www.pfarrverband-salvator-mundi.de\\\/fronleichnam\\\/?s={search_term_string}\"},\"query-input\":{\"@type\":\"PropertyValueSpecification\",\"valueRequired\":true,\"valueName\":\"search_term_string\"}}],\"inLanguage\":\"de\"}]}<\/script>\n<!-- \/ Yoast SEO plugin. -->","yoast_head_json":{"title":"Krippenteam - Pfarrei Fronleichnam","robots":{"index":"index","follow":"follow","max-snippet":"max-snippet:-1","max-image-preview":"max-image-preview:large","max-video-preview":"max-video-preview:-1"},"canonical":"https:\/\/www.pfarrverband-salvator-mundi.de\/fronleichnam\/gruppen_erwachsene\/krippenteam\/","og_locale":"de_DE","og_type":"article","og_title":"Krippenteam - Pfarrei Fronleichnam","og_description":"Die Jahreskrippe in Fronleichnam Jahreskrippe &#8211; Aktuelles Thema: Das Scherflein der Witwe Markus 12,41-44 Hier wird beschrieben, wie Jesus am Gotteskasten sitzt und beobachtet, wie viele Menschen Geld hineinwerfen. Er sieht, wie eine arme Witwe zwei kleine M\u00fcnzen, die sogenannten Scherflein, einlegt. Die Botschaft Jesu:Jesus ruft seine J\u00fcnger zu sich und erkl\u00e4rt ihnen, dass diese [&hellip;]","og_url":"https:\/\/www.pfarrverband-salvator-mundi.de\/fronleichnam\/gruppen_erwachsene\/krippenteam\/","og_site_name":"Pfarrei Fronleichnam","article_modified_time":"2025-09-25T15:38:42+00:00","og_image":[{"width":1024,"height":648,"url":"https:\/\/www.pfarrverband-salvator-mundi.de\/fronleichnam\/wp-content\/uploads\/sites\/2\/2025\/09\/2025-09_ScherfleinDerWitwe.jpg","type":"image\/jpeg"}],"twitter_card":"summary_large_image","twitter_misc":{"Gesch\u00e4tzte Lesezeit":"2\u00a0Minuten"},"schema":{"@context":"https:\/\/schema.org","@graph":[{"@type":"WebPage","@id":"https:\/\/www.pfarrverband-salvator-mundi.de\/fronleichnam\/gruppen_erwachsene\/krippenteam\/","url":"https:\/\/www.pfarrverband-salvator-mundi.de\/fronleichnam\/gruppen_erwachsene\/krippenteam\/","name":"Krippenteam - Pfarrei Fronleichnam","isPartOf":{"@id":"https:\/\/www.pfarrverband-salvator-mundi.de\/fronleichnam\/#website"},"primaryImageOfPage":{"@id":"https:\/\/www.pfarrverband-salvator-mundi.de\/fronleichnam\/gruppen_erwachsene\/krippenteam\/#primaryimage"},"image":{"@id":"https:\/\/www.pfarrverband-salvator-mundi.de\/fronleichnam\/gruppen_erwachsene\/krippenteam\/#primaryimage"},"thumbnailUrl":"https:\/\/www.pfarrverband-salvator-mundi.de\/fronleichnam\/wp-content\/uploads\/sites\/2\/2025\/09\/2025-09_ScherfleinDerWitwe.jpg","datePublished":"2016-03-29T23:07:49+00:00","dateModified":"2025-09-25T15:38:42+00:00","breadcrumb":{"@id":"https:\/\/www.pfarrverband-salvator-mundi.de\/fronleichnam\/gruppen_erwachsene\/krippenteam\/#breadcrumb"},"inLanguage":"de","potentialAction":[{"@type":"ReadAction","target":["https:\/\/www.pfarrverband-salvator-mundi.de\/fronleichnam\/gruppen_erwachsene\/krippenteam\/"]}]},{"@type":"ImageObject","inLanguage":"de","@id":"https:\/\/www.pfarrverband-salvator-mundi.de\/fronleichnam\/gruppen_erwachsene\/krippenteam\/#primaryimage","url":"https:\/\/www.pfarrverband-salvator-mundi.de\/fronleichnam\/wp-content\/uploads\/sites\/2\/2025\/09\/2025-09_ScherfleinDerWitwe.jpg","contentUrl":"https:\/\/www.pfarrverband-salvator-mundi.de\/fronleichnam\/wp-content\/uploads\/sites\/2\/2025\/09\/2025-09_ScherfleinDerWitwe.jpg","width":1024,"height":648},{"@type":"BreadcrumbList","@id":"https:\/\/www.pfarrverband-salvator-mundi.de\/fronleichnam\/gruppen_erwachsene\/krippenteam\/#breadcrumb","itemListElement":[{"@type":"ListItem","position":1,"name":"Home","item":"https:\/\/www.pfarrverband-salvator-mundi.de\/fronleichnam\/"},{"@type":"ListItem","position":2,"name":"Gruppen Erwachsene","item":"https:\/\/www.pfarrverband-salvator-mundi.de\/fronleichnam\/gruppen_erwachsene\/"},{"@type":"ListItem","position":3,"name":"Krippenteam"}]},{"@type":"WebSite","@id":"https:\/\/www.pfarrverband-salvator-mundi.de\/fronleichnam\/#website","url":"https:\/\/www.pfarrverband-salvator-mundi.de\/fronleichnam\/","name":"Pfarrei Fronleichnam","description":"Teil des Pfarrverbands Salvator Mundi","potentialAction":[{"@type":"SearchAction","target":{"@type":"EntryPoint","urlTemplate":"https:\/\/www.pfarrverband-salvator-mundi.de\/fronleichnam\/?s={search_term_string}"},"query-input":{"@type":"PropertyValueSpecification","valueRequired":true,"valueName":"search_term_string"}}],"inLanguage":"de"}]}},"_links":{"self":[{"href":"https:\/\/www.pfarrverband-salvator-mundi.de\/fronleichnam\/wp-json\/wp\/v2\/pages\/518","targetHints":{"allow":["GET"]}}],"collection":[{"href":"https:\/\/www.pfarrverband-salvator-mundi.de\/fronleichnam\/wp-json\/wp\/v2\/pages"}],"about":[{"href":"https:\/\/www.pfarrverband-salvator-mundi.de\/fronleichnam\/wp-json\/wp\/v2\/types\/page"}],"author":[{"embeddable":true,"href":"https:\/\/www.pfarrverband-salvator-mundi.de\/fronleichnam\/wp-json\/wp\/v2\/users\/1"}],"replies":[{"embeddable":true,"href":"https:\/\/www.pfarrverband-salvator-mundi.de\/fronleichnam\/wp-json\/wp\/v2\/comments?post=518"}],"version-history":[{"count":141,"href":"https:\/\/www.pfarrverband-salvator-mundi.de\/fronleichnam\/wp-json\/wp\/v2\/pages\/518\/revisions"}],"predecessor-version":[{"id":18286,"href":"https:\/\/www.pfarrverband-salvator-mundi.de\/fronleichnam\/wp-json\/wp\/v2\/pages\/518\/revisions\/18286"}],"up":[{"embeddable":true,"href":"https:\/\/www.pfarrverband-salvator-mundi.de\/fronleichnam\/wp-json\/wp\/v2\/pages\/40"}],"wp:attachment":[{"href":"https:\/\/www.pfarrverband-salvator-mundi.de\/fronleichnam\/wp-json\/wp\/v2\/media?parent=518"}],"curies":[{"name":"wp","href":"https:\/\/api.w.org\/{rel}","templated":true}]}}