{"id":1596,"date":"2016-06-12T20:14:26","date_gmt":"2016-06-12T18:14:26","guid":{"rendered":"http:\/\/www.pfarrverband-salvator-mundi.de\/st-willibald\/?page_id=1596"},"modified":"2022-11-28T01:13:59","modified_gmt":"2022-11-28T00:13:59","slug":"pfadfinder","status":"publish","type":"page","link":"https:\/\/www.pfarrverband-salvator-mundi.de\/st-willibald\/gruppe-jugend\/pfadfinder\/","title":{"rendered":"Pfadfinder"},"content":{"rendered":"<h1>DPSG Stamm St. Willibald<\/h1>\n<style type=\"text\/css\">\n#foogallery-gallery-1708 { --fg-gutter: 10px; }<\/style>\n\t\t\t<div class=\"foogallery foogallery-container foogallery-default foogallery-lightbox-foogallery fg-left fg-default fg-ready fg-light\" id=\"foogallery-gallery-1708\" data-foogallery=\"{&quot;item&quot;:{&quot;showCaptionTitle&quot;:false,&quot;showCaptionDescription&quot;:false},&quot;lazy&quot;:false,&quot;src&quot;:&quot;src&quot;,&quot;srcset&quot;:&quot;srcset&quot;}\" style=\"--fg-title-line-clamp: 0; --fg-description-line-clamp: 0;\" >\n\t<div class=\"fg-item fg-type-image fg-loaded\"><figure class=\"fg-item-inner\"><a data-attachment-id=\"1710\" data-type=\"image\" class=\"fg-thumb\"><span class=\"fg-image-wrap\"><img fetchpriority=\"high\" decoding=\"async\" src=\"https:\/\/www.pfarrverband-salvator-mundi.de\/st-willibald\/wp-content\/uploads\/sites\/4\/2016\/06\/unspecified3.jpg\" height=\"215\" width=\"440\" class=\"skip-lazy fg-image\" loading=\"eager\"><\/span><span class=\"fg-image-overlay\"><\/span><\/a><\/figure><div class=\"fg-loader\"><\/div><\/div><div class=\"fg-item fg-type-image fg-loaded\"><figure class=\"fg-item-inner\"><a data-attachment-id=\"1709\" data-type=\"image\" class=\"fg-thumb\"><span class=\"fg-image-wrap\"><img decoding=\"async\" src=\"https:\/\/www.pfarrverband-salvator-mundi.de\/st-willibald\/wp-content\/uploads\/sites\/4\/2016\/06\/normal_P1030403.jpg\" height=\"215\" width=\"215\" class=\"skip-lazy fg-image\" loading=\"eager\"><\/span><span class=\"fg-image-overlay\"><\/span><\/a><\/figure><div class=\"fg-loader\"><\/div><\/div><\/div>\n<style type=\"text\/css\"> #foogallery-gallery-1708 { \r\npadding-left: 0;\r\npadding-bottom: 10px;\r\n}<\/style>\n<h3>Pfadfinderei heute<\/h3>\n<p>Was ist ein Pfadfinder oder was macht einen aus? Klischees wie das \u201eSchlaue Buch\u201c, das Motto \u201ejeden Tag eine gute Tat\u201c, Spurensuchen, durch die Stra\u00dfen ziehen und Kekse verkaufen oder alten Damen \u00fcber die Stra\u00dfe helfen stehen bei uns nicht mehr unbedingt an der Spitze der Tagesordnung. \u2028Dennoch werden die vom <strong>Gr\u00fcnder der Pfadfinder, &nbsp;Lord Baden-Powell,<\/strong> aufgestellten Grunds\u00e4tze pfadfinderischer Erziehung, <strong>\u201ePaddle your own canoe\u201c<\/strong>, <strong>\u201eLook at the boy\u201c<\/strong> und <strong>\u201eLearning by doing\u201c<\/strong>, bei uns heutzutage immer noch gelebt. Diese sind auch weit \u00fcber die Grenzen der Pfadfinderei bekannt.<br \/>\nWir versuchen Kindern und Jugendlichen einen Rahmen zu geben, um <strong>sich selbst weiterzuentwickeln<\/strong>, <strong>Verantwortung zu \u00fcbernehmen<\/strong> und <strong>Freundschaften zu kn\u00fcpfen<\/strong>.<br \/>\nDie Gruppenleiter werden dabei keinesfalls als \u201eLehrer\u201c gesehen, sondern sind vielmehr Wegbegleiter durch die Kindheit, die Pubert\u00e4t und schlie\u00dflich beim Erwachsen werden. So wird eine freundschaftliche Vertrauensbasis geschaffen.\u2028 Die alten Vorurteile sind also weit von dem entfernt, was die Pfadfinderbewegung heute ausmacht: <strong>Eine auf den Werten Baden-Powells basierende, moderne Jugendgruppe.<\/strong><\/p>\n<h3>Wer sind wir?<\/h3>\n<p><strong>Unser Stamm ist Mitglied der Deutschen Pfadfinderschaft Sankt Georg (DPSG)<\/strong>. Das ist unser Dachverband, dem die meisten Pfadfinder Deutschlands angeh\u00f6ren.<br \/>\nWir unterscheiden uns im Aufbau nicht gro\u00df von anderen Jugendverb\u00e4nden: <strong>Unser Stamm besteht aus mehreren Gruppen<\/strong>, die sich <strong>einmal die Woche<\/strong> treffen und von Jugendleitern betreut werden. Eine Gruppe besteht aus etwa 5-15 gleichaltrigen Kindern.<\/p>\n<p><strong>\u00dcber das Alter kann man eine Gruppe auch einer bestimmten Stufe zuordnen:<\/strong><\/p>\n<ul>\n<li><strong>W\u00f6lflinge (8 bis 11 Jahre):<\/strong> unsere ganz Kleinen<\/li>\n<\/ul>\n<ul>\n<li><strong>Jungpfadfinder (11 bis 13 Jahre):<\/strong> unsere nicht mehr ganz so Kleinen<\/li>\n<\/ul>\n<ul>\n<li><strong>Pfadfinder (13 bis 16 Jahre): <\/strong>unsere noch nicht so Gro\u00dfen<\/li>\n<\/ul>\n<ul>\n<li><strong>Rover (16 bis 18 Jahre):<\/strong> unsere Gro\u00dfen<\/li>\n<\/ul>\n<ul>\n<li><strong>Leiter (18+ Jahre):<\/strong> die Rentner\/Verantwortlichen<\/li>\n<\/ul>\n<p>Die Stufe ist somit kein Grad wie cool, hip oder toll eine Gruppe ist, sondern sagt nur etwas \u00fcber das Durchschnittsalter der Gruppe aus. <strong>Eine solche Einteilung ist wichtig<\/strong>, denn davon h\u00e4ngt nat\u00fcrlich <strong>das Programm der Gruppenstunden<\/strong> ab.<\/p>\n<style type=\"text\/css\">\n#foogallery-gallery-1713 { --fg-gutter: 10px; }<\/style>\n\t\t\t<div class=\"foogallery foogallery-container foogallery-default foogallery-lightbox-foogallery fg-left fg-default fg-ready fg-light\" id=\"foogallery-gallery-1713\" data-foogallery=\"{&quot;item&quot;:{&quot;showCaptionTitle&quot;:true,&quot;showCaptionDescription&quot;:false},&quot;lazy&quot;:false,&quot;src&quot;:&quot;src&quot;,&quot;srcset&quot;:&quot;srcset&quot;}\" style=\"--fg-title-line-clamp: 0; --fg-description-line-clamp: 0;\" >\n\t<div class=\"fg-item fg-type-image fg-loaded\"><figure class=\"fg-item-inner\"><a data-attachment-id=\"1714\" data-type=\"image\" class=\"fg-thumb\"><span class=\"fg-image-wrap\"><img decoding=\"async\" src=\"https:\/\/www.pfarrverband-salvator-mundi.de\/st-willibald\/wp-content\/uploads\/sites\/4\/2016\/06\/normal_370.jpg\" height=\"215\" width=\"220\" class=\"skip-lazy fg-image\" loading=\"eager\"><\/span><span class=\"fg-image-overlay\"><\/span><\/a><\/figure><div class=\"fg-loader\"><\/div><\/div><div class=\"fg-item fg-type-image fg-loaded\"><figure class=\"fg-item-inner\"><a data-attachment-id=\"1715\" data-type=\"image\" class=\"fg-thumb\"><span class=\"fg-image-wrap\"><img decoding=\"async\" src=\"https:\/\/www.pfarrverband-salvator-mundi.de\/st-willibald\/wp-content\/uploads\/sites\/4\/2016\/06\/unspecified6.jpg\" height=\"215\" width=\"440\" class=\"skip-lazy fg-image\" loading=\"eager\"><\/span><span class=\"fg-image-overlay\"><\/span><\/a><\/figure><div class=\"fg-loader\"><\/div><\/div><\/div>\n<style type=\"text\/css\"> #foogallery-gallery-1713 { \r\npadding-left: 0;\r\npadding-bottom: 10px;\r\n}<\/style>\n<h3>Was machen wir?<\/h3>\n<p>In den <strong>w\u00f6chentlichen Gruppenstunden<\/strong> werden Spiele unterschiedlichster Art gespielt, sei es zum Kennenlernen, zum Auspowern oder Aufgaben und R\u00e4tsel als Gruppe zu l\u00f6sen.<br \/>\nZum Beispiel wird bei <strong>den W\u00f6lflingen<\/strong> vor allem <strong>gespielt und gebastelt<\/strong>, was in der <strong>Pfadfinder- und Roverstufe<\/strong> zwar auch nicht zu kurz kommt, jedoch werden die Spiele hier <strong>meist komplexer<\/strong> und die Stunden werden <strong>auch mal zum Diskutieren oder f\u00fcr kleine oder gro\u00dfe Projekte genutzt<\/strong>. Je h\u00f6her die Stufe, desto mehr bekommen die Gr\u00fcpplinge die M\u00f6glichkeit die <strong>gemeinsame Zeit selbst zu gestalten<\/strong>.\u2028 Das Programm wird von <strong>ehrenamtlichen Jugendgruppenleitern<\/strong> vorbereitet, durchgef\u00fchrt und moderiert.<\/p>\n<p><strong>Die wahren H\u00f6hepunkte des Jahres<\/strong> sind nat\u00fcrlich die <strong>beiden Zeltlager<\/strong> in den <strong>Pfingst- und den Sommerferien<\/strong>.&nbsp; Egal ob nur die eigene Gruppe oder der ganze Stamm, wir verbringen in diesen Ferien <strong>ein bis zwei actiongeladene Wochen im Freien<\/strong>. Dabei versuchen wir immer andere Regionen in Deutschland und Europa zu bereisen. In dieser gemeinsamen Zeit bieten wir ein <strong>abwechslungsreiches und flexibles Programm <\/strong>mit<strong> Ball- und Gel\u00e4ndespielen, Basteleien und T\u00fcfteleien<\/strong>. Wir kommen aber auch mal mit einem <strong>Ausflug vom Zeltplatz<\/strong> weg, zum Wandern, Baden oder Sightseeing, je nachdem was die Umgebung bietet. Trotzdem gibt es genug Leerlauf um sich zu erholen oder in Gruppen mit kleinen Spielen die Zeit zu vertreiben. <strong>Am Abend<\/strong> schlie\u00dflich sitzen wir in <strong>gem\u00fctlicher Runde ums w\u00e4rmende Lagerfeuer<\/strong>, fr\u00f6nen der Gitarrenmusik und lassen den Tag ausklingen.<\/p>\n<p><strong>\u00dcber das restliche Jahr verteilt<\/strong> gibt es noch <strong>eine Vielzahl von Aktionen<\/strong>, sie sind oft auf einen halben Tag oder ein Wochenende angesetzt. Dazu geh\u00f6ren vor allem <strong>unser Stammestag<\/strong>, unsere <strong>traditionelle Nachtwanderung<\/strong>, aber auch <strong>Gruppenwochenenden mit der eigenen Stufe<\/strong>, mit <strong>dem Bezirk<\/strong> oder der <strong>Pfarrjugend unserer Pfarrei<\/strong>.<br \/>\n<strong>Diese Aktionen<\/strong> sind neben den Lagern eine gro\u00dfe Chance <strong>in einer gro\u00dfen Gruppe gemeinsam Spa\u00df zu haben<\/strong> und nat\u00fcrlich auch <strong>\u00fcber die Gruppe hinaus Leute kennenzulernen<\/strong>.<\/p>\n<p><strong>Mehr Infos seht Ihr auf unserer externe Website unter:<\/strong> <a href=\"http:\/\/www.williscouts.de\" target=\"_blank\" rel=\"noopener noreferrer\">www.williscouts.de<\/a><\/p>\n<p><strong><span style=\"color: #ad0d1f;\">Ansprechpartner<br \/>\n<\/span>Pia Klug<\/strong>, Telefon 01577 5338298<br \/>\n<strong>Jonas Schweigard<\/strong>, Telefon 0179 6218086<br \/>\n<strong>E-Mail an uns beide:<\/strong> <a href=\"mailto:stavos@williscouts.de\" target=\"_blank\" rel=\"noopener noreferrer\">stavos@williscouts.de<\/a><\/p>\n","protected":false},"excerpt":{"rendered":"<p>DPSG Stamm St. Willibald Pfadfinderei heute Was ist ein Pfadfinder oder was macht einen aus? Klischees wie das \u201eSchlaue Buch\u201c, das Motto \u201ejeden Tag eine gute Tat\u201c, Spurensuchen, durch die Stra\u00dfen ziehen und Kekse verkaufen oder alten Damen \u00fcber die Stra\u00dfe helfen stehen bei uns nicht mehr unbedingt an der Spitze der Tagesordnung. \u2028Dennoch werden [&hellip;]<\/p>\n","protected":false},"author":1,"featured_media":0,"parent":71,"menu_order":1,"comment_status":"closed","ping_status":"closed","template":"","meta":{"ngg_post_thumbnail":0,"footnotes":""},"class_list":["post-1596","page","type-page","status-publish","czr-hentry"],"yoast_head":"<!-- This site is optimized with the Yoast SEO plugin v27.5 - https:\/\/yoast.com\/product\/yoast-seo-wordpress\/ -->\n<title>Pfadfinder - Pfarrei St. Willibald<\/title>\n<meta name=\"robots\" content=\"index, follow, max-snippet:-1, max-image-preview:large, max-video-preview:-1\" \/>\n<link rel=\"canonical\" href=\"https:\/\/www.pfarrverband-salvator-mundi.de\/st-willibald\/gruppe-jugend\/pfadfinder\/\" \/>\n<meta property=\"og:locale\" content=\"de_DE\" \/>\n<meta property=\"og:type\" content=\"article\" \/>\n<meta property=\"og:title\" content=\"Pfadfinder - Pfarrei St. Willibald\" \/>\n<meta property=\"og:description\" content=\"DPSG Stamm St. Willibald Pfadfinderei heute Was ist ein Pfadfinder oder was macht einen aus? Klischees wie das \u201eSchlaue Buch\u201c, das Motto \u201ejeden Tag eine gute Tat\u201c, Spurensuchen, durch die Stra\u00dfen ziehen und Kekse verkaufen oder alten Damen \u00fcber die Stra\u00dfe helfen stehen bei uns nicht mehr unbedingt an der Spitze der Tagesordnung. \u2028Dennoch werden [&hellip;]\" \/>\n<meta property=\"og:url\" content=\"https:\/\/www.pfarrverband-salvator-mundi.de\/st-willibald\/gruppe-jugend\/pfadfinder\/\" \/>\n<meta property=\"og:site_name\" content=\"Pfarrei St. Willibald\" \/>\n<meta property=\"article:modified_time\" content=\"2022-11-28T00:13:59+00:00\" \/>\n<meta name=\"twitter:card\" content=\"summary_large_image\" \/>\n<meta name=\"twitter:label1\" content=\"Gesch\u00e4tzte Lesezeit\" \/>\n\t<meta name=\"twitter:data1\" content=\"4\u00a0Minuten\" \/>\n<script type=\"application\/ld+json\" class=\"yoast-schema-graph\">{\"@context\":\"https:\\\/\\\/schema.org\",\"@graph\":[{\"@type\":\"WebPage\",\"@id\":\"https:\\\/\\\/www.pfarrverband-salvator-mundi.de\\\/st-willibald\\\/gruppe-jugend\\\/pfadfinder\\\/\",\"url\":\"https:\\\/\\\/www.pfarrverband-salvator-mundi.de\\\/st-willibald\\\/gruppe-jugend\\\/pfadfinder\\\/\",\"name\":\"Pfadfinder - Pfarrei St. Willibald\",\"isPartOf\":{\"@id\":\"https:\\\/\\\/www.pfarrverband-salvator-mundi.de\\\/st-willibald\\\/#website\"},\"datePublished\":\"2016-06-12T18:14:26+00:00\",\"dateModified\":\"2022-11-28T00:13:59+00:00\",\"breadcrumb\":{\"@id\":\"https:\\\/\\\/www.pfarrverband-salvator-mundi.de\\\/st-willibald\\\/gruppe-jugend\\\/pfadfinder\\\/#breadcrumb\"},\"inLanguage\":\"de\",\"potentialAction\":[{\"@type\":\"ReadAction\",\"target\":[\"https:\\\/\\\/www.pfarrverband-salvator-mundi.de\\\/st-willibald\\\/gruppe-jugend\\\/pfadfinder\\\/\"]}]},{\"@type\":\"BreadcrumbList\",\"@id\":\"https:\\\/\\\/www.pfarrverband-salvator-mundi.de\\\/st-willibald\\\/gruppe-jugend\\\/pfadfinder\\\/#breadcrumb\",\"itemListElement\":[{\"@type\":\"ListItem\",\"position\":1,\"name\":\"Home\",\"item\":\"https:\\\/\\\/www.pfarrverband-salvator-mundi.de\\\/st-willibald\\\/\"},{\"@type\":\"ListItem\",\"position\":2,\"name\":\"Gruppen Jugend\",\"item\":\"https:\\\/\\\/www.pfarrverband-salvator-mundi.de\\\/st-willibald\\\/gruppe-jugend\\\/\"},{\"@type\":\"ListItem\",\"position\":3,\"name\":\"Pfadfinder\"}]},{\"@type\":\"WebSite\",\"@id\":\"https:\\\/\\\/www.pfarrverband-salvator-mundi.de\\\/st-willibald\\\/#website\",\"url\":\"https:\\\/\\\/www.pfarrverband-salvator-mundi.de\\\/st-willibald\\\/\",\"name\":\"Pfarrei St. Willibald\",\"description\":\"Teil des Pfarrverbands Salvator Mundi\",\"potentialAction\":[{\"@type\":\"SearchAction\",\"target\":{\"@type\":\"EntryPoint\",\"urlTemplate\":\"https:\\\/\\\/www.pfarrverband-salvator-mundi.de\\\/st-willibald\\\/?s={search_term_string}\"},\"query-input\":{\"@type\":\"PropertyValueSpecification\",\"valueRequired\":true,\"valueName\":\"search_term_string\"}}],\"inLanguage\":\"de\"}]}<\/script>\n<!-- \/ Yoast SEO plugin. -->","yoast_head_json":{"title":"Pfadfinder - Pfarrei St. Willibald","robots":{"index":"index","follow":"follow","max-snippet":"max-snippet:-1","max-image-preview":"max-image-preview:large","max-video-preview":"max-video-preview:-1"},"canonical":"https:\/\/www.pfarrverband-salvator-mundi.de\/st-willibald\/gruppe-jugend\/pfadfinder\/","og_locale":"de_DE","og_type":"article","og_title":"Pfadfinder - Pfarrei St. Willibald","og_description":"DPSG Stamm St. Willibald Pfadfinderei heute Was ist ein Pfadfinder oder was macht einen aus? Klischees wie das \u201eSchlaue Buch\u201c, das Motto \u201ejeden Tag eine gute Tat\u201c, Spurensuchen, durch die Stra\u00dfen ziehen und Kekse verkaufen oder alten Damen \u00fcber die Stra\u00dfe helfen stehen bei uns nicht mehr unbedingt an der Spitze der Tagesordnung. \u2028Dennoch werden [&hellip;]","og_url":"https:\/\/www.pfarrverband-salvator-mundi.de\/st-willibald\/gruppe-jugend\/pfadfinder\/","og_site_name":"Pfarrei St. Willibald","article_modified_time":"2022-11-28T00:13:59+00:00","twitter_card":"summary_large_image","twitter_misc":{"Gesch\u00e4tzte Lesezeit":"4\u00a0Minuten"},"schema":{"@context":"https:\/\/schema.org","@graph":[{"@type":"WebPage","@id":"https:\/\/www.pfarrverband-salvator-mundi.de\/st-willibald\/gruppe-jugend\/pfadfinder\/","url":"https:\/\/www.pfarrverband-salvator-mundi.de\/st-willibald\/gruppe-jugend\/pfadfinder\/","name":"Pfadfinder - Pfarrei St. Willibald","isPartOf":{"@id":"https:\/\/www.pfarrverband-salvator-mundi.de\/st-willibald\/#website"},"datePublished":"2016-06-12T18:14:26+00:00","dateModified":"2022-11-28T00:13:59+00:00","breadcrumb":{"@id":"https:\/\/www.pfarrverband-salvator-mundi.de\/st-willibald\/gruppe-jugend\/pfadfinder\/#breadcrumb"},"inLanguage":"de","potentialAction":[{"@type":"ReadAction","target":["https:\/\/www.pfarrverband-salvator-mundi.de\/st-willibald\/gruppe-jugend\/pfadfinder\/"]}]},{"@type":"BreadcrumbList","@id":"https:\/\/www.pfarrverband-salvator-mundi.de\/st-willibald\/gruppe-jugend\/pfadfinder\/#breadcrumb","itemListElement":[{"@type":"ListItem","position":1,"name":"Home","item":"https:\/\/www.pfarrverband-salvator-mundi.de\/st-willibald\/"},{"@type":"ListItem","position":2,"name":"Gruppen Jugend","item":"https:\/\/www.pfarrverband-salvator-mundi.de\/st-willibald\/gruppe-jugend\/"},{"@type":"ListItem","position":3,"name":"Pfadfinder"}]},{"@type":"WebSite","@id":"https:\/\/www.pfarrverband-salvator-mundi.de\/st-willibald\/#website","url":"https:\/\/www.pfarrverband-salvator-mundi.de\/st-willibald\/","name":"Pfarrei St. Willibald","description":"Teil des Pfarrverbands Salvator Mundi","potentialAction":[{"@type":"SearchAction","target":{"@type":"EntryPoint","urlTemplate":"https:\/\/www.pfarrverband-salvator-mundi.de\/st-willibald\/?s={search_term_string}"},"query-input":{"@type":"PropertyValueSpecification","valueRequired":true,"valueName":"search_term_string"}}],"inLanguage":"de"}]}},"_links":{"self":[{"href":"https:\/\/www.pfarrverband-salvator-mundi.de\/st-willibald\/wp-json\/wp\/v2\/pages\/1596","targetHints":{"allow":["GET"]}}],"collection":[{"href":"https:\/\/www.pfarrverband-salvator-mundi.de\/st-willibald\/wp-json\/wp\/v2\/pages"}],"about":[{"href":"https:\/\/www.pfarrverband-salvator-mundi.de\/st-willibald\/wp-json\/wp\/v2\/types\/page"}],"author":[{"embeddable":true,"href":"https:\/\/www.pfarrverband-salvator-mundi.de\/st-willibald\/wp-json\/wp\/v2\/users\/1"}],"replies":[{"embeddable":true,"href":"https:\/\/www.pfarrverband-salvator-mundi.de\/st-willibald\/wp-json\/wp\/v2\/comments?post=1596"}],"version-history":[{"count":18,"href":"https:\/\/www.pfarrverband-salvator-mundi.de\/st-willibald\/wp-json\/wp\/v2\/pages\/1596\/revisions"}],"predecessor-version":[{"id":15909,"href":"https:\/\/www.pfarrverband-salvator-mundi.de\/st-willibald\/wp-json\/wp\/v2\/pages\/1596\/revisions\/15909"}],"up":[{"embeddable":true,"href":"https:\/\/www.pfarrverband-salvator-mundi.de\/st-willibald\/wp-json\/wp\/v2\/pages\/71"}],"wp:attachment":[{"href":"https:\/\/www.pfarrverband-salvator-mundi.de\/st-willibald\/wp-json\/wp\/v2\/media?parent=1596"}],"curies":[{"name":"wp","href":"https:\/\/api.w.org\/{rel}","templated":true}]}}