{"id":2,"date":"2015-11-10T10:57:38","date_gmt":"2015-11-10T09:57:38","guid":{"rendered":"http:\/\/www.pfarrverband-salvator-mundi.de\/st-willibald\/?page_id=2"},"modified":"2026-08-28T20:02:29","modified_gmt":"2026-08-28T18:02:29","slug":"st-willibald","status":"publish","type":"page","link":"https:\/\/www.pfarrverband-salvator-mundi.de\/st-willibald\/","title":{"rendered":"Startseite St. Willibald"},"content":{"rendered":"\n<h1 class=\"wp-block-heading\">Herzlich willkommen in der Pfarrgemeinde St. Willibald!<\/h1>\n\n\n<style type=\"text\/css\">\n#foogallery-gallery-16862 .fg-image { width: 215px; }\n#foogallery-gallery-16862 { --fg-gutter: 10px; }<\/style>\n\t\t\t<div class=\"foogallery foogallery-container foogallery-default foogallery-lightbox-foogallery fg-left fg-default fg-ready fg-light\" id=\"foogallery-gallery-16862\" data-foogallery=\"{&quot;item&quot;:{&quot;showCaptionTitle&quot;:false,&quot;showCaptionDescription&quot;:false},&quot;lazy&quot;:false,&quot;src&quot;:&quot;src&quot;,&quot;srcset&quot;:&quot;srcset&quot;}\" style=\"--fg-title-line-clamp: 0; --fg-description-line-clamp: 0;\" >\n\t<div class=\"fg-item fg-type-image fg-loaded\"><figure class=\"fg-item-inner\"><a data-attachment-id=\"8060\" data-type=\"image\" class=\"fg-thumb\"><span class=\"fg-image-wrap\"><img decoding=\"async\" src=\"https:\/\/www.pfarrverband-salvator-mundi.de\/st-willibald\/wp-content\/uploads\/sites\/4\/2018\/04\/IMG_4444_Kirche_aussen-Kopie.jpg\" width=\"215\" height=\"215\" class=\"skip-lazy fg-image\" loading=\"eager\"><\/span><span class=\"fg-image-overlay\"><\/span><\/a><\/figure><div class=\"fg-loader\"><\/div><\/div><div class=\"fg-item fg-type-image fg-loaded\"><figure class=\"fg-item-inner\"><a data-attachment-id=\"16870\" data-type=\"image\" class=\"fg-thumb\"><span class=\"fg-image-wrap\"><img decoding=\"async\" src=\"https:\/\/www.pfarrverband-salvator-mundi.de\/st-willibald\/wp-content\/uploads\/sites\/4\/2023\/04\/gottesdienst_img_5853_2.jpg\" width=\"215\" height=\"215\" class=\"skip-lazy fg-image\" loading=\"eager\"><\/span><span class=\"fg-image-overlay\"><\/span><\/a><\/figure><div class=\"fg-loader\"><\/div><\/div><div class=\"fg-item fg-type-image fg-loaded\"><figure class=\"fg-item-inner\"><a data-attachment-id=\"17237\" data-type=\"image\" class=\"fg-thumb\"><span class=\"fg-image-wrap\"><img decoding=\"async\" src=\"https:\/\/www.pfarrverband-salvator-mundi.de\/st-willibald\/wp-content\/uploads\/sites\/4\/2023\/04\/kirche_willibald_IMG_5731.jpg\" width=\"215\" height=\"215\" class=\"skip-lazy fg-image\" loading=\"eager\"><\/span><span class=\"fg-image-overlay\"><\/span><\/a><\/figure><div class=\"fg-loader\"><\/div><\/div><\/div>\n<style type=\"text\/css\">#foogallery-gallery-16862 {\r\npadding-left: 0;\r\npadding-bottom: 10px;\r\n}<\/style>\n\n\n\n<hr class=\"wp-block-separator has-alpha-channel-opacity is-style-wide\"\/>\n\n\n\n<figure class=\"wp-block-image size-full is-resized\"><img decoding=\"async\" src=\"https:\/\/www.pfarrverband-salvator-mundi.de\/wp-content\/uploads\/2024\/07\/Banner-Sommergruss-2024_web.jpg\" alt=\"\" style=\"width:840px;height:auto\"\/><\/figure>\n\n\n\n<hr class=\"wp-block-separator has-alpha-channel-opacity\"\/>\n\n\n\n<h3 class=\"wp-block-heading has-link-color wp-elements-1\"><strong><u>St. Willibald trauert um seinen langj\u00e4hrigen Organist Herrn Prof. Klemens Schnorr<\/u><\/strong><\/h3>\n\n\n\n<div class=\"wp-block-columns is-layout-flex wp-container-core-columns-is-layout-8f761849 wp-block-columns-is-layout-flex\">\n<div class=\"wp-block-column is-layout-flow wp-block-column-is-layout-flow\">\n<p class=\"wp-block-paragraph\">Klemens Schnorr wurde am 22. Mai 1949 in Amorbach im Odenwald geboren. Nach dem Abitur am Johannes-Butzbach-Gymnasium in Miltenberg studierte er Orgel und Kirchenmusik bei Franz Lehrndorfer an der Hochschule f\u00fcr Musik und Theater M\u00fcnchen. Parallel dazu absolvierte er an der Ludwig-Maximilians-Universit\u00e4t M\u00fcnchen ein Studium der Musikwissenschaft bei Rudolf Bockholdt sowie der Lateinischen Philologie des Mittelalters und der Italianistik. <\/p>\n\n\n\n<p class=\"wp-block-paragraph\">Bereits in jungen Jahren machte er durch internationale Wettbewerbserfolge auf sich aufmerksam. Zu seinen wichtigsten Auszeichnungen z\u00e4hlen erste Preise bei den Internationalen Orgelwettbewerben in Bologna (1975) und \u00c1vila (1982), ein Preis beim Internationalen Musikwettbewerb der ARD in M\u00fcnchen (1975), der F\u00f6rderpreis des Freistaats Bayern (1986) sowie der franz\u00f6sische Schallplattenpreis \u201eL\u00e9on d&#8217;Or\u201c (2014). <\/p>\n<\/div>\n\n\n\n<div class=\"wp-block-column is-vertically-aligned-top is-layout-flow wp-block-column-is-layout-flow\"><div class=\"wp-block-image\">\n<figure class=\"alignright size-full is-resized\"><a href=\"https:\/\/www.pfarrverband-salvator-mundi.de\/st-willibald\/wp-content\/uploads\/sites\/4\/2026\/08\/Klemens_Schnorr_sw.jpg\"><img loading=\"lazy\" decoding=\"async\" width=\"750\" height=\"1000\" src=\"https:\/\/www.pfarrverband-salvator-mundi.de\/st-willibald\/wp-content\/uploads\/sites\/4\/2026\/08\/Klemens_Schnorr_sw.jpg\" alt=\"\" class=\"wp-image-19286\" style=\"aspect-ratio:0.7500145036839357;object-fit:contain;width:265px;height:auto\" srcset=\"https:\/\/www.pfarrverband-salvator-mundi.de\/st-willibald\/wp-content\/uploads\/sites\/4\/2026\/08\/Klemens_Schnorr_sw.jpg 750w, https:\/\/www.pfarrverband-salvator-mundi.de\/st-willibald\/wp-content\/uploads\/sites\/4\/2026\/08\/Klemens_Schnorr_sw-225x300.jpg 225w\" sizes=\"auto, (max-width: 750px) 100vw, 750px\" \/><\/a><figcaption class=\"wp-element-caption\">Foto \u00a9 privat<\/figcaption><\/figure>\n<\/div><\/div>\n<\/div>\n\n\n\n<p class=\"wp-block-paragraph\">Nach T\u00e4tigkeiten als Kirchenmusiker, Dozent und Orgelsachverst\u00e4ndiger in M\u00fcnchen und W\u00fcrzburg wurde Klemens Schnorr 1991 als Professor f\u00fcr Orgel an die Hochschule f\u00fcr Musik Freiburg berufen. Von 1998 bis 2012 wirkte er als Domorganist am Freiburger M\u00fcnster. Im Studienjahr 2002\/03 amtierte er als Gr\u00fcndungsrektor der Hochschule f\u00fcr Katholische Kirchenmusik und Musikp\u00e4dagogik Regensburg. Seine Lehrt\u00e4tigkeit an der Hochschule f\u00fcr Musik Freiburg endete mit der Emeritierung im Jahr 2014. Als Konzertorganist, Hochschullehrer, Musikwissenschaftler, Herausgeber und Orgelsachverst\u00e4ndiger genoss Klemens Schnorr internationales Ansehen. Besonders als Lehrer pr\u00e4gte er mehrere Generationen von Organistinnen und Organisten, die heute an Kirchen, Hochschulen und Konzertst\u00e4tten im In- und Ausland t\u00e4tig sind. Seiner Heimatstadt Amorbach blieb er zeitlebens eng verbunden. Von 1990 bis 2017 kuratierte er die Abteikonzerte und setzte sich mit gro\u00dfem Engagement f\u00fcr die Pflege, Erforschung und Vermittlung der dortigen Musiktradition ein. Sein wissenschaftliches und editorisches Werk umfasst zahlreiche Beitr\u00e4ge, Editionen und Publikationen zur Orgelmusik. Einen repr\u00e4sentativen Querschnitt dieses Schaffens bietet der 2019 erschienene, von Silke Berdux herausgegebene Sammelband Kleine gro\u00dfe Orgelwelt, der 25 ausgew\u00e4hlte Beitr\u00e4ge aus mehreren Jahrzehnten vereint. Professor Klemens Schnorr hinterl\u00e4sst seine Ehefrau Annarosa, seine Kinder Katharina, Julia und Simon sowie f\u00fcnf Enkelkinder.<\/p>\n\n\n\n<p class=\"wp-block-paragraph\">Requiescat in pace!<\/p>\n\n\n\n<p class=\"wp-block-paragraph\"><strong><u>Musikalische Gedenkfeier f\u00fcr Herrn Prof. Klemens Schnorr<\/u><\/strong><br>Freitag, 18. September 2026, 16 Uhr<br>Pfarrkirche St. Willibald<br>Agnes-Bernauer-Stra\u00dfe 181, 80687 M\u00fcnchen<br>Eintritt frei<\/p>\n\n\n\n<p class=\"wp-block-paragraph\">Freunde, Weggef\u00e4hrten und ehemalige Studierende erinnern an den langj\u00e4hrigen Freiburger Domorganisten, Professor f\u00fcr Orgel und Musikwissenschaftler Klemens Schnorr. Im Mittelpunkt des etwa einst\u00fcndigen Programms steht die Orgel. Zu h\u00f6ren sind Werke f\u00fcr Orgel, Chor und verschiedene kammermusikalische Besetzungen mit Oboe, Fagott und Trompete. Mitwirken werden unter anderem ein Solistenensemble des T\u00f6lzer Knabenchors sowie weitere Freunde und musikalische Weggef\u00e4hrten von Klemens Schnorr.<\/p>\n\n\n\n<hr class=\"wp-block-separator has-alpha-channel-opacity\"\/>\n\n\n\n<h2 class=\"wp-block-heading has-text-align-center\"><span style=\"color: #997e00;\">APP JETZT HERUNTERLADEN<\/span><\/h2>\n\n\n\n<div class=\"wp-block-media-text is-stacked-on-mobile\" style=\"grid-template-columns:15% auto\"><figure class=\"wp-block-media-text__media\"><img decoding=\"async\" src=\"https:\/\/www.pfarrverband-salvator-mundi.de\/wp-content\/uploads\/2025\/02\/512x512_android.png\" alt=\"\" class=\"wp-image-8395 size-full\"\/><\/figure><div class=\"wp-block-media-text__content\">\n<p class=\"has-medium-font-size wp-block-paragraph\"><strong>Ab sofort k\u00f6nnen Sie die neue Version der Salvator Mundi App f\u00fcr Ihr Smartphone (Apple oder Android) herunterladen. <\/strong><\/p>\n<\/div><\/div>\n\n\n\n<figure class=\"wp-block-table is-style-stripes\"><table class=\"has-fixed-layout\"><tbody><tr><td class=\"has-text-align-center\" data-align=\"center\"><a href=\"https:\/\/apps.apple.com\/de\/app\/salvator-mundi\/id6741048885\" target=\"_blank\" rel=\"noreferrer noopener\"><img decoding=\"async\" class=\"wp-image-8397\" style=\"width: 200px;\" src=\"https:\/\/www.pfarrverband-salvator-mundi.de\/wp-content\/uploads\/2025\/02\/Download_on_the_App_Store_Badge_DE_RGB_blk_092917.png\" alt=\"\"><\/a><\/td><td class=\"has-text-align-center\" data-align=\"center\"><a href=\"https:\/\/play.google.com\/store\/apps\/details?id=com.goodbarber.salvatormundi1&amp;hl=de\" target=\"_blank\" rel=\"noreferrer noopener\"><img decoding=\"async\" class=\"wp-image-8396\" style=\"width: 200px;\" src=\"https:\/\/www.pfarrverband-salvator-mundi.de\/wp-content\/uploads\/2025\/02\/GetItOnGooglePlay_Badge_Web_color_German.png\" alt=\"\"><\/a><\/td><\/tr><tr><td class=\"has-text-align-center\" data-align=\"center\"><a href=\"https:\/\/apps.apple.com\/de\/app\/salvator-mundi\/id6741048885\" target=\"_blank\" rel=\"noreferrer noopener\"><img decoding=\"async\" class=\"wp-image-8399\" style=\"width: 200px;\" src=\"https:\/\/www.pfarrverband-salvator-mundi.de\/wp-content\/uploads\/2025\/02\/SalvatorMundi-iOS-png.png\" alt=\"\"><\/a><\/td><td class=\"has-text-align-center\" data-align=\"center\"><a href=\"https:\/\/play.google.com\/store\/apps\/details?id=com.goodbarber.salvatormundi1&amp;hl=de\" target=\"_blank\" rel=\"noreferrer noopener\"><img decoding=\"async\" class=\"wp-image-8398\" style=\"width: 200px;\" src=\"https:\/\/www.pfarrverband-salvator-mundi.de\/wp-content\/uploads\/2025\/02\/SalvatorMundi-Android-png.png\" alt=\"\"><\/a><\/td><\/tr><\/tbody><\/table><\/figure>\n\n\n\n<hr class=\"wp-block-separator has-alpha-channel-opacity\"\/>\n\n\n\n<h2 class=\"wp-block-heading\"><span style=\"color: #ad0d1f;\">AKTUELLES F\u00dcR DIE PFARREI<\/span><\/h2>\n\n\n\n<hr class=\"wp-block-separator has-alpha-channel-opacity\"\/>\n\n\n\n<h3 class=\"wp-block-heading\"><span style=\"color: #ad0d1f;\">HI. Messe am Wiesnsonntag inkl. Gospelchor<\/span><\/h3>\n\n\n\n<div class=\"wp-block-media-text is-stacked-on-mobile\" style=\"grid-template-columns:48% auto\"><figure class=\"wp-block-media-text__media\"><a href=\"https:\/\/www.pfarrverband-salvator-mundi.de\/st-willibald\/wp-content\/uploads\/sites\/4\/2026\/08\/Hl-Messe-St.-Willibald_2026-09-27.jpg\"><img loading=\"lazy\" decoding=\"async\" width=\"724\" height=\"1024\" src=\"https:\/\/www.pfarrverband-salvator-mundi.de\/st-willibald\/wp-content\/uploads\/sites\/4\/2026\/08\/Hl-Messe-St.-Willibald_2026-09-27-724x1024.jpg\" alt=\"\" class=\"wp-image-19296 size-full\" srcset=\"https:\/\/www.pfarrverband-salvator-mundi.de\/st-willibald\/wp-content\/uploads\/sites\/4\/2026\/08\/Hl-Messe-St.-Willibald_2026-09-27-724x1024.jpg 724w, https:\/\/www.pfarrverband-salvator-mundi.de\/st-willibald\/wp-content\/uploads\/sites\/4\/2026\/08\/Hl-Messe-St.-Willibald_2026-09-27-768x1086.jpg 768w, https:\/\/www.pfarrverband-salvator-mundi.de\/st-willibald\/wp-content\/uploads\/sites\/4\/2026\/08\/Hl-Messe-St.-Willibald_2026-09-27-212x300.jpg 212w, https:\/\/www.pfarrverband-salvator-mundi.de\/st-willibald\/wp-content\/uploads\/sites\/4\/2026\/08\/Hl-Messe-St.-Willibald_2026-09-27.jpg 905w\" sizes=\"auto, (max-width: 724px) 100vw, 724px\" \/><\/a><\/figure><div class=\"wp-block-media-text__content\">\n<p class=\"has-medium-font-size wp-block-paragraph\"><strong>27. September 2026<br><\/strong>8:30 Uhr<\/p>\n\n\n\n<p class=\"wp-block-paragraph\">schwungvolle musikalische Gestaltung von der B-Natural Praise Band<br>Gospels &amp; mehr aus Berlin<br><a href=\"http:\/\/www.b-naturalpraiseband.de\">www.b-naturalpraiseband.de<\/a><\/p>\n<\/div><\/div>\n\n\n\n<hr class=\"wp-block-separator has-alpha-channel-opacity is-style-dots\"\/>\n\n\n\n<h3 class=\"wp-block-heading\"><span style=\"color: #ad0d1f;\">Projektchor \/-band unter der Leitung von Carl Seebode <\/span><br><span style=\"color: #ad0d1f;\">zur musikalischen Gestaltung der Firmung<\/span><\/h3>\n\n\n\n<div class=\"wp-block-media-text has-media-on-the-right is-stacked-on-mobile\" style=\"grid-template-columns:auto 48%\"><div class=\"wp-block-media-text__content\">\n<p class=\"has-medium-font-size wp-block-paragraph\"><strong>17. Oktober 2026<br>um 10 Uhr in St. Willibald<\/strong><\/p>\n\n\n\n<p class=\"wp-block-paragraph\">Wenn du gerne singst und\/oder ein Instrument spielst, sei dabei!<\/p>\n\n\n\n<ul class=\"wp-block-list\">\n<li><strong>Anmeldung<\/strong> unter <a href=\"mailto:cfd@edobees.de\" target=\"_blank\" rel=\"noreferrer noopener\">cfd@edobees.de<\/a><\/li>\n\n\n\n<li><strong>1. Probe<\/strong> am Mittwoch, 7.10.26 um 19:30 Uhr<br>im Pfarrsaal Fronleichnam<\/li>\n\n\n\n<li><strong>2. Probe<\/strong> am Montag, 12.10.26 um 19:30 Uhr im<br>Ptarrsaal St. Willibald<\/li>\n\n\n\n<li><strong>Einsingen<\/strong>: Samstag, 17.10.26 um 9:00 Uhr in der Pfarrkirche St. Willibald<\/li>\n<\/ul>\n\n\n\n<p class=\"wp-block-paragraph\"><em>Carl Seebode, Evgenia Fast, Tobias Schmid<\/em><\/p>\n<\/div><figure class=\"wp-block-media-text__media\"><a href=\"https:\/\/www.pfarrverband-salvator-mundi.de\/st-willibald\/wp-content\/uploads\/sites\/4\/2026\/08\/FlyerProjektchor.png\"><img loading=\"lazy\" decoding=\"async\" width=\"707\" height=\"1000\" src=\"https:\/\/www.pfarrverband-salvator-mundi.de\/st-willibald\/wp-content\/uploads\/sites\/4\/2026\/08\/FlyerProjektchor.png\" alt=\"\" class=\"wp-image-19292 size-full\" srcset=\"https:\/\/www.pfarrverband-salvator-mundi.de\/st-willibald\/wp-content\/uploads\/sites\/4\/2026\/08\/FlyerProjektchor.png 707w, https:\/\/www.pfarrverband-salvator-mundi.de\/st-willibald\/wp-content\/uploads\/sites\/4\/2026\/08\/FlyerProjektchor-212x300.png 212w\" sizes=\"auto, (max-width: 707px) 100vw, 707px\" \/><\/a><\/figure><\/div>\n\n\n\n<hr class=\"wp-block-separator has-alpha-channel-opacity is-style-dots\"\/>\n\n\n\n<h3 class=\"wp-block-heading\"><span style=\"color: #ad0d1f;\">Andacht mal Anders: \u201eIm Gespr\u00e4ch mit Gott und den Menschen&#8220; <\/span><br><span style=\"color: #ad0d1f;\">in St. Willibald &#8211; Herbst- &amp; Wintertermine 2026<\/span><\/h3>\n\n\n\n<p class=\"wp-block-paragraph\">Herzliche Einladung zu den Andachten mit Gebet, Liedern und Austausch &#8211; meist \u00fcber die Bibeltexte des jeweiligen Sonntags &#8211; ganz nach dem Motto \u201eim Gespr\u00e4ch mit Gott und den Menschen&#8220;. Die Andacht beginnt um 18:00 Uhr im Meditationsraum im Pfarrheim (Erdgescho\u00df). Bringt gerne jemanden mit: \u201eKommt und seht!&#8220; <\/p>\n\n\n\n<p class=\"wp-block-paragraph\">F\u00fcr das Vorbereitungsteam, Hans Bauer<\/p>\n\n\n\n<div class=\"wp-block-media-text is-stacked-on-mobile\" style=\"grid-template-columns:68% auto\"><figure class=\"wp-block-media-text__media\"><a href=\"https:\/\/www.pfarrverband-salvator-mundi.de\/st-willibald\/wp-content\/uploads\/sites\/4\/2026\/08\/Andacht26_Q4.png\"><img loading=\"lazy\" decoding=\"async\" width=\"1000\" height=\"474\" src=\"https:\/\/www.pfarrverband-salvator-mundi.de\/st-willibald\/wp-content\/uploads\/sites\/4\/2026\/08\/Andacht26_Q4.png\" alt=\"\" class=\"wp-image-19303 size-full\" srcset=\"https:\/\/www.pfarrverband-salvator-mundi.de\/st-willibald\/wp-content\/uploads\/sites\/4\/2026\/08\/Andacht26_Q4.png 1000w, https:\/\/www.pfarrverband-salvator-mundi.de\/st-willibald\/wp-content\/uploads\/sites\/4\/2026\/08\/Andacht26_Q4-300x142.png 300w, https:\/\/www.pfarrverband-salvator-mundi.de\/st-willibald\/wp-content\/uploads\/sites\/4\/2026\/08\/Andacht26_Q4-768x364.png 768w\" sizes=\"auto, (max-width: 1000px) 100vw, 1000px\" \/><\/a><\/figure><div class=\"wp-block-media-text__content\">\n<p class=\"has-medium-font-size wp-block-paragraph\">Immer samstags 18:00 Uhr<\/p>\n\n\n\n<ul start=\"18\" class=\"wp-block-list\">\n<li class=\"has-medium-font-size\">19.09.<\/li>\n\n\n\n<li class=\"has-medium-font-size\">03.10.<\/li>\n\n\n\n<li class=\"has-medium-font-size\">17.10.<\/li>\n\n\n\n<li class=\"has-medium-font-size\">31.10.<\/li>\n\n\n\n<li class=\"has-medium-font-size\">14.11.<\/li>\n\n\n\n<li class=\"has-medium-font-size\">28.11. (17:00 h)<\/li>\n\n\n\n<li class=\"has-medium-font-size\">12.12.<\/li>\n<\/ul>\n<\/div><\/div>\n\n\n\n<hr class=\"wp-block-separator has-alpha-channel-opacity is-style-dots\"\/>\n\n\n\n<h3 class=\"wp-block-heading\"><span style=\"color: #ad0d1f;\">Willi&#8217;s Sozial-Caf\u00e9 &#8211; Termine 2026<\/span><\/h3>\n\n\n\n<div class=\"wp-block-media-text has-media-on-the-right is-stacked-on-mobile\" style=\"grid-template-columns:auto 43%\"><div class=\"wp-block-media-text__content\">\n<p class=\"has-medium-font-size wp-block-paragraph\">Immer ab 15:00 Uhr<br>Kaffee und Kuchen danach Abendessen<\/p>\n\n\n\n<ul start=\"18\" class=\"wp-block-list\">\n<li class=\"has-medium-font-size\">10. Oktober<\/li>\n\n\n\n<li class=\"has-medium-font-size\">14. November<\/li>\n\n\n\n<li class=\"has-medium-font-size\">12. Dezember<\/li>\n<\/ul>\n<\/div><figure class=\"wp-block-media-text__media\"><a href=\"https:\/\/www.pfarrverband-salvator-mundi.de\/st-willibald\/wp-content\/uploads\/sites\/4\/2026\/05\/Sozialcafe-ab-042026.jpg\"><img loading=\"lazy\" decoding=\"async\" width=\"555\" height=\"800\" src=\"https:\/\/www.pfarrverband-salvator-mundi.de\/st-willibald\/wp-content\/uploads\/sites\/4\/2026\/05\/Sozialcafe-ab-042026.jpg\" alt=\"\" class=\"wp-image-19190 size-full\" srcset=\"https:\/\/www.pfarrverband-salvator-mundi.de\/st-willibald\/wp-content\/uploads\/sites\/4\/2026\/05\/Sozialcafe-ab-042026.jpg 555w, https:\/\/www.pfarrverband-salvator-mundi.de\/st-willibald\/wp-content\/uploads\/sites\/4\/2026\/05\/Sozialcafe-ab-042026-208x300.jpg 208w\" sizes=\"auto, (max-width: 555px) 100vw, 555px\" \/><\/a><\/figure><\/div>\n\n\n\n<hr class=\"wp-block-separator has-alpha-channel-opacity is-style-dots\"\/>\n\n\n\n<h3 class=\"wp-block-heading\"><span style=\"color: #ad0d1f;\">Spenden\u00fcbergabe der Stadtsparkasse am Willibaldplatz zugunsten der Orgelrenovierung in Willibald<\/span><\/h3>\n\n\n\n<figure class=\"wp-block-image\"><img loading=\"lazy\" decoding=\"async\" width=\"1024\" height=\"683\" src=\"https:\/\/www.pfarrverband-salvator-mundi.de\/st-willibald\/wp-content\/uploads\/sites\/4\/2026\/04\/Sparkasse-Orgel_apr26-1024x683.jpg\" alt=\"\" class=\"wp-image-19177\" srcset=\"https:\/\/www.pfarrverband-salvator-mundi.de\/st-willibald\/wp-content\/uploads\/sites\/4\/2026\/04\/Sparkasse-Orgel_apr26-1024x683.jpg 1024w, https:\/\/www.pfarrverband-salvator-mundi.de\/st-willibald\/wp-content\/uploads\/sites\/4\/2026\/04\/Sparkasse-Orgel_apr26-300x200.jpg 300w, https:\/\/www.pfarrverband-salvator-mundi.de\/st-willibald\/wp-content\/uploads\/sites\/4\/2026\/04\/Sparkasse-Orgel_apr26-768x512.jpg 768w, https:\/\/www.pfarrverband-salvator-mundi.de\/st-willibald\/wp-content\/uploads\/sites\/4\/2026\/04\/Sparkasse-Orgel_apr26.jpg 1280w\" sizes=\"auto, (max-width: 1024px) 100vw, 1024px\" \/><\/figure>\n\n\n\n<p class=\"wp-block-paragraph\">Harrison, Craig und Buchner, Rainer \u00fcberreichen P. Tadeusz 2000 EUR<\/p>\n\n\n\n<hr class=\"wp-block-separator has-alpha-channel-opacity is-style-dots\"\/>\n\n\n\n<h2 class=\"wp-block-heading\"><span style=\"color: #ad0d1f;\">AKTUELLES AUS DEM PFARRVERBAND<\/span><\/h2>\n\n\n\n<hr class=\"wp-block-separator has-alpha-channel-opacity\"\/>\n\n\n\n<h3 class=\"wp-block-heading\"><span style=\"color: #997e00;\">Bergmesse auf den Wallberg am Tegernsee am Samstag, 12. September 2026<\/span><\/h3>\n\n\n\n<div class=\"wp-block-media-text has-media-on-the-right is-stacked-on-mobile is-vertically-aligned-top\" style=\"grid-template-columns:auto 28%\"><div class=\"wp-block-media-text__content\">\n<p class=\"wp-block-paragraph\">Der Wallberg am Tegernsee bietet ein herrliches Panorama und ist das Ziel unserer diesj\u00e4hrigen Bergmesse.<\/p>\n\n\n\n<p class=\"wp-block-paragraph\">Von der Talstation zur Bergstation betr\u00e4gt die Gehzeit etwa 2,5 Stunden. Die Wanderung ist einfach und auch f\u00fcr weniger ge\u00fcbte Wanderinnen und Wanderer gut geeignet.<\/p>\n\n\n\n<p class=\"wp-block-paragraph\">Von der Bergstation auf <strong>1.620 m<\/strong> erreichen Sie:<\/p>\n\n\n\n<ul class=\"wp-block-list\">\n<li>das Wallbergkircherl in etwa 5 Gehminuten (Weg Nr. 618),<\/li>\n\n\n\n<li>den Gipfel auf <strong>1.722 m<\/strong> in etwa 30 Minuten \u00fcber den mittelschweren Weg Nr. 618.<\/li>\n<\/ul>\n\n\n\n<p class=\"wp-block-paragraph\">Wer sich den Aufstieg erleichtern m\u00f6chte, kann die Wallbergbahn nutzen und bequem zur Bergstation gelangen. Die aktuellen Fahrpreise sowie weitere Informationen finden Sie auf der Internetseite der Wallbergbahn: <a href=\"https:\/\/www.wallbergbahn.de\/de\/berg-talfahrten.html\" target=\"_blank\" rel=\"noreferrer noopener\">Wallbergbahn Tegernsee<\/a>.<\/p>\n\n\n\n<h2 class=\"wp-block-heading\">Tagesablauf<\/h2>\n\n\n\n<ul class=\"wp-block-list\">\n<li>09:15 bis 09:30 Uhr: Abmarsch an der Talstation<\/li>\n\n\n\n<li>12:00 Uhr: Bergmesse am Wallbergkircherl<\/li>\n\n\n\n<li>Musikalische Gestaltung durch das <strong>Willibalder Quartett mit Posaune und Trompete<\/strong><\/li>\n\n\n\n<li>anschlie\u00dfend Einkehr im Panoramarestaurant an der Bergstation oder im Alten Wallberghaus (ca. 15 Gehminuten von der Bergstation entfernt)<\/li>\n\n\n\n<li>16:30 Uhr: Abfahrt des Busses an der Talstation<\/li>\n\n\n\n<li>ca. 18:00 Uhr: Ankunft zu Hause<\/li>\n<\/ul>\n\n\n\n<h2 class=\"wp-block-heading\">Busfahrt<\/h2>\n\n\n\n<p class=\"wp-block-paragraph\">F\u00fcr die An- und R\u00fcckreise steht wie gewohnt ein Bus zur Verf\u00fcgung.<\/p>\n\n\n\n<p class=\"wp-block-paragraph\"><strong>Abfahrtszeiten:<\/strong><\/p>\n\n\n\n<ul class=\"wp-block-list\">\n<li>07:30 Uhr: St. Willibald<\/li>\n\n\n\n<li>07:45 Uhr: Fronleichnam<\/li>\n\n\n\n<li>07:55 Uhr: Erscheinung des Herrn<\/li>\n<\/ul>\n\n\n\n<p class=\"wp-block-paragraph\"><strong>Kosten:<\/strong> 10,00 \u20ac pro Person, Kinder zahlen die H\u00e4lfte.<\/p>\n\n\n\n<p class=\"wp-block-paragraph\"><strong>Festes Schuhwerk und Wanderst\u00f6cke werden empfohlen.<\/strong><\/p>\n\n\n\n<h2 class=\"wp-block-heading\">Anmeldung<\/h2>\n\n\n\n<p class=\"wp-block-paragraph\">Zur besseren Planung bitten wir um Anmeldung<strong> bis sp\u00e4testens 07. September 2026<\/strong> in einem der Pfarrb\u00fcros.<\/p>\n\n\n\n<h3 class=\"wp-block-heading\">Pfarrb\u00fcro Fronleichnam<\/h3>\n\n\n\n<p class=\"wp-block-paragraph\">Senftenauerstra\u00dfe 111<br>80689 M\u00fcnchen<br>Tel. 089 \/ 74 01 42-0<br>E-Mail: Fronleichnam.muenchen@ebmuc.de<\/p>\n\n\n\n<h3 class=\"wp-block-heading\">Pfarrb\u00fcro Erscheinung des Herrn<\/h3>\n\n\n\n<p class=\"wp-block-paragraph\">Terofalstra\u00dfe 66<br>80689 M\u00fcnchen<br>Tel. 089 \/ 700 766-6<br>E-Mail: erscheinung-des-herrn.muenchen@ebmuc.de<\/p>\n\n\n\n<h3 class=\"wp-block-heading\">Pfarrb\u00fcro St. Willibald<\/h3>\n\n\n\n<p class=\"wp-block-paragraph\">Agnes-Bernauer-Stra\u00dfe 181<br>80687 M\u00fcnchen<br>Tel. 089 \/ 54 67 37 0<br>E-Mail: st-willibald-muenchen@ebmuc.de<\/p>\n\n\n\n<p class=\"wp-block-paragraph\">Wir w\u00fcnschen allen Teilnehmerinnen und Teilnehmern eine sch\u00f6ne Bergmesse, gutes Wetter und einen erlebnisreichen Tag auf dem Wallberg!<\/p>\n<\/div><figure class=\"wp-block-media-text__media\"><a href=\"https:\/\/www.pfarrverband-salvator-mundi.de\/wp-content\/uploads\/2026\/08\/2026-09_12_Bergmesse_Wallberg.pdf\" target=\"_blank\" rel=\" noreferrer noopener\"><img decoding=\"async\" src=\"https:\/\/www.pfarrverband-salvator-mundi.de\/wp-content\/uploads\/2026\/08\/2026-09_12_Bergmesse_Wallberg.jpg\" alt=\"\" class=\"wp-image-8847 size-full\"\/><\/a><\/figure><\/div>\n\n\n\n<hr class=\"wp-block-separator has-alpha-channel-opacity is-style-dots\"\/>\n\n\n\n<h3 class=\"wp-block-heading\"><span style=\"color: #997e00;\">Wortgottesdienst-Team<\/span><\/h3>\n\n\n\n<div class=\"wp-block-media-text is-stacked-on-mobile\"><figure class=\"wp-block-media-text__media\"><img decoding=\"async\" src=\"https:\/\/www.pfarrverband-salvator-mundi.de\/wp-content\/uploads\/2025\/01\/WoGO-Team_2024.jpg\" alt=\"\" class=\"wp-image-8353 size-full\"\/><\/figure><div class=\"wp-block-media-text__content\">\n<p class=\"wp-block-paragraph\"><strong>Nach drei Jahren gemeinsamem Weg nun die offizielle Beauftragung durch Generalvikar Christoph Klingan am 24.11.2024 in St. Willibald.<\/strong><\/p>\n\n\n\n<p class=\"wp-block-paragraph\">Wie es dazu kam und wer im Team ist, erfahren Sie hier: <a href=\"https:\/\/www.pfarrverband-salvator-mundi.de\/wortgottesdienst-team\/\">Weiterlesen<\/a><\/p>\n<\/div><\/div>\n\n\n\n<hr class=\"wp-block-separator has-alpha-channel-opacity\"\/>\n\n\n\n<h3 class=\"wp-block-heading\"><span style=\"color: #ad0d1f;\">Weitere Links der Erzdi\u00f6zese M\u00fcnchen und Freising<\/span><\/h3>\n\n\n\n<p class=\"wp-block-paragraph\"><strong>Die Seite unseres Erzbistums<\/strong><br><a href=\"https:\/\/www.erzbistum-muenchen.de\/\" target=\"_blank\" rel=\"noopener\">www.erzbistum-muenchen.de<\/a><\/p>\n\n\n\n<p class=\"wp-block-paragraph\"><strong>Gottesdienste Livestream \u2028<\/strong><br><a href=\"https:\/\/www.erzbistum-muenchen.de\/stream\" target=\"_blank\" rel=\"noopener noreferrer\">www.erzbistum-muenchen.de\/stream<\/a><\/p>\n\n\n\n<p class=\"wp-block-paragraph\"><strong>Online Ehe- Familien- und Lebensberatung<\/strong><br><a href=\"https:\/\/bayern.onlineberatung-efl.de\/ueber-uns.html\" target=\"_blank\" rel=\"noopener noreferrer\">bayern.onlineberatung-efl.de\/ueber-uns<\/a><\/p>\n\n\n\n<h3 class=\"wp-block-heading\"><span style=\"color: #ad0d1f;\">Alle Termine auch auf unserer App, Videos und Live-Streams auf unserem YouTube-Kanal<\/span><\/h3>\n\n\n\n<p class=\"wp-block-paragraph\">Regelm\u00e4\u00dfige Termine, Gottesdienste, Chorproben oder Sportangebote als Datei, aber auch der aktuelle Pfarrbrief f\u00fcr die jeweils kommende Woche k\u00f6nnen auch unterwegs abgerufen werden.<br>Alle Videos, die wir bisher f\u00fcr Sie erstellt haben, k\u00f6nnen Sie sich jederzeit auf Youtube ansehen. Es ist keine Anmeldung n\u00f6tig. Wir freuen uns, wenn Sie dabei sind!<\/p>\n\n\n\n<h4 class=\"wp-block-heading\"><a href=\"https:\/\/play.google.com\/store\/apps\/details?id=com.goodbarber.salvatormundi1&amp;hl=de\"><img loading=\"lazy\" decoding=\"async\" width=\"155\" height=\"60\" class=\"alignnone size-full wp-image-5665\" src=\"https:\/\/www.pfarrverband-salvator-mundi.de\/fronleichnam\/wp-content\/uploads\/sites\/2\/2018\/10\/google-play-badge.png\" alt=\"\"><\/a>&nbsp;&nbsp; <a href=\"https:\/\/apps.apple.com\/de\/app\/salvator-mundi\/id6741048885\"><img loading=\"lazy\" decoding=\"async\" width=\"155\" height=\"60\" class=\"alignnone size-full wp-image-5666\" src=\"https:\/\/www.pfarrverband-salvator-mundi.de\/fronleichnam\/wp-content\/uploads\/sites\/2\/2018\/10\/Download_on_the_App_Store_Badge_DE_blk_092917.png\" alt=\"\"><\/a><a href=\"https:\/\/www.youtube.com\/channel\/UCDo6NC3MugslL9O1eo70rtg\/videos\" target=\"_blank\" rel=\"noopener\"><img loading=\"lazy\" decoding=\"async\" width=\"155\" height=\"60\" class=\"alignnone size-full wp-image-13867\" src=\"https:\/\/www.pfarrverband-salvator-mundi.de\/st-willibald\/wp-content\/uploads\/sites\/4\/2022\/01\/youtube-logo_klein.png\" alt=\"\"><\/a><\/h4>\n\n\n\n<p class=\"wp-block-paragraph\"><\/p>\n","protected":false},"excerpt":{"rendered":"<p>Herzlich willkommen in der Pfarrgemeinde St. Willibald! St. Willibald trauert um seinen langj\u00e4hrigen Organist Herrn Prof. Klemens Schnorr Klemens Schnorr wurde am 22. Mai 1949 in Amorbach im Odenwald geboren. Nach dem Abitur am Johannes-Butzbach-Gymnasium in Miltenberg studierte er Orgel und Kirchenmusik bei Franz Lehrndorfer an der Hochschule f\u00fcr Musik und Theater M\u00fcnchen. Parallel dazu [&hellip;]<\/p>\n","protected":false},"author":1,"featured_media":0,"parent":0,"menu_order":2,"comment_status":"closed","ping_status":"closed","template":"","meta":{"ngg_post_thumbnail":0,"footnotes":""},"class_list":["post-2","page","type-page","status-publish","czr-hentry"],"yoast_head":"<!-- This site is optimized with the Yoast SEO plugin v28.4 - https:\/\/yoast.com\/product\/yoast-seo-wordpress\/ -->\n<title>Startseite St. Willibald - Pfarrei St. Willibald<\/title>\n<meta name=\"robots\" content=\"index, follow, max-snippet:-1, max-image-preview:large, max-video-preview:-1\" \/>\n<link rel=\"canonical\" href=\"https:\/\/www.pfarrverband-salvator-mundi.de\/st-willibald\/\" \/>\n<meta property=\"og:locale\" content=\"de_DE\" \/>\n<meta property=\"og:type\" content=\"article\" \/>\n<meta property=\"og:title\" content=\"Startseite St. Willibald - Pfarrei St. Willibald\" \/>\n<meta property=\"og:description\" content=\"Herzlich willkommen in der Pfarrgemeinde St. Willibald! St. Willibald trauert um seinen langj\u00e4hrigen Organist Herrn Prof. Klemens Schnorr Klemens Schnorr wurde am 22. Mai 1949 in Amorbach im Odenwald geboren. Nach dem Abitur am Johannes-Butzbach-Gymnasium in Miltenberg studierte er Orgel und Kirchenmusik bei Franz Lehrndorfer an der Hochschule f\u00fcr Musik und Theater M\u00fcnchen. Parallel dazu [&hellip;]\" \/>\n<meta property=\"og:url\" content=\"https:\/\/www.pfarrverband-salvator-mundi.de\/st-willibald\/\" \/>\n<meta property=\"og:site_name\" content=\"Pfarrei St. Willibald\" \/>\n<meta property=\"article:modified_time\" content=\"2026-08-28T18:02:29+00:00\" \/>\n<meta property=\"og:image\" content=\"https:\/\/www.pfarrverband-salvator-mundi.de\/wp-content\/uploads\/2024\/07\/Banner-Sommergruss-2024_web.jpg\" \/>\n<meta name=\"twitter:card\" content=\"summary_large_image\" \/>\n<meta name=\"twitter:label1\" content=\"Gesch\u00e4tzte Lesezeit\" \/>\n\t<meta name=\"twitter:data1\" content=\"10\u00a0Minuten\" \/>\n<script type=\"application\/ld+json\" class=\"yoast-schema-graph\">{\"@context\":\"https:\\\/\\\/schema.org\",\"@graph\":[{\"@type\":\"WebPage\",\"@id\":\"https:\\\/\\\/www.pfarrverband-salvator-mundi.de\\\/st-willibald\\\/\",\"url\":\"https:\\\/\\\/www.pfarrverband-salvator-mundi.de\\\/st-willibald\\\/\",\"name\":\"Startseite St. Willibald - Pfarrei St. Willibald\",\"isPartOf\":{\"@id\":\"https:\\\/\\\/www.pfarrverband-salvator-mundi.de\\\/st-willibald\\\/#website\"},\"primaryImageOfPage\":{\"@id\":\"https:\\\/\\\/www.pfarrverband-salvator-mundi.de\\\/st-willibald\\\/#primaryimage\"},\"image\":{\"@id\":\"https:\\\/\\\/www.pfarrverband-salvator-mundi.de\\\/st-willibald\\\/#primaryimage\"},\"thumbnailUrl\":\"https:\\\/\\\/www.pfarrverband-salvator-mundi.de\\\/wp-content\\\/uploads\\\/2024\\\/07\\\/Banner-Sommergruss-2024_web.jpg\",\"datePublished\":\"2015-11-10T09:57:38+00:00\",\"dateModified\":\"2026-08-28T18:02:29+00:00\",\"breadcrumb\":{\"@id\":\"https:\\\/\\\/www.pfarrverband-salvator-mundi.de\\\/st-willibald\\\/#breadcrumb\"},\"inLanguage\":\"de\",\"potentialAction\":[{\"@type\":\"ReadAction\",\"target\":[\"https:\\\/\\\/www.pfarrverband-salvator-mundi.de\\\/st-willibald\\\/\"]}]},{\"@type\":\"ImageObject\",\"inLanguage\":\"de\",\"@id\":\"https:\\\/\\\/www.pfarrverband-salvator-mundi.de\\\/st-willibald\\\/#primaryimage\",\"url\":\"https:\\\/\\\/www.pfarrverband-salvator-mundi.de\\\/wp-content\\\/uploads\\\/2024\\\/07\\\/Banner-Sommergruss-2024_web.jpg\",\"contentUrl\":\"https:\\\/\\\/www.pfarrverband-salvator-mundi.de\\\/wp-content\\\/uploads\\\/2024\\\/07\\\/Banner-Sommergruss-2024_web.jpg\"},{\"@type\":\"BreadcrumbList\",\"@id\":\"https:\\\/\\\/www.pfarrverband-salvator-mundi.de\\\/st-willibald\\\/#breadcrumb\",\"itemListElement\":[{\"@type\":\"ListItem\",\"position\":1,\"name\":\"Home\",\"item\":\"https:\\\/\\\/www.pfarrverband-salvator-mundi.de\\\/st-willibald\\\/\"},{\"@type\":\"ListItem\",\"position\":2,\"name\":\"Startseite St. Willibald\"}]},{\"@type\":\"WebSite\",\"@id\":\"https:\\\/\\\/www.pfarrverband-salvator-mundi.de\\\/st-willibald\\\/#website\",\"url\":\"https:\\\/\\\/www.pfarrverband-salvator-mundi.de\\\/st-willibald\\\/\",\"name\":\"Pfarrei St. Willibald\",\"description\":\"Teil des Pfarrverbands Salvator Mundi\",\"potentialAction\":[{\"@type\":\"SearchAction\",\"target\":{\"@type\":\"EntryPoint\",\"urlTemplate\":\"https:\\\/\\\/www.pfarrverband-salvator-mundi.de\\\/st-willibald\\\/?s={search_term_string}\"},\"query-input\":{\"@type\":\"PropertyValueSpecification\",\"valueRequired\":true,\"valueName\":\"search_term_string\"}}],\"inLanguage\":\"de\"}]}<\/script>\n<!-- \/ Yoast SEO plugin. -->","yoast_head_json":{"title":"Startseite St. Willibald - Pfarrei St. Willibald","robots":{"index":"index","follow":"follow","max-snippet":"max-snippet:-1","max-image-preview":"max-image-preview:large","max-video-preview":"max-video-preview:-1"},"canonical":"https:\/\/www.pfarrverband-salvator-mundi.de\/st-willibald\/","og_locale":"de_DE","og_type":"article","og_title":"Startseite St. Willibald - Pfarrei St. Willibald","og_description":"Herzlich willkommen in der Pfarrgemeinde St. Willibald! St. Willibald trauert um seinen langj\u00e4hrigen Organist Herrn Prof. Klemens Schnorr Klemens Schnorr wurde am 22. Mai 1949 in Amorbach im Odenwald geboren. Nach dem Abitur am Johannes-Butzbach-Gymnasium in Miltenberg studierte er Orgel und Kirchenmusik bei Franz Lehrndorfer an der Hochschule f\u00fcr Musik und Theater M\u00fcnchen. Parallel dazu [&hellip;]","og_url":"https:\/\/www.pfarrverband-salvator-mundi.de\/st-willibald\/","og_site_name":"Pfarrei St. Willibald","article_modified_time":"2026-08-28T18:02:29+00:00","og_image":[{"url":"https:\/\/www.pfarrverband-salvator-mundi.de\/wp-content\/uploads\/2024\/07\/Banner-Sommergruss-2024_web.jpg","type":"","width":"","height":""}],"twitter_card":"summary_large_image","twitter_misc":{"Gesch\u00e4tzte Lesezeit":"10\u00a0Minuten"},"schema":{"@context":"https:\/\/schema.org","@graph":[{"@type":"WebPage","@id":"https:\/\/www.pfarrverband-salvator-mundi.de\/st-willibald\/","url":"https:\/\/www.pfarrverband-salvator-mundi.de\/st-willibald\/","name":"Startseite St. Willibald - Pfarrei St. Willibald","isPartOf":{"@id":"https:\/\/www.pfarrverband-salvator-mundi.de\/st-willibald\/#website"},"primaryImageOfPage":{"@id":"https:\/\/www.pfarrverband-salvator-mundi.de\/st-willibald\/#primaryimage"},"image":{"@id":"https:\/\/www.pfarrverband-salvator-mundi.de\/st-willibald\/#primaryimage"},"thumbnailUrl":"https:\/\/www.pfarrverband-salvator-mundi.de\/wp-content\/uploads\/2024\/07\/Banner-Sommergruss-2024_web.jpg","datePublished":"2015-11-10T09:57:38+00:00","dateModified":"2026-08-28T18:02:29+00:00","breadcrumb":{"@id":"https:\/\/www.pfarrverband-salvator-mundi.de\/st-willibald\/#breadcrumb"},"inLanguage":"de","potentialAction":[{"@type":"ReadAction","target":["https:\/\/www.pfarrverband-salvator-mundi.de\/st-willibald\/"]}]},{"@type":"ImageObject","inLanguage":"de","@id":"https:\/\/www.pfarrverband-salvator-mundi.de\/st-willibald\/#primaryimage","url":"https:\/\/www.pfarrverband-salvator-mundi.de\/wp-content\/uploads\/2024\/07\/Banner-Sommergruss-2024_web.jpg","contentUrl":"https:\/\/www.pfarrverband-salvator-mundi.de\/wp-content\/uploads\/2024\/07\/Banner-Sommergruss-2024_web.jpg"},{"@type":"BreadcrumbList","@id":"https:\/\/www.pfarrverband-salvator-mundi.de\/st-willibald\/#breadcrumb","itemListElement":[{"@type":"ListItem","position":1,"name":"Home","item":"https:\/\/www.pfarrverband-salvator-mundi.de\/st-willibald\/"},{"@type":"ListItem","position":2,"name":"Startseite St. Willibald"}]},{"@type":"WebSite","@id":"https:\/\/www.pfarrverband-salvator-mundi.de\/st-willibald\/#website","url":"https:\/\/www.pfarrverband-salvator-mundi.de\/st-willibald\/","name":"Pfarrei St. Willibald","description":"Teil des Pfarrverbands Salvator Mundi","potentialAction":[{"@type":"SearchAction","target":{"@type":"EntryPoint","urlTemplate":"https:\/\/www.pfarrverband-salvator-mundi.de\/st-willibald\/?s={search_term_string}"},"query-input":{"@type":"PropertyValueSpecification","valueRequired":true,"valueName":"search_term_string"}}],"inLanguage":"de"}]}},"_links":{"self":[{"href":"https:\/\/www.pfarrverband-salvator-mundi.de\/st-willibald\/wp-json\/wp\/v2\/pages\/2","targetHints":{"allow":["GET"]}}],"collection":[{"href":"https:\/\/www.pfarrverband-salvator-mundi.de\/st-willibald\/wp-json\/wp\/v2\/pages"}],"about":[{"href":"https:\/\/www.pfarrverband-salvator-mundi.de\/st-willibald\/wp-json\/wp\/v2\/types\/page"}],"author":[{"embeddable":true,"href":"https:\/\/www.pfarrverband-salvator-mundi.de\/st-willibald\/wp-json\/wp\/v2\/users\/1"}],"replies":[{"embeddable":true,"href":"https:\/\/www.pfarrverband-salvator-mundi.de\/st-willibald\/wp-json\/wp\/v2\/comments?post=2"}],"version-history":[{"count":3946,"href":"https:\/\/www.pfarrverband-salvator-mundi.de\/st-willibald\/wp-json\/wp\/v2\/pages\/2\/revisions"}],"predecessor-version":[{"id":19307,"href":"https:\/\/www.pfarrverband-salvator-mundi.de\/st-willibald\/wp-json\/wp\/v2\/pages\/2\/revisions\/19307"}],"wp:attachment":[{"href":"https:\/\/www.pfarrverband-salvator-mundi.de\/st-willibald\/wp-json\/wp\/v2\/media?parent=2"}],"curies":[{"name":"wp","href":"https:\/\/api.w.org\/{rel}","templated":true}]}}