{"id":623,"date":"2016-04-04T09:45:13","date_gmt":"2016-04-04T07:45:13","guid":{"rendered":"http:\/\/www.pfarrverband-salvator-mundi.de\/st-willibald\/?page_id=623"},"modified":"2019-11-03T20:46:06","modified_gmt":"2019-11-03T19:46:06","slug":"theatergruppe","status":"publish","type":"page","link":"https:\/\/www.pfarrverband-salvator-mundi.de\/st-willibald\/gruppen-erwachsene\/theatergruppe\/","title":{"rendered":"Theatergruppe"},"content":{"rendered":"<h1>Theatergruppe St. Willibald<\/h1>\n<style type=\"text\/css\">\n#foogallery-gallery-2702 .fg-image { width: 215px; }\n#foogallery-gallery-2702 { --fg-gutter: 10px; }<\/style>\n\t\t\t<div class=\"foogallery foogallery-container foogallery-default foogallery-lightbox-foogallery fg-left fg-default fg-ready fg-light fg-loading-default fg-loaded-fade-in\" id=\"foogallery-gallery-2702\" data-foogallery=\"{&quot;item&quot;:{&quot;showCaptionTitle&quot;:true,&quot;showCaptionDescription&quot;:false},&quot;lazy&quot;:false,&quot;src&quot;:&quot;src&quot;,&quot;srcset&quot;:&quot;srcset&quot;}\" style=\"--fg-title-line-clamp: 0; --fg-description-line-clamp: 0;\" >\n\t<div class=\"fg-item fg-type-image fg-loaded\"><figure class=\"fg-item-inner\"><a data-attachment-id=\"2713\" data-type=\"image\" class=\"fg-thumb\"><span class=\"fg-image-wrap\"><img decoding=\"async\" src=\"https:\/\/www.pfarrverband-salvator-mundi.de\/st-willibald\/wp-content\/uploads\/sites\/4\/2016\/10\/papst2013.jpg\" width=\"215\" height=\"215\" class=\"skip-lazy fg-image\" loading=\"eager\"><\/span><span class=\"fg-image-overlay\"><\/span><\/a><\/figure><div class=\"fg-loader\"><\/div><\/div><div class=\"fg-item fg-type-image fg-loaded\"><figure class=\"fg-item-inner\"><a data-attachment-id=\"2715\" data-type=\"image\" class=\"fg-thumb\"><span class=\"fg-image-wrap\"><img decoding=\"async\" src=\"https:\/\/www.pfarrverband-salvator-mundi.de\/st-willibald\/wp-content\/uploads\/sites\/4\/2016\/10\/todesfall2014.jpg\" width=\"215\" height=\"215\" class=\"skip-lazy fg-image\" loading=\"eager\"><\/span><span class=\"fg-image-overlay\"><\/span><\/a><\/figure><div class=\"fg-loader\"><\/div><\/div><div class=\"fg-item fg-type-image fg-loaded\"><figure class=\"fg-item-inner\"><a data-attachment-id=\"2714\" data-type=\"image\" class=\"fg-thumb\"><span class=\"fg-image-wrap\"><img decoding=\"async\" src=\"https:\/\/www.pfarrverband-salvator-mundi.de\/st-willibald\/wp-content\/uploads\/sites\/4\/2016\/10\/scheidung2015.jpg\" width=\"215\" height=\"215\" class=\"skip-lazy fg-image\" loading=\"eager\"><\/span><span class=\"fg-image-overlay\"><\/span><\/a><\/figure><div class=\"fg-loader\"><\/div><\/div><\/div>\n<style type=\"text\/css\"> #foogallery-gallery-2702 { \r\npadding-left: 0;\r\npadding-bottom: 10px;\r\n}<\/style>\n<p>Die Theatergruppe St. Willibald entstand im Jahr 1999, als nach der Ministranten-Sommerfahrt ein dickes Minus in der Kasse entstanden war. Um dieses auszugleichen, kamen die Oberministranten auf die Idee, ein Theaterst\u00fcck auf die Beine zu stellen, und zwar die Kom\u00f6die \u201eL\u00fcgen \u00fcber L\u00fcgen\u201c, von Walter G. Pfaus.<\/p>\n<p>Die Auff\u00fchrungen waren ein so gro\u00dfer Spa\u00df und Erfolg, dass wir beschlossen, im folgenden Jahr wieder zu spielen, diesmal das ber\u00fchmte Kriminalst\u00fcck \u201eZehn kleine Negerlein\u201c von Agatha Christie.<br \/>\nNachdem die Vorstellungen wieder gro\u00dfen Anklang fanden und die Akteure mit Begeisterung dabei waren, war eine Tradition geboren. Seither spielen wir fast jedes Jahr im Herbst, jeweils abwechselnd Krimi und Kom\u00f6die.<\/p>\n<p>Die Truppe formiert sich je nach St\u00fcck: zwischen vier und 14 Schauspieler, au\u00dferdem etliche Helfer beim B\u00fchnenbau, als Souffleuse, f\u00fcr Regietipps, Ton, Licht und Technik.<\/p>\n<p>Seit den Anf\u00e4ngen \u00fcbernehmen die Ministranten die Bewirtung der G\u00e4ste, das Pfarrb\u00fcro k\u00fcmmert sich um den Kartenvorerkauf.<\/p>\n<p>Um immer auf dem neuesten Stand zu sein, k\u00f6nnen Sie uns auch gerne auf unserer Facebookseite besuchen. Einfach auf das Icon klicken!<\/p>\n<p><a href=\"https:\/\/www.facebook.com\/Theatergruppe-St-Willibald-216461685190516\/?ref=page_internal\" target=\"_blank\" rel=\"noopener noreferrer\"><img loading=\"lazy\" decoding=\"async\" class=\"alignnone size-full wp-image-2595\" src=\"https:\/\/www.pfarrverband-salvator-mundi.de\/st-willibald\/wp-content\/uploads\/sites\/4\/2016\/04\/FB-f-Logo__blue_58.png\" alt=\"FB-f-Logo__blue_58\" width=\"58\" height=\"58\" \/><\/a><\/p>\n<h3><strong>Die Theatergruppe St. Willibald feiert 2019 ihr<br \/>\n20-j\u00e4hriges Bestehen! <\/strong><\/h3>\n<style type=\"text\/css\">\n#foogallery-gallery-8832 { --fg-gutter: 10px; }<\/style>\n\t\t\t<div class=\"foogallery foogallery-container foogallery-default foogallery-lightbox-foogallery fg-left fg-default fg-ready fg-light\" id=\"foogallery-gallery-8832\" data-foogallery=\"{&quot;item&quot;:{&quot;showCaptionTitle&quot;:false,&quot;showCaptionDescription&quot;:false},&quot;lazy&quot;:false,&quot;src&quot;:&quot;src&quot;,&quot;srcset&quot;:&quot;srcset&quot;}\" style=\"--fg-title-line-clamp: 0; --fg-description-line-clamp: 0;\" >\n\t<div class=\"fg-item fg-type-image fg-loaded\"><figure class=\"fg-item-inner\"><a data-attachment-id=\"8834\" data-type=\"image\" class=\"fg-thumb\"><span class=\"fg-image-wrap\"><img fetchpriority=\"high\" decoding=\"async\" src=\"https:\/\/www.pfarrverband-salvator-mundi.de\/st-willibald\/wp-content\/uploads\/sites\/4\/2019\/11\/Claudine_Anna_Bernard_440px.jpg\" height=\"215\" width=\"440\" class=\"skip-lazy fg-image\" loading=\"eager\"><\/span><span class=\"fg-image-overlay\"><\/span><\/a><\/figure><div class=\"fg-loader\"><\/div><\/div><div class=\"fg-item fg-type-image fg-loaded\"><figure class=\"fg-item-inner\"><a data-attachment-id=\"8833\" data-type=\"image\" class=\"fg-thumb\"><span class=\"fg-image-wrap\"><img decoding=\"async\" src=\"https:\/\/www.pfarrverband-salvator-mundi.de\/st-willibald\/wp-content\/uploads\/sites\/4\/2019\/11\/Catherine_Bernard_215px.jpg\" height=\"215\" width=\"215\" class=\"skip-lazy fg-image\" loading=\"eager\"><\/span><span class=\"fg-image-overlay\"><\/span><\/a><\/figure><div class=\"fg-loader\"><\/div><\/div><\/div>\n<style type=\"text\/css\">#foogallery-gallery-8832 {\r\npadding-left: 0;\r\npadding-bottom: 10px;\r\n}<\/style>\n<p>Erfreulicherweise hat sich dieses Jahr wieder eine etwas gr\u00f6\u00dfere Truppe zusammengefunden. So freuen wir uns, die bekannte Kom\u00f6die <strong>\u201eDie Perle Anna&#8220; von Marc Camoletti<\/strong> zu pr\u00e4sentieren:<\/p>\n<p>Anna hat als Haush\u00e4lterin beim Ehepaar Claudine und Bernard alles im Griff: die Termine und Freizeitgestaltung ihrer Herrschaft, den Inhalt der Hausbar und ihren eigenen Kontostand. Als Bernard und Claudine kurzfristig verreisen, nutzt Anna die Gelegenheit, um in aller Ruhe mit dem Inhalt der Hausbar ein sturmfreies Wochenende zu genie\u00dfen. Doch ruhig und gem\u00fctlich bleibt es nicht lange, und es entsteht ein vergn\u00fcgliches Durcheinander, in dem sich Anna als echte Perle bew\u00e4hren muss.<\/p>\n<p><strong><span style=\"color: #ad0d1f;\">Ansprechpartnerin:<\/span><\/strong><br \/>\n<strong>Eva S\u00f6ding<\/strong>, erreichbar \u00fcber das Pfarrb\u00fcro St. Willibald.<\/p>\n","protected":false},"excerpt":{"rendered":"<p>Theatergruppe St. Willibald Die Theatergruppe St. Willibald entstand im Jahr 1999, als nach der Ministranten-Sommerfahrt ein dickes Minus in der Kasse entstanden war. Um dieses auszugleichen, kamen die Oberministranten auf die Idee, ein Theaterst\u00fcck auf die Beine zu stellen, und zwar die Kom\u00f6die \u201eL\u00fcgen \u00fcber L\u00fcgen\u201c, von Walter G. Pfaus. Die Auff\u00fchrungen waren ein so [&hellip;]<\/p>\n","protected":false},"author":1,"featured_media":0,"parent":67,"menu_order":3,"comment_status":"closed","ping_status":"closed","template":"","meta":{"ngg_post_thumbnail":0,"footnotes":""},"class_list":["post-623","page","type-page","status-publish","czr-hentry"],"yoast_head":"<!-- This site is optimized with the Yoast SEO plugin v28.4 - https:\/\/yoast.com\/product\/yoast-seo-wordpress\/ -->\n<title>Theatergruppe - Pfarrei St. Willibald<\/title>\n<meta name=\"robots\" content=\"index, follow, max-snippet:-1, max-image-preview:large, max-video-preview:-1\" \/>\n<link rel=\"canonical\" href=\"https:\/\/www.pfarrverband-salvator-mundi.de\/st-willibald\/gruppen-erwachsene\/theatergruppe\/\" \/>\n<meta property=\"og:locale\" content=\"de_DE\" \/>\n<meta property=\"og:type\" content=\"article\" \/>\n<meta property=\"og:title\" content=\"Theatergruppe - Pfarrei St. Willibald\" \/>\n<meta property=\"og:description\" content=\"Theatergruppe St. Willibald Die Theatergruppe St. Willibald entstand im Jahr 1999, als nach der Ministranten-Sommerfahrt ein dickes Minus in der Kasse entstanden war. Um dieses auszugleichen, kamen die Oberministranten auf die Idee, ein Theaterst\u00fcck auf die Beine zu stellen, und zwar die Kom\u00f6die \u201eL\u00fcgen \u00fcber L\u00fcgen\u201c, von Walter G. Pfaus. Die Auff\u00fchrungen waren ein so [&hellip;]\" \/>\n<meta property=\"og:url\" content=\"https:\/\/www.pfarrverband-salvator-mundi.de\/st-willibald\/gruppen-erwachsene\/theatergruppe\/\" \/>\n<meta property=\"og:site_name\" content=\"Pfarrei St. Willibald\" \/>\n<meta property=\"article:modified_time\" content=\"2019-11-03T19:46:06+00:00\" \/>\n<meta property=\"og:image\" content=\"https:\/\/www.pfarrverband-salvator-mundi.de\/st-willibald\/wp-content\/uploads\/sites\/4\/2016\/04\/FB-f-Logo__blue_58.png\" \/>\n<meta name=\"twitter:card\" content=\"summary_large_image\" \/>\n<meta name=\"twitter:label1\" content=\"Gesch\u00e4tzte Lesezeit\" \/>\n\t<meta name=\"twitter:data1\" content=\"2\u00a0Minuten\" \/>\n<script type=\"application\/ld+json\" class=\"yoast-schema-graph\">{\"@context\":\"https:\\\/\\\/schema.org\",\"@graph\":[{\"@type\":\"WebPage\",\"@id\":\"https:\\\/\\\/www.pfarrverband-salvator-mundi.de\\\/st-willibald\\\/gruppen-erwachsene\\\/theatergruppe\\\/\",\"url\":\"https:\\\/\\\/www.pfarrverband-salvator-mundi.de\\\/st-willibald\\\/gruppen-erwachsene\\\/theatergruppe\\\/\",\"name\":\"Theatergruppe - Pfarrei St. Willibald\",\"isPartOf\":{\"@id\":\"https:\\\/\\\/www.pfarrverband-salvator-mundi.de\\\/st-willibald\\\/#website\"},\"primaryImageOfPage\":{\"@id\":\"https:\\\/\\\/www.pfarrverband-salvator-mundi.de\\\/st-willibald\\\/gruppen-erwachsene\\\/theatergruppe\\\/#primaryimage\"},\"image\":{\"@id\":\"https:\\\/\\\/www.pfarrverband-salvator-mundi.de\\\/st-willibald\\\/gruppen-erwachsene\\\/theatergruppe\\\/#primaryimage\"},\"thumbnailUrl\":\"https:\\\/\\\/www.pfarrverband-salvator-mundi.de\\\/st-willibald\\\/wp-content\\\/uploads\\\/sites\\\/4\\\/2016\\\/04\\\/FB-f-Logo__blue_58.png\",\"datePublished\":\"2016-04-04T07:45:13+00:00\",\"dateModified\":\"2019-11-03T19:46:06+00:00\",\"breadcrumb\":{\"@id\":\"https:\\\/\\\/www.pfarrverband-salvator-mundi.de\\\/st-willibald\\\/gruppen-erwachsene\\\/theatergruppe\\\/#breadcrumb\"},\"inLanguage\":\"de\",\"potentialAction\":[{\"@type\":\"ReadAction\",\"target\":[\"https:\\\/\\\/www.pfarrverband-salvator-mundi.de\\\/st-willibald\\\/gruppen-erwachsene\\\/theatergruppe\\\/\"]}]},{\"@type\":\"ImageObject\",\"inLanguage\":\"de\",\"@id\":\"https:\\\/\\\/www.pfarrverband-salvator-mundi.de\\\/st-willibald\\\/gruppen-erwachsene\\\/theatergruppe\\\/#primaryimage\",\"url\":\"https:\\\/\\\/www.pfarrverband-salvator-mundi.de\\\/st-willibald\\\/wp-content\\\/uploads\\\/sites\\\/4\\\/2016\\\/04\\\/FB-f-Logo__blue_58.png\",\"contentUrl\":\"https:\\\/\\\/www.pfarrverband-salvator-mundi.de\\\/st-willibald\\\/wp-content\\\/uploads\\\/sites\\\/4\\\/2016\\\/04\\\/FB-f-Logo__blue_58.png\",\"width\":58,\"height\":58},{\"@type\":\"BreadcrumbList\",\"@id\":\"https:\\\/\\\/www.pfarrverband-salvator-mundi.de\\\/st-willibald\\\/gruppen-erwachsene\\\/theatergruppe\\\/#breadcrumb\",\"itemListElement\":[{\"@type\":\"ListItem\",\"position\":1,\"name\":\"Home\",\"item\":\"https:\\\/\\\/www.pfarrverband-salvator-mundi.de\\\/st-willibald\\\/\"},{\"@type\":\"ListItem\",\"position\":2,\"name\":\"Gruppen Erwachsene\",\"item\":\"https:\\\/\\\/www.pfarrverband-salvator-mundi.de\\\/st-willibald\\\/gruppen-erwachsene\\\/\"},{\"@type\":\"ListItem\",\"position\":3,\"name\":\"Theatergruppe\"}]},{\"@type\":\"WebSite\",\"@id\":\"https:\\\/\\\/www.pfarrverband-salvator-mundi.de\\\/st-willibald\\\/#website\",\"url\":\"https:\\\/\\\/www.pfarrverband-salvator-mundi.de\\\/st-willibald\\\/\",\"name\":\"Pfarrei St. Willibald\",\"description\":\"Teil des Pfarrverbands Salvator Mundi\",\"potentialAction\":[{\"@type\":\"SearchAction\",\"target\":{\"@type\":\"EntryPoint\",\"urlTemplate\":\"https:\\\/\\\/www.pfarrverband-salvator-mundi.de\\\/st-willibald\\\/?s={search_term_string}\"},\"query-input\":{\"@type\":\"PropertyValueSpecification\",\"valueRequired\":true,\"valueName\":\"search_term_string\"}}],\"inLanguage\":\"de\"}]}<\/script>\n<!-- \/ Yoast SEO plugin. -->","yoast_head_json":{"title":"Theatergruppe - Pfarrei St. Willibald","robots":{"index":"index","follow":"follow","max-snippet":"max-snippet:-1","max-image-preview":"max-image-preview:large","max-video-preview":"max-video-preview:-1"},"canonical":"https:\/\/www.pfarrverband-salvator-mundi.de\/st-willibald\/gruppen-erwachsene\/theatergruppe\/","og_locale":"de_DE","og_type":"article","og_title":"Theatergruppe - Pfarrei St. Willibald","og_description":"Theatergruppe St. Willibald Die Theatergruppe St. Willibald entstand im Jahr 1999, als nach der Ministranten-Sommerfahrt ein dickes Minus in der Kasse entstanden war. Um dieses auszugleichen, kamen die Oberministranten auf die Idee, ein Theaterst\u00fcck auf die Beine zu stellen, und zwar die Kom\u00f6die \u201eL\u00fcgen \u00fcber L\u00fcgen\u201c, von Walter G. Pfaus. Die Auff\u00fchrungen waren ein so [&hellip;]","og_url":"https:\/\/www.pfarrverband-salvator-mundi.de\/st-willibald\/gruppen-erwachsene\/theatergruppe\/","og_site_name":"Pfarrei St. Willibald","article_modified_time":"2019-11-03T19:46:06+00:00","og_image":[{"url":"https:\/\/www.pfarrverband-salvator-mundi.de\/st-willibald\/wp-content\/uploads\/sites\/4\/2016\/04\/FB-f-Logo__blue_58.png","type":"","width":"","height":""}],"twitter_card":"summary_large_image","twitter_misc":{"Gesch\u00e4tzte Lesezeit":"2\u00a0Minuten"},"schema":{"@context":"https:\/\/schema.org","@graph":[{"@type":"WebPage","@id":"https:\/\/www.pfarrverband-salvator-mundi.de\/st-willibald\/gruppen-erwachsene\/theatergruppe\/","url":"https:\/\/www.pfarrverband-salvator-mundi.de\/st-willibald\/gruppen-erwachsene\/theatergruppe\/","name":"Theatergruppe - Pfarrei St. Willibald","isPartOf":{"@id":"https:\/\/www.pfarrverband-salvator-mundi.de\/st-willibald\/#website"},"primaryImageOfPage":{"@id":"https:\/\/www.pfarrverband-salvator-mundi.de\/st-willibald\/gruppen-erwachsene\/theatergruppe\/#primaryimage"},"image":{"@id":"https:\/\/www.pfarrverband-salvator-mundi.de\/st-willibald\/gruppen-erwachsene\/theatergruppe\/#primaryimage"},"thumbnailUrl":"https:\/\/www.pfarrverband-salvator-mundi.de\/st-willibald\/wp-content\/uploads\/sites\/4\/2016\/04\/FB-f-Logo__blue_58.png","datePublished":"2016-04-04T07:45:13+00:00","dateModified":"2019-11-03T19:46:06+00:00","breadcrumb":{"@id":"https:\/\/www.pfarrverband-salvator-mundi.de\/st-willibald\/gruppen-erwachsene\/theatergruppe\/#breadcrumb"},"inLanguage":"de","potentialAction":[{"@type":"ReadAction","target":["https:\/\/www.pfarrverband-salvator-mundi.de\/st-willibald\/gruppen-erwachsene\/theatergruppe\/"]}]},{"@type":"ImageObject","inLanguage":"de","@id":"https:\/\/www.pfarrverband-salvator-mundi.de\/st-willibald\/gruppen-erwachsene\/theatergruppe\/#primaryimage","url":"https:\/\/www.pfarrverband-salvator-mundi.de\/st-willibald\/wp-content\/uploads\/sites\/4\/2016\/04\/FB-f-Logo__blue_58.png","contentUrl":"https:\/\/www.pfarrverband-salvator-mundi.de\/st-willibald\/wp-content\/uploads\/sites\/4\/2016\/04\/FB-f-Logo__blue_58.png","width":58,"height":58},{"@type":"BreadcrumbList","@id":"https:\/\/www.pfarrverband-salvator-mundi.de\/st-willibald\/gruppen-erwachsene\/theatergruppe\/#breadcrumb","itemListElement":[{"@type":"ListItem","position":1,"name":"Home","item":"https:\/\/www.pfarrverband-salvator-mundi.de\/st-willibald\/"},{"@type":"ListItem","position":2,"name":"Gruppen Erwachsene","item":"https:\/\/www.pfarrverband-salvator-mundi.de\/st-willibald\/gruppen-erwachsene\/"},{"@type":"ListItem","position":3,"name":"Theatergruppe"}]},{"@type":"WebSite","@id":"https:\/\/www.pfarrverband-salvator-mundi.de\/st-willibald\/#website","url":"https:\/\/www.pfarrverband-salvator-mundi.de\/st-willibald\/","name":"Pfarrei St. Willibald","description":"Teil des Pfarrverbands Salvator Mundi","potentialAction":[{"@type":"SearchAction","target":{"@type":"EntryPoint","urlTemplate":"https:\/\/www.pfarrverband-salvator-mundi.de\/st-willibald\/?s={search_term_string}"},"query-input":{"@type":"PropertyValueSpecification","valueRequired":true,"valueName":"search_term_string"}}],"inLanguage":"de"}]}},"_links":{"self":[{"href":"https:\/\/www.pfarrverband-salvator-mundi.de\/st-willibald\/wp-json\/wp\/v2\/pages\/623","targetHints":{"allow":["GET"]}}],"collection":[{"href":"https:\/\/www.pfarrverband-salvator-mundi.de\/st-willibald\/wp-json\/wp\/v2\/pages"}],"about":[{"href":"https:\/\/www.pfarrverband-salvator-mundi.de\/st-willibald\/wp-json\/wp\/v2\/types\/page"}],"author":[{"embeddable":true,"href":"https:\/\/www.pfarrverband-salvator-mundi.de\/st-willibald\/wp-json\/wp\/v2\/users\/1"}],"replies":[{"embeddable":true,"href":"https:\/\/www.pfarrverband-salvator-mundi.de\/st-willibald\/wp-json\/wp\/v2\/comments?post=623"}],"version-history":[{"count":19,"href":"https:\/\/www.pfarrverband-salvator-mundi.de\/st-willibald\/wp-json\/wp\/v2\/pages\/623\/revisions"}],"predecessor-version":[{"id":8835,"href":"https:\/\/www.pfarrverband-salvator-mundi.de\/st-willibald\/wp-json\/wp\/v2\/pages\/623\/revisions\/8835"}],"up":[{"embeddable":true,"href":"https:\/\/www.pfarrverband-salvator-mundi.de\/st-willibald\/wp-json\/wp\/v2\/pages\/67"}],"wp:attachment":[{"href":"https:\/\/www.pfarrverband-salvator-mundi.de\/st-willibald\/wp-json\/wp\/v2\/media?parent=623"}],"curies":[{"name":"wp","href":"https:\/\/api.w.org\/{rel}","templated":true}]}}