{"id":8626,"date":"2019-09-08T18:01:14","date_gmt":"2019-09-08T16:01:14","guid":{"rendered":"https:\/\/www.pfarrverband-salvator-mundi.de\/st-willibald\/?page_id=8626"},"modified":"2026-01-23T10:24:35","modified_gmt":"2026-01-23T09:24:35","slug":"datenschutzerklaerung","status":"publish","type":"page","link":"https:\/\/www.pfarrverband-salvator-mundi.de\/st-willibald\/datenschutzerklaerung\/","title":{"rendered":"Datenschutzerkl\u00e4rung"},"content":{"rendered":"<h2>Datenschutzerkl\u00e4rung f\u00fcr den<br \/>\nPfarrverband Salvator Mundi<\/h2>\n<p>Der Pfarrverband Salvator Mundi nimmt den Schutz von pers\u00f6nlichen Daten sehr ernst und h\u00e4lt sich an die Regeln der Datenschutzgesetze. Die nachfolgenden Erl\u00e4uterungen geben einen \u00dcberblick, wie der Datenschutz auf unseren Webseiten umgesetzt wird:<\/p>\n<p><strong> 1 | Kontaktdaten des Verantwortlichen<\/strong><\/p>\n<p>Der Verantwortliche im Sinne des Gesetzes \u00fcber den Kirchlichen Datenschutz (KDG) und anderer nationaler Datenschutzgesetze der Mitgliedstaaten sowie sonstiger datenschutzrechtlicher Bestimmungen ist der:<\/p>\n<p>Pfarrverband Salvator Mundi<br \/>\nTadeusz Zielinski SDS, Pfarradministrator<strong><br \/>\n<\/strong>Agnes-Bernauer-Str. 181<br \/>\n80687 M\u00fcnchen<br \/>\nTelefon: 089-54 67 37-0<br \/>\nFax: 089-54 67 37-19<br \/>\n<a href=\"mailto:st-willibald.muenchen@ebmuc.de\"><span id=\"cloak92244\">st-willibald.muenchen@ebmuc<\/span><span id=\"cloak92244\">.de<\/span><\/a><\/p>\n<h2>&nbsp;<\/h2>\n<p><strong> 2 | Kontaktdaten des Datenschutzbeauftragten<\/strong><\/p>\n<p>Erzbisch\u00f6fliches Ordinariat M\u00fcnchen<br \/>\nStabsstelle Datenschutz (AC.2.DS)<\/p>\n<p>Kapellenstra\u00dfe 4<br \/>\n80333 M\u00fcnchen<br \/>\nTel. +49 89 21370<br \/>\nE-Mail: <a href=\"mailto:datenschutz@eomuc.de\">datenschutz@eomuc.de<\/a><\/p>\n<h2>&nbsp;<\/h2>\n<p><strong> 3 | Allgemeines zur Datenverarbeitung<\/strong><\/p>\n<p><strong>3.1. Umfang der Verarbeitung personenbezogener Daten<\/strong><\/p>\n<p>Wir verarbeiten personenbezogene Daten unserer Nutzer grunds\u00e4tzlich nur, soweit dies zur Bereitstellung einer funktionsf\u00e4higen Webseite sowie unserer Inhalte und Leistungen erforderlich ist. Die Verarbeitung personenbezogener Daten unserer Nutzer erfolgt regelm\u00e4\u00dfig nur nach Einwilligung des Nutzers. Eine Ausnahme gilt in solchen F\u00e4llen, in denen eine vorherige Einholung einer Einwilligung aus tats\u00e4chlichen Gr\u00fcnden nicht m\u00f6glich ist und die Verarbeitung der Daten durch gesetzliche Vorschriften gestattet ist.<\/p>\n<p><strong>3.2. Rechtsgrundlage f\u00fcr die Verarbeitung personenbezogener Daten<\/strong><\/p>\n<p>Soweit wir f\u00fcr Verarbeitungsvorg\u00e4nge personenbezogener Daten eine Einwilligung der betroffenen Person einholen, dient \u00a7 6 Abs. 1 lit. b des Gesetzes \u00fcber den Kirchlichen Datenschutz (KDG) als Rechtsgrundlage.<\/p>\n<p>Bei der Verarbeitung von personenbezogenen Daten, die zur Erf\u00fcllung eines Vertrages, dessen Vertragspartei die betroffene Person ist, erforderlich ist, dient \u00a7 6 Abs. 1 lit. c KDG als Rechtsgrundlage. Dies gilt auch f\u00fcr Verarbeitungsvorg\u00e4nge, die zur Durchf\u00fchrung vorvertraglicher Ma\u00dfnahmen erforderlich sind.<\/p>\n<p>Soweit eine Verarbeitung personenbezogener Daten zur Erf\u00fcllung einer rechtlichen Verpflichtung erforderlich ist, der unser Unternehmen unterliegt, dient \u00a7 6 Abs. 1 lit. d KDG als Rechtsgrundlage.<\/p>\n<p>Ist die Verarbeitung zur Wahrung eines berechtigten Interesses von uns oder eines Dritten erforderlich und \u00fcberwiegen die Interessen, Grundrechte und Grundfreiheiten des Betroffenen das erstgenannte Interesse nicht, so dient \u00a7 6 Abs. 1 lit. g KDG als Rechtsgrundlage f\u00fcr die Verarbeitung.<\/p>\n<p><strong>3.3. Datenl\u00f6schung und Speicherdauer<\/strong><\/p>\n<p>Die personenbezogenen Daten der betroffenen Person werden gel\u00f6scht oder gesperrt, sobald der Zweck der Speicherung entf\u00e4llt. Eine Speicherung kann dar\u00fcber hinaus erfolgen, wenn dies durch den europ\u00e4ischen oder nationalen Gesetzgeber in unionsrechtlichen Verordnungen, Gesetzen oder sonstigen Vorschriften, denen der Verantwortliche unterliegt, vorgesehen wurde. Eine Sperrung oder L\u00f6schung der Daten erfolgt auch dann, wenn eine durch die genannten Normen vorgeschriebene Speicherfrist abl\u00e4uft, es sei denn, dass eine Erforderlichkeit zur weiteren Speicherung der Daten f\u00fcr einen Vertragsabschluss oder eine Vertragserf\u00fcllung besteht.<\/p>\n<h2>&nbsp;<\/h2>\n<p><strong> 4 | Bereitstellung der Website und Erstellung von Logfiles<\/strong><\/p>\n<p><strong>4.1. Beschreibung und Umfang der Datenverarbeitung<\/strong><\/p>\n<p>Man kann das Online-Angebot grunds\u00e4tzlich ohne Offenlegung der Identit\u00e4t nutzen. Bei jedem Aufruf unserer Internetseite erfasst unser System automatisiert Daten und Informationen vom Computersystem des aufrufenden Rechners. Folgende Daten werden hierbei erhoben:<\/p>\n<ul>\n<li>Informationen \u00fcber den Browsertyp und die verwendete Version<\/li>\n<li>Das Betriebssystem des Nutzers<\/li>\n<li>Den Internet-Service-Provider des Nutzers<\/li>\n<li>die IP-Adresse des anfordernden Rechners<\/li>\n<li>Datum und Uhrzeit des Zugriffs<\/li>\n<li>Websites, von denen das System des Nutzers auf unsere Internetseite gelangt<\/li>\n<li>Websites, die vom System des Nutzers \u00fcber unsere Website aufgerufen werden<\/li>\n<li>die \u00fcbertragene Datenmenge<\/li>\n<li>der Zugriffsstatus (Datei \u00fcbertragen, Datei nicht gefunden, etc.)<\/li>\n<\/ul>\n<p>Die gespeicherten Daten werden ausschlie\u00dflich anonymisiert zu technischen oder statistischen Zwecken verwendet; ein Abgleich mit anderen Datenbest\u00e4nden oder eine Weitergabe an Dritte, auch in Ausz\u00fcgen, findet nicht statt. Die Daten werden zudem nach einer statistischen Auswertung gel\u00f6scht. Die statistische Auswertung anonymisierter Datens\u00e4tze bleibt vorbehalten.<\/p>\n<p><strong>4.2. Rechtsgrundlage f\u00fcr die Datenverarbeitung<\/strong><\/p>\n<p>Rechtsgrundlage f\u00fcr die vor\u00fcbergehende Speicherung der Daten und der Logfiles ist \u00a7&nbsp;6 Abs. 1 lit. g KDG<\/p>\n<p><strong>4.3. Zweck der Datenverarbeitung<\/strong><\/p>\n<p>Die vor\u00fcbergehende Speicherung der IP-Adresse durch das System ist notwendig, um eine Auslieferung der Website an den Rechner des Nutzers zu erm\u00f6glichen. Hierf\u00fcr muss die IP-Adresse des Nutzers f\u00fcr die Dauer der Sitzung gespeichert bleiben.<\/p>\n<p>Die Speicherung in Logfiles erfolgt, um die Funktionsf\u00e4higkeit der Website sicherzustellen. Zudem dienen uns die Daten zur Optimierung der Website und zur Sicherstellung der Sicherheit unserer informationstechnischen Systeme. Eine Auswertung der Daten zu Marketingzwecken findet in diesem Zusammenhang nicht statt.<\/p>\n<p>In diesen Zwecken liegt auch unser berechtigtes Interesse an der Datenverarbeitung nach \u00a7&nbsp;6 Abs. 1 lit. g KDG.<\/p>\n<p><strong>4.4. Dauer der Speicherung<\/strong><\/p>\n<p>Die Daten werden gel\u00f6scht, sobald sie f\u00fcr die Erreichung des Zweckes ihrer Erhebung nicht mehr erforderlich sind. Im Falle der Erfassung der Daten zur Bereitstellung der Website ist dies der Fall, wenn die jeweilige Sitzung beendet ist.<\/p>\n<p>Im Falle der Speicherung der Daten in Logfiles ist dies nach sp\u00e4testens sieben Tagen der Fall. Eine dar\u00fcberhinausgehende Speicherung ist m\u00f6glich. In diesem Fall werden die IP-Adressen der Nutzer gel\u00f6scht oder verfremdet, sodass eine Zuordnung des aufrufenden Clients nicht mehr m\u00f6glich ist.<\/p>\n<p><strong>4.5. Widerspruchs- und Beseitigungsm\u00f6glichkeit<\/strong><\/p>\n<p>Die Erfassung der Daten zur Bereitstellung der Website und die Speicherung der Daten in Logfiles ist f\u00fcr den Betrieb der Internetseite zwingend erforderlich. Es besteht folglich seitens des Nutzers keine Widerspruchsm\u00f6glichkeit.<\/p>\n<h2>&nbsp;<\/h2>\n<p><strong> 5 | Verwendung von Cookies<\/strong><\/p>\n<p>Unsere Webseite verwendet Cookies. Sie dienen dazu, das Angebot nutzerfreundlicher, effektiver und sicherer zu machen. Bei Cookies handelt es sich um Textdateien, die im Internetbrowser bzw. vom Internetbrowser auf dem Computersystem des Nutzers gespeichert werden. Ruft ein Nutzer eine Website auf, so kann ein Cookie auf dem Betriebssystem des Nutzers gespeichert werden. Dieser Cookie enth\u00e4lt eine charakteristische Zeichenfolge, die eine eindeutige Identifizierung des Browsers beim erneuten Aufrufen der Website erm\u00f6glicht.<\/p>\n<p>Die von uns verwendeten Cookies sind so genannte &#8222;Session-Cookies&#8220;. Sie werden nach Ende des Besuchs automatisch gel\u00f6scht. Cookies richten auf dem eingew\u00e4hlten Rechner keinen Schaden an und enthalten keine Viren.<\/p>\n<p>Sie k\u00f6nnen Ihren Browser so einstellen, dass Sie \u00fcber das Setzen von Cookies informiert werden und Cookies nur im Einzelfall erlauben, die Annahme von Cookies f\u00fcr bestimmte F\u00e4lle oder generell ausschlie\u00dfen sowie das automatische L\u00f6schen der Cookies beim Schlie\u00dfen des Browser aktivieren. Bei der Deaktivierung von Cookies kann die Funktionalit\u00e4t dieser Website eingeschr\u00e4nkt sein.<\/p>\n<h2>&nbsp;<\/h2>\n<p><strong> 6 | Kontaktformular und Email-Kontakt<\/strong><\/p>\n<p><strong>6.1. Beschreibung und Umfang der Datenverarbeitung<\/strong><\/p>\n<p>Auf unserer Internetseite ist ein Kontaktformular f\u00fcr das j\u00e4hrliche Sommerlager vorhanden, welches f\u00fcr die elektronische Kontaktaufnahme genutzt werden kann. Dabei werden bei der Kontaktaufnahme die Daten aus der Eingabemaske an uns \u00fcbermittelt und gespeichert.<\/p>\n<p>Wir fragen dabei folgende Daten ab:<\/p>\n<p>Name, Vorname, Anrede; Geburtsdatum; Telefonnummer; Stra\u00dfe; PLZ und Ort; Krankenversicherung; Emailadresse; Essenseinschr\u00e4nkung; Angaben bei minderj\u00e4hrigen Teilnehmern\/Schwimmen; Angaben eines Personensorgeberechtigten w\u00e4hrend des Lagers.<\/p>\n<p>Zudem werden folgende Daten im Zeitpunkt der Absendung gespeichert:<\/p>\n<p>(1)&nbsp;&nbsp;&nbsp;&nbsp;&nbsp;&nbsp; IP-Adresse des aufrufenden Rechners<\/p>\n<p>(2)&nbsp;&nbsp;&nbsp;&nbsp;&nbsp;&nbsp; Datum und Uhrzeit der Kontaktaufnahme<\/p>\n<p>F\u00fcr die Verarbeitung der Daten wird im Rahmen des Absendevorganges Ihre Einwilligung eingeholt und auf diese Datenschutzerkl\u00e4rung verwiesen.<\/p>\n<p>Alternativ ist eine Kontaktaufnahme \u00fcber die bereitgestellte E-Mail-Adresse m\u00f6glich. In diesem Fall werden die mit der E-Mail \u00fcbermittelten personenbezogenen Daten des Nutzers gespeichert.<\/p>\n<p>Wenn Sie auf unserer Internetseite Waren oder Dienstleistungen erwerben und hierbei Ihre E-Mail-Adresse hinterlegen, kann diese in der Folge durch uns f\u00fcr den Versand eines Newsletters verwendet werden. In einem solchen Fall wird \u00fcber den Newsletter ausschlie\u00dflich Direktwerbung f\u00fcr eigene \u00e4hnliche Waren oder Dienstleistungen versendet.<\/p>\n<p>Es erfolgt im Zusammenhang mit der Datenverarbeitung f\u00fcr die Kontaktaufnahme keine Weitergabe der Daten an Dritte. Die Daten werden ausschlie\u00dflich f\u00fcr die Kontaktaufnahme verwendet.<\/p>\n<p><strong>6.2. Rechtsgrundlagen f\u00fcr die Datenverarbeitung<\/strong><\/p>\n<p>Rechtsgrundlage f\u00fcr die Verarbeitung der Daten ist bei Vorliegen einer Einwilligung \u00a7&nbsp;6 Abs. 1 lit. b KDG. Rechtsgrundlage f\u00fcr die Verarbeitung der Daten, die im Zuge einer \u00dcbersendung einer E-Mail \u00fcbermittelt werden, ist \u00a7 6 Abs. 1 lit. g KDG. Zielt der E-Mail-Kontakt auf den Abschluss eines Vertrages ab, so ist zus\u00e4tzliche Rechtsgrundlage f\u00fcr die Verarbeitung \u00a7 6 Abs. 1 lit. c KDG.<\/p>\n<p><strong>6.3. Zweck der Datenverarbeitung<\/strong><\/p>\n<p>Die Verarbeitung der personenbezogenen Daten aus der Eingabemaske dient uns allein zur Bearbeitung der Kontaktaufnahme. Im Falle einer Kontaktaufnahme per E-Mail liegt hieran auch das erforderliche berechtigte Interesse an der Verarbeitung der Daten.<\/p>\n<p>Die sonstigen w\u00e4hrend des Absendevorgangs verarbeiteten personenbezogenen Daten dienen dazu, einen Missbrauch des Kontaktformulars zu verhindern und die Sicherheit unserer informationstechnischen Systeme sicherzustellen. In diesen Zwecken liegt auch unser berechtigtes Interesse an der Datenverarbeitung nach \u00a7&nbsp;6 Abs. 1 lit. g KDG.<\/p>\n<p><strong>6.4. Dauer der Speicherung<\/strong><\/p>\n<p>Die Daten werden gel\u00f6scht, sobald sie f\u00fcr die Erreichung des Zweckes ihrer Erhebung nicht mehr erforderlich sind.<\/p>\n<p>F\u00fcr die personenbezogenen Daten aus der Eingabemaske, des Kontaktformulars und diejenigen, die per E-Mail \u00fcbersandt wurden, ist dies dann der Fall, wenn die jeweilige Konversation mit dem Nutzer beendet ist. Beendet ist die Konversation dann, wenn sich aus den Umst\u00e4nden entnehmen l\u00e4sst, dass der betroffene Sachverhalt abschlie\u00dfend gekl\u00e4rt ist.<\/p>\n<p>Im Falle, dass kein Vertrag zustande kommt, werden die Daten sp\u00e4testens nach einer Frist von sechs Monaten gel\u00f6scht.<\/p>\n<p>Die w\u00e4hrend des Absendevorgangs zus\u00e4tzlich erhobenen personenbezogenen Daten werden sp\u00e4testens nach einer Frist von sieben Tagen gel\u00f6scht.<\/p>\n<p><strong>6.5. Widerspruchs- und Beseitigungsm\u00f6glichkeit<\/strong><\/p>\n<p>Der Nutzer hat jederzeit die M\u00f6glichkeit, seine Einwilligung zur Verarbeitung der personenbezogenen Daten zu widerrufen. Nimmt der Nutzer per E-Mail Kontakt mit uns auf, so kann er der Speicherung seiner personenbezogenen Daten jederzeit widersprechen. In einem solchen Fall kann die Konversation nicht fortgef\u00fchrt werden.<\/p>\n<p>Zur Geltendmachung Ihrer Rechte senden Sie bitte eine Email an: <a href=\"mailto:fronleichnam.muenchen@ebmuc.de\" target=\"_blank\" rel=\"noopener noreferrer\">fronleichnam.muenchen@ebmuc.de<\/a><\/p>\n<p>Alle personenbezogenen Daten, die im Zuge der Kontaktaufnahme gespeichert wurden, werden in diesem Fall gel\u00f6scht.<\/p>\n<h2>&nbsp;<\/h2>\n<p><strong>7 | Rechte der betroffenen Person<\/strong><\/p>\n<p>Werden personenbezogene Daten von Ihnen verarbeitet, sind Sie Betroffener i.S.d. KDG und es stehen Ihnen folgende Rechte gegen\u00fcber dem Verantwortlichen zu:<\/p>\n<p><strong>7.1. Auskunftsrecht<\/strong><\/p>\n<p>Sie k\u00f6nnen von dem Verantwortlichen eine Best\u00e4tigung dar\u00fcber verlangen, ob personenbezogene Daten, die Sie betreffen, von uns verarbeitet werden.<\/p>\n<p>Liegt eine solche Verarbeitung vor, k\u00f6nnen Sie von dem Verantwortlichen \u00fcber folgende Informationen Auskunft verlangen:<\/p>\n<ul>\n<li>die Zwecke, zu denen die personenbezogenen Daten verarbeitet werden;<\/li>\n<li>die Kategorien von personenbezogenen Daten, welche verarbeitet werden;<\/li>\n<li>die Empf\u00e4nger bzw. die Kategorien von Empf\u00e4ngern, gegen\u00fcber denen die Sie betreffenden personenbezogenen Daten offengelegt wurden noch offengelegt werden;<\/li>\n<li>die geplante Dauer der Speicherung der Sie betreffenden personenbezogenen Daten oder, falls konkrete Angaben hierzu nicht m\u00f6glich sind, Kriterien f\u00fcr die Festlegung der Speicherdauer;<\/li>\n<li>das Bestehen eines Rechts auf Berichtigung oder L\u00f6schung der Sie betreffenden personenbezogenen Daten, eines Rechts auf Einschr\u00e4nkung der Verarbeitung durch den Verantwortlichen oder eines Widerspruchsrechts gegen diese Verarbeitung;<\/li>\n<li>das Bestehen eines Beschwerderechts bei einer Aufsichtsbeh\u00f6rde;<\/li>\n<li>alle verf\u00fcgbaren Informationen \u00fcber die Herkunft der Daten, wenn die personenbezogenen Daten nicht bei der betroffenen Person erhoben werden;<\/li>\n<li>das Bestehen einer automatisierten Entscheidungsfindung einschlie\u00dflich Profiling gem\u00e4\u00df \u00a7 24 Abs.&nbsp;1 und 4 KDG und \u2013 zumindest in diesen F\u00e4llen \u2013 aussagekr\u00e4ftige Informationen \u00fcber die involvierte Logik sowie die Tragweite und die angestrebten Auswirkungen einer derartigen Verarbeitung f\u00fcr die betroffene Person.<\/li>\n<\/ul>\n<p>Ihnen steht das Recht zu, Auskunft dar\u00fcber zu verlangen, ob die Sie betreffenden personenbezogenen Daten in ein Drittland oder an eine internationale Organisation \u00fcbermittelt werden. In diesem Zusammenhang k\u00f6nnen Sie verlangen, \u00fcber die geeigneten Garantien gem. \u00a7 40 KDG im Zusammenhang mit der \u00dcbermittlung unterrichtet zu werden.<\/p>\n<p><strong>7.2.&nbsp; Recht auf Berichtigung<\/strong><\/p>\n<p>Sie haben ein Recht auf Berichtigung und\/oder Vervollst\u00e4ndigung gegen\u00fcber dem Verantwortlichen, sofern die verarbeiteten personenbezogenen Daten, die Sie betreffen, unrichtig oder unvollst\u00e4ndig sind. Der Verantwortliche hat die Berichtigung unverz\u00fcglich vorzunehmen.<\/p>\n<p><strong>7.3. Recht auf Einschr\u00e4nkung der Verarbeitung<\/strong><\/p>\n<p>Unter den folgenden Voraussetzungen k\u00f6nnen Sie die Einschr\u00e4nkung der Verarbeitung der Sie betreffenden personenbezogenen Daten verlangen:<\/p>\n<ul>\n<li>wenn Sie die Richtigkeit der Sie betreffenden personenbezogenen Daten f\u00fcr eine Dauer bestreiten, die es dem Verantwortlichen erm\u00f6glicht, die Richtigkeit der personenbezogenen Daten zu \u00fcberpr\u00fcfen;<\/li>\n<li>die Verarbeitung unrechtm\u00e4\u00dfig ist und Sie die L\u00f6schung der personenbezogenen Daten ablehnen und stattdessen die Einschr\u00e4nkung der Nutzung der personenbezogenen Daten verlangen;<\/li>\n<li>der Verantwortliche die personenbezogenen Daten f\u00fcr die Zwecke der Verarbeitung nicht l\u00e4nger ben\u00f6tigt, Sie diese jedoch zur Geltendmachung, Aus\u00fcbung oder Verteidigung von Rechtsanspr\u00fcchen ben\u00f6tigen, oder<\/li>\n<li>wenn Sie Widerspruch gegen die Verarbeitung gem\u00e4\u00df \u00a7 23 Abs. 1 KDG eingelegt haben und noch nicht feststeht, ob die berechtigten Gr\u00fcnde des Verantwortlichen gegen\u00fcber Ihren Gr\u00fcnden \u00fcberwiegen.<\/li>\n<\/ul>\n<p>Wurde die Verarbeitung der Sie betreffenden personenbezogenen Daten eingeschr\u00e4nkt, d\u00fcrfen diese Daten \u2013 von ihrer Speicherung abgesehen \u2013 nur mit Ihrer Einwilligung oder zur Geltendmachung, Aus\u00fcbung oder Verteidigung von Rechtsanspr\u00fcchen oder zum Schutz der Rechte einer anderen nat\u00fcrlichen oder juristischen Person oder aus Gr\u00fcnden eines wichtigen \u00f6ffentlichen Interesses der Union oder eines Mitgliedstaats verarbeitet werden.<\/p>\n<p>Wurde die Einschr\u00e4nkung der Verarbeitung nach den o.g. Voraussetzungen eingeschr\u00e4nkt, werden Sie von dem Verantwortlichen unterrichtet bevor die Einschr\u00e4nkung aufgehoben wird.<\/p>\n<p><strong>7.4. Recht auf L\u00f6schung<\/strong><\/p>\n<p><strong>1a) L\u00f6schungspflicht<\/strong><\/p>\n<p>Sie k\u00f6nnen von dem Verantwortlichen verlangen, dass die Sie betreffenden personenbezogenen Daten unverz\u00fcglich gel\u00f6scht werden, und der Verantwortliche ist verpflichtet, diese Daten unverz\u00fcglich zu l\u00f6schen, sofern einer der folgenden Gr\u00fcnde zutrifft:<\/p>\n<ul>\n<li>Die Sie betreffenden personenbezogenen Daten sind f\u00fcr die Zwecke, f\u00fcr die sie erhoben oder auf sonstige Weise verarbeitet wurden, nicht mehr notwendig.<\/li>\n<li>Sie widerrufen Ihre Einwilligung, auf die sich die Verarbeitung gem.&nbsp;\u00a7 6 Abs. 1&nbsp;b oder \u00a7 11 Abs.&nbsp;2&nbsp;a KDG st\u00fctzte, und es fehlt an einer anderweitigen Rechtsgrundlage f\u00fcr die Verarbeitung.<\/li>\n<li>Sie legen gem. \u00a7 23 Abs. 1 KDG Widerspruch gegen die Verarbeitung ein und es liegen keine vorrangigen berechtigten Gr\u00fcnde f\u00fcr die Verarbeitung vor, oder Sie legen gem. \u00a7 23 Abs. 3 KDG Widerspruch gegen die Verarbeitung ein.<\/li>\n<li>Die Sie betreffenden personenbezogenen Daten wurden unrechtm\u00e4\u00dfig verarbeitet.<\/li>\n<li>Die L\u00f6schung der Sie betreffenden personenbezogenen Daten ist zur Erf\u00fcllung einer rechtlichen Verpflichtung nach dem Unionsrecht oder dem Recht der Mitgliedstaaten erforderlich, dem der Verantwortliche unterliegt.<\/li>\n<\/ul>\n<p><strong>1b) Information an Dritte<\/strong><\/p>\n<p>Hat der Verantwortliche die Sie betreffenden personenbezogenen Daten \u00f6ffentlich gemacht und ist er gem.&nbsp;\u00a7 19 Abs. 1 KDG&nbsp;zu deren L\u00f6schung verpflichtet, so trifft er unter Ber\u00fccksichtigung der verf\u00fcgbaren Technologie und der Implementierungskosten angemessene Ma\u00dfnahmen, auch technischer Art, um f\u00fcr die Datenverarbeitung Verantwortliche, die die personenbezogenen Daten verarbeiten, dar\u00fcber zu informieren, dass Sie als betroffene Person von ihnen die L\u00f6schung aller Links zu diesen personenbezogenen Daten oder von Kopien oder Replikationen dieser personenbezogenen Daten verlangt haben.<\/p>\n<p><strong>1c) Ausnahmen<\/strong><\/p>\n<p>Das Recht auf L\u00f6schung besteht nicht, soweit die Verarbeitung erforderlich ist<\/p>\n<ul>\n<li>zur Aus\u00fcbung des Rechts auf freie Meinungs\u00e4u\u00dferung und Information;<\/li>\n<li>zur Erf\u00fcllung einer rechtlichen Verpflichtung, die die Verarbeitung nach dem Recht der Union oder der Mitgliedstaaten, dem der Verantwortliche unterliegt, erfordert, oder zur Wahrnehmung einer Aufgabe, die im \u00f6ffentlichen Interesse liegt oder in Aus\u00fcbung \u00f6ffentlicher Gewalt erfolgt, die dem Verantwortlichen \u00fcbertragen wurde;<\/li>\n<li>aus Gr\u00fcnden des \u00f6ffentlichen Interesses im Bereich der \u00f6ffentlichen Gesundheit gem\u00e4\u00df \u00a7 11 Abs. 2&nbsp;h und i sowie \u00a7 11 Abs. 3 KDG;<\/li>\n<li>f\u00fcr im \u00f6ffentlichen Interesse liegende Archivzwecke, wissenschaftliche oder historische Forschungszwecke oder f\u00fcr statistische Zwecke gem. \u00a7 43 KDG, soweit das unter Abschnitt a) genannte Recht voraussichtlich die Verwirklichung der Ziele dieser Verarbeitung unm\u00f6glich macht oder ernsthaft beeintr\u00e4chtigt, oder<\/li>\n<li>zur Geltendmachung, Aus\u00fcbung oder Verteidigung von Rechtsanspr\u00fcchen.<\/li>\n<\/ul>\n<p><strong>7.5. Recht auf Unterrichtung<\/strong><\/p>\n<p>Haben Sie das Recht auf Berichtigung, L\u00f6schung oder Einschr\u00e4nkung der Verarbeitung gegen\u00fcber dem Verantwortlichen geltend gemacht, ist dieser verpflichtet, allen Empf\u00e4ngern, denen die Sie betreffenden personenbezogenen Daten offengelegt wurden, diese Berichtigung oder L\u00f6schung der Daten oder Einschr\u00e4nkung der Verarbeitung mitzuteilen, es sei denn, dies erweist sich als unm\u00f6glich oder ist mit einem unverh\u00e4ltnism\u00e4\u00dfigen Aufwand verbunden.<\/p>\n<p>Ihnen steht gegen\u00fcber dem Verantwortlichen das Recht zu, \u00fcber diese Empf\u00e4nger unterrichtet zu werden.<\/p>\n<p><strong>7.6. Recht auf Daten\u00fcbertragbarkeit<\/strong><\/p>\n<p>Sie haben das Recht, die Sie betreffenden personenbezogenen Daten, die Sie dem Verantwortlichen bereitgestellt haben, in einem strukturierten, g\u00e4ngigen und maschinenlesbaren Format zu erhalten. Au\u00dferdem haben Sie das Recht diese Daten einem anderen Verantwortlichen ohne Behinderung durch den Verantwortlichen, dem die personenbezogenen Daten bereitgestellt wurden, zu \u00fcbermitteln, sofern<\/p>\n<ul>\n<li>die Verarbeitung auf einer Einwilligung gem. \u00a7 6 Abs. 1 b KDG oder \u00a7 11 Abs.&nbsp;2 a KDG oder auf einem Vertrag gem. \u00a7 6 Abs. 1 &nbsp;b KDG beruht und<\/li>\n<li>die Verarbeitung mithilfe automatisierter Verfahren erfolgt.<\/li>\n<\/ul>\n<p>In Aus\u00fcbung dieses Rechts haben Sie ferner das Recht, zu erwirken, dass die Sie betreffenden personenbezogenen Daten direkt von einem Verantwortlichen einem anderen Verantwortlichen \u00fcbermittelt werden, soweit dies technisch machbar ist. Freiheiten und Rechte anderer Personen d\u00fcrfen hierdurch nicht beeintr\u00e4chtigt werden.<\/p>\n<p>Das Recht auf Daten\u00fcbertragbarkeit gilt nicht f\u00fcr eine Verarbeitung personenbezogener Daten, die f\u00fcr die Wahrnehmung einer Aufgabe erforderlich ist, die im \u00f6ffentlichen Interesse liegt oder in Aus\u00fcbung \u00f6ffentlicher Gewalt erfolgt, die dem Verantwortlichen \u00fcbertragen wurde.<\/p>\n<p><strong>7.7. Widerspruchsrecht<\/strong><\/p>\n<p>Sie haben das Recht, aus Gr\u00fcnden, die sich aus ihrer besonderen Situation ergeben, jederzeit gegen die Verarbeitung der Sie betreffenden personenbezogenen Daten, die aufgrund von \u00a7 6 Abs. 1&nbsp;f oder g KDG erfolgt, Widerspruch einzulegen; dies gilt auch f\u00fcr ein auf diese Bestimmungen gest\u00fctztes Profiling.<\/p>\n<p>Der Verantwortliche verarbeitet die Sie betreffenden personenbezogenen Daten nicht mehr, es sei denn, er kann zwingende schutzw\u00fcrdige Gr\u00fcnde f\u00fcr die Verarbeitung nachweisen, die Ihre Interessen, Rechte und Freiheiten \u00fcberwiegen, oder die Verarbeitung dient der Geltendmachung, Aus\u00fcbung oder Verteidigung von Rechtsanspr\u00fcchen.<\/p>\n<p>Werden die Sie betreffenden personenbezogenen Daten verarbeitet, um Direktwerbung zu betreiben, haben Sie das Recht, jederzeit Widerspruch gegen die Verarbeitung der Sie betreffenden personenbezogenen Daten zum Zwecke derartiger Werbung einzulegen; dies gilt auch f\u00fcr das Profiling, soweit es mit solcher Direktwerbung in Verbindung steht.<\/p>\n<p>Widersprechen Sie der Verarbeitung f\u00fcr Zwecke der Direktwerbung, so werden die Sie betreffenden personenbezogenen Daten nicht mehr f\u00fcr diese Zwecke verarbeitet.<\/p>\n<p>Sie haben die M\u00f6glichkeit, im Zusammenhang mit der Nutzung von Diensten der Informationsgesellschaft \u2013 ungeachtet der Richtlinie 2002\/58\/EG \u2013 Ihr Widerspruchsrecht mittels automatisierter Verfahren auszu\u00fcben, bei denen technische Spezifikationen verwendet werden.<\/p>\n<p><strong>7.8. Recht auf Widerruf der datenschutzrechtlichen Einwilligungserkl\u00e4rung<\/strong><\/p>\n<p>Sie haben das Recht, Ihre datenschutzrechtliche Einwilligungserkl\u00e4rung jederzeit zu widerrufen. Durch den Widerruf der Einwilligung wird die Rechtm\u00e4\u00dfigkeit der aufgrund der Einwilligung bis zum Widerruf erfolgten Verarbeitung nicht ber\u00fchrt.<\/p>\n<p><strong>7.9. Automatisierte Entscheidung im Einzelfall einschlie\u00dflich Profiling<\/strong><\/p>\n<p>Sie haben das Recht, nicht einer ausschlie\u00dflich auf einer automatisierten Verarbeitung \u2013 einschlie\u00dflich Profiling \u2013 beruhenden Entscheidung unterworfen zu werden, die Ihnen gegen\u00fcber rechtliche Wirkung entfaltet oder Sie in \u00e4hnlicher Weise erheblich beeintr\u00e4chtigt. Dies gilt nicht, wenn die Entscheidung<\/p>\n<ul>\n<li>f\u00fcr den Abschluss oder die Erf\u00fcllung eines Vertrags zwischen Ihnen und dem Verantwortlichen erforderlich ist,<\/li>\n<li>aufgrund von Rechtsvorschriften der Union oder der Mitgliedstaaten, denen der Verantwortliche unterliegt, zul\u00e4ssig ist und diese Rechtsvorschriften angemessene Ma\u00dfnahmen zur Wahrung Ihrer Rechte und Freiheiten sowie Ihrer berechtigten Interessen enthalten oder<\/li>\n<li>mit Ihrer ausdr\u00fccklichen Einwilligung erfolgt.<\/li>\n<\/ul>\n<p><strong>7.10. Recht auf Beschwerde bei einer Aufsichtsbeh\u00f6rde<\/strong><\/p>\n<p>Unbeschadet eines anderweitigen verwaltungsrechtlichen oder gerichtlichen Rechtsbehelfs steht Ihnen das Recht auf Beschwerde bei einer Aufsichtsbeh\u00f6rde, insbesondere in dem Mitgliedstaat ihres Aufenthaltsorts, ihres Arbeitsplatzes oder des Orts des mutma\u00dflichen Versto\u00dfes, zu, wenn Sie der Ansicht sind, dass die Verarbeitung der Sie betreffenden personenbezogenen Daten gegen das KDG verst\u00f6\u00dft.<\/p>\n<p>Die Aufsichtsbeh\u00f6rde, bei der die Beschwerde eingereicht wurde, unterrichtet den Beschwerdef\u00fchrer \u00fcber den Stand und die Ergebnisse der Beschwerde einschlie\u00dflich der M\u00f6glichkeit eines gerichtlichen Rechtsbehelfs nach \u00a7 49 KDG.<\/p>\n<p>Di\u00f6zesandatenschutzbeauftragter f\u00fcr die bayerischen (Erz-)Di\u00f6zesen:<br \/>\nErzbisch\u00f6fliches Ordinariat M\u00fcnchen<br \/>\nKapellenstr. 4<\/p>\n<p>80333 M\u00fcnchen<\/p>\n<p>Tel. 089 \/ 2137-1796<\/p>\n<p>Fax: 089 \/ 2137-1585<\/p>\n<p>Email: JJoachimski(at)eomuc.de<\/p>\n<h2>&nbsp;<\/h2>\n<p><strong>8 | Eingesetzte Plugins<\/strong><\/p>\n<p><strong>8.1. Webtrends<\/strong><\/p>\n<p>Diese Webseite benutzt das Analyse-Tool Webtrends um statistische Auswertungen \u00fcber die Nutzung der Webseite zu erzeugen. Die mit Webtrends erzeugten Auswertungen sind anonymisiert und lassen sich nicht zur Identifikation einzelner Personen nutzen. Eine Verkn\u00fcpfung der gespeicherten Daten mit anderen Datenquellen oder eine Weitergabe an Dritte findet nicht statt.<\/p>\n<p><strong>8.2. Google-Analytics<\/strong><\/p>\n<p><strong>8.2.1. Umfang der Verarbeitung personenbezogener Daten<\/strong><\/p>\n<p>Wir nutzen auf unserer Website Google Analytics, einen Webanalysedienst der Goolge Inc. (\u201eGoogle\u201c) zur Analyse des Surfverhaltens unserer Nutzer. Die Software setzt ein Cookie auf dem Rechner der Nutzer (zu Cookies siehe bereits oben).<\/p>\n<p>Die durch den Cookie erzeugten Informationen \u00fcber ihre Benutzung dieser Website werden in der Regel an einen Server von Google in den USA \u00fcbertragen und dort gespeichert. Im Falle der Aktivierung der IP-Anonymisierung auf dieser Website, wird Ihre IP-Adresse von Google jedoch innerhalb von Mitgliedstaaten der Europ\u00e4ischen Union oder in anderen Vertragsstaaten des Abkommens \u00fcber den europ\u00e4ischen Wirtschaftsraum zuvor gek\u00fcrzt. Nur in Ausnahmef\u00e4llen wird die volle IP-Adresse an einen Server von Google in den USA \u00fcbertragen und dort gek\u00fcrzt. Im Auftrag des Betreibers dieser Website wird Google diese Informationen benutzen, um ihre Nutzung der Website auszuwerten, um Reports \u00fcber die Website-Aktivit\u00e4ten zusammenzustellen und um weitere mit der Website-Nutzung und der Internetnutzung verbundene Dienstleistungen gegen\u00fcber dem Website-Betreiber zu erbringen.<\/p>\n<p>Die im Rahmen von Google Analytics von Ihrem Browser \u00fcbermittelte IP-Adresse wird nicht mit anderen Daten von Google zusammengef\u00fchrt.<\/p>\n<p>Sie k\u00f6nnen die Speicherung der Cookies durch eine entsprechende Einstellung ihrer Browser-Software verhindern; wir weisen Sie jedoch darauf hin, dass Sie in diesem Fall gegebenenfalls nicht s\u00e4mtliche Funktionen dieser Website vollumf\u00e4nglich werden nutzen k\u00f6nnen. Sie k\u00f6nnen dar\u00fcber hinaus die Erfassung der durch das Kopie erzeugten und auf ihre Nutzung der Website bezogenen Daten (inklusive Ihrer IP-Adresse) an Google sowie die Verarbeitung dieser Daten durch Google verhindern, indem sie das unter dem folgenden Link verf\u00fcgbare Browser-Plug-in herunterladen und installieren: <a href=\"http:\/\/tools.google.com\/dlpage\/gaoptout?hl=de\">http:\/\/tools.google.com\/dlpage\/gaoptout?hl=de<\/a>.<\/p>\n<p>Die Software l\u00e4uft ausschlie\u00dflich auf den Servern unserer Webseite. Eine Speicherung der personenbezogenen Daten der Nutzer findet nur dort statt. Eine Weitergabe der Daten an Dritte erfolgt nicht.<\/p>\n<p><strong>8.2.2. Rechtsgrundlage f\u00fcr die Verarbeitung personenbezogener Daten<\/strong><\/p>\n<p>Rechtsgrundlage f\u00fcr die Verarbeitung der personenbezogenen Daten der Nutzer ist \u00a7 6 Abs. 1 lit. g KDG.<\/p>\n<p><strong>8.2.3. Zweck der Datenverarbeitung<\/strong><\/p>\n<p>Die Verarbeitung der personenbezogenen Daten der Nutzer erm\u00f6glicht uns eine Analyse des Surfverhaltens unserer Nutzer. Wir sind in durch die Auswertung der gewonnen Daten in der Lage, Informationen \u00fcber die Nutzung der einzelnen Komponenten unserer Webseite zusammenzustellen. Dies hilft uns dabei unsere Webseite und deren Nutzerfreundlichkeit stetig zu verbessern. In diesen Zwecken liegt auch unser berechtigtes Interesse in der Verarbeitung der Daten nach \u00a7 6 Abs. 1 lit. g KDG. Durch die Anonymisierung der IP-Adresse wird dem Interesse der Nutzer an deren Schutz personenbezogener Daten hinreichend Rechnung getragen. F\u00fcr die Ausnahmef\u00e4lle, in denen personenbezogene Daten in die USA \u00fcbertragen werden, hat sich Google dem EU-US Privacy Shield unterworfen, <a href=\"https:\/\/www.privacyshield.gov\/EU-US-Framework\">https:\/\/www.privacyshield.gov\/EU-US-Framework<\/a> .<\/p>\n<p><strong>8.2.4. Dauer der Speicherung<\/strong><\/p>\n<p>Diese Website verwendet Google Analytics mit der Erweiterung \u201e_anonymizeIp()\u201c. Dadurch werden IP-Adressen gek\u00fcrzt weiterverarbeitet, eine Personenbezogenheit kann damit ausgeschlossen werden. Soweit den \u00fcber sie erhobenen Daten ein Personenbezug zukommt, wird dieser also sofort ausgeschlossen und die personenbezogenen Daten damit umgehend gel\u00f6scht.<\/p>\n<p>Die Daten werden sp\u00e4testens gel\u00f6scht, sobald sie f\u00fcr unsere Aufzeichnungszwecke nicht mehr ben\u00f6tigt werden.<\/p>\n<p><strong>8.2.5. Widerspruchs- und Beseitigungsm\u00f6glichkeit<\/strong><\/p>\n<p>Cookies werden auf dem Rechner des Nutzers gespeichert und von diesem an unserer Seite \u00fcbermittelt. Daher haben Sie als Nutzer auch die volle Kontrolle \u00fcber die Verwendung von Cookies. Durch eine \u00c4nderung der Einstellungen in Ihrem Internetbrowser k\u00f6nnen Sie die \u00dcbertragung von Cookies deaktivieren oder einschr\u00e4nken. Bereits gespeicherte Cookies k\u00f6nnen jederzeit gel\u00f6scht werden. Dies kann auch automatisiert erfolgen. Werden Cookies f\u00fcr unsere Website deaktiviert, k\u00f6nnen m\u00f6glicherweise nicht mehr alle Funktionen der Website vollumf\u00e4nglich genutzt werden.<\/p>\n<p><strong>8.2.6. Informationen des Drittanbieters<\/strong><\/p>\n<p>Google Dublin, Goolge Ireland Ltd., Gordon House, Barrow Street, Dublin 4, Ireland, Fax: + 353 (1) 436 1001, Nutzerbedingungen: http:\/\/www.google.com\/analytics\/terms\/de.html, \u00dcbersicht zum Datenschutz: http:\/\/google.com\/intl\/de\/analytics\/learn\/privacy.html, sowie die Datenschutzerkl\u00e4rung: http:\/\/www.google.de\/intl\/de\/policies\/privacy.<\/p>\n<p><strong>8.3. Suche der Seite &#8211; OnSiteSuche<\/strong><\/p>\n<p>Die Daten, die in das Suche-Feld der Site eingegeben werden, werden vom Besucher der Seite verschl\u00fcsselt an unseren Server \u00fcbergeben. Dieser \u00fcbergibt diese Daten verschl\u00fcsselt an Google und empf\u00e4ngt die Such-Ergebnisse. Die Identit\u00e4t des Besuchers (IP-Adresse) wird nicht an Google \u00fcbermittelt.<\/p>\n<p><strong>8.4. Pfarrbrief<\/strong><\/p>\n<p><strong>8.4.1. Beschreibung und Umfang der Datenverarbeitung<\/strong><\/p>\n<p>Auf unserer Internetseite besteht die M\u00f6glichkeit einen kostenfreien Pfarrbrief zu abonnieren. Dabei werden bei der Anmeldung zum Pfarrbrief die Daten aus der Eingabemaske an uns \u00fcbermittelt.<\/p>\n<p>Diese sind:<\/p>\n<p>Ihre E-Mail-Adresse<\/p>\n<p>Zudem werden folgende Daten bei der Anmeldung erhoben:<\/p>\n<p>Datum und Uhrzeit der Registrierung<\/p>\n<p>F\u00fcr die Verarbeitung der Daten wird im Rahmen des Anmeldevorgangs Ihre Einwilligung eingeholt und auf diese Datenschutzerkl\u00e4rung verwiesen.<\/p>\n<p>Es erfolgt im Zusammenhang mit der Datenverarbeitung f\u00fcr den Versand von Pfarrbriefen keine Weitergabe der Daten an Dritte. Die Daten werden ausschlie\u00dflich f\u00fcr den Versand des Pfarrbriefes verwendet.<\/p>\n<p><strong>8.4.2. Rechtsgrundlage f\u00fcr die Datenverarbeitung<\/strong><\/p>\n<p>Rechtsgrundlage f\u00fcr die Verarbeitung der Daten nach Anmeldung zum Pfarrbrief durch den Nutzer ist bei Vorliegen einer Einwilligung des Nutzers \u00a7 6 Abs. 1 lit. b KDG.<\/p>\n<p><strong>8.4.3. Zweck der Datenverarbeitung<\/strong><\/p>\n<p>Die Erhebung der E-Mail-Adresse des Nutzers dient dazu, den Pfarrbrief zuzustellen.<\/p>\n<p><strong>8.4.4. Dauer der Speicherung<\/strong><\/p>\n<p>Die Daten werden gel\u00f6scht, sobald sie f\u00fcr die Erreichung des Zweckes ihrer Erhebung nicht mehr erforderlich sind. Die E-Mail-Adresse des Nutzers wird demnach solange gespeichert, wie das Abonnement des Pfarrbriefes aktiv ist.<\/p>\n<p><strong>8.4.5. Widerspruchs- und Beseitigungsm\u00f6glichkeit<\/strong><\/p>\n<p>Das Abonnement des Pfarrbriefes kann durch den betroffenen Nutzer jederzeit gek\u00fcndigt werden. Zu diesem Zweck findet sich in jedem Pfarrbrief ein entsprechender Link.<\/p>\n<p><strong>8.5.&nbsp;&nbsp;&nbsp;&nbsp; Youtube<\/strong><\/p>\n<p><strong>8.5.1.&nbsp; Umfang der Verarbeitung personenbezogener Daten<\/strong><\/p>\n<p>Wir haben YouTube-Videos in unser Online-Angebot eingebunden, die auf http:\/\/www.YouTube.com gespeichert sind und von unserer Website aus direkt abspielbar sind. Diese sind alle im \u201eerweiterten Datenschutz-Modus\u201c eingebunden, d.\u2009h. dass keine Daten \u00fcber Sie als Nutzer an YouTube \u00fcbertragen werden, wenn Sie die Videos nicht abspielen. Erst wenn Sie die Videos abspielen, werden die Ihre Daten \u00fcbertragen. Auf diese Daten\u00fcbertragung haben wir keinen Einfluss.<\/p>\n<p>Durch den Besuch auf der Website erh\u00e4lt YouTube die Information, dass Sie die entsprechende Unterseite unserer Website aufgerufen haben. Zudem werden die unter Ziff. 3. dieser Erkl\u00e4rung genannten Daten \u00fcbermittelt. Dies erfolgt unabh\u00e4ngig davon, ob YouTube ein Nutzerkonto bereitstellt, \u00fcber das Sie eingeloggt sind, oder ob kein Nutzerkonto besteht. Wenn Sie bei Google eingeloggt sind, werden Ihre Daten direkt Ihrem Konto zugeordnet. Wenn Sie die Zuordnung mit Ihrem Profil bei YouTube nicht w\u00fcnschen, m\u00fcssen Sie sich vor Aktivierung des Buttons ausloggen.<\/p>\n<p><strong>8.5.2.&nbsp; Rechtsgrundlage f\u00fcr die Verarbeitung personenbezogener Daten<\/strong><\/p>\n<p>Rechtsgrundlage f\u00fcr die Nutzung ist \u00a7 6 Abs. 1 lit. g KDG.<\/p>\n<p><strong>8.5.3.&nbsp; Zweck und Dauer der Datenverarbeitung<\/strong><\/p>\n<p>YouTube speichert Ihre Daten als Nutzungsprofile und nutzt sie f\u00fcr Zwecke der Werbung, Marktforschung und\/oder bedarfsgerechten Gestaltung seiner Website. Eine solche Auswertung erfolgt insbesondere (selbst f\u00fcr nicht eingeloggte Nutzer) zur Erbringung von bedarfsgerechter Werbung und um andere Nutzer des sozialen Netzwerks \u00fcber Ihre Aktivit\u00e4ten auf unserer Website zu informieren.<\/p>\n<p>Weitere Informationen zu Zweck und Umfang der Datenerhebung und ihrer Verarbeitung durch YouTube erhalten Sie in der Datenschutzerkl\u00e4rung. Dort erhalten Sie auch weitere Informationen zu Ihren Rechten und Einstellungsm\u00f6glichkeiten zum Schutze Ihrer Privatsph\u00e4re: https:\/\/www.google.de\/intl\/de\/policies\/privacy. Google verarbeitet Ihre personenbezogenen Daten auch in den USA und hat sich dem EU-US-Privacy-Shield unterworfen, <a href=\"https:\/\/www.privacyshield.gov\/EU-US-Framework\">https:\/\/www.privacyshield.gov\/EU-US-Framework<\/a>.<\/p>\n<p><strong>8.5.4.&nbsp; Widerspruchs- und Beseitigungsm\u00f6glichkeit<\/strong><\/p>\n<p>Ihnen steht ein Widerspruchsrecht zu gegen die Bildung dieser Nutzerprofile, wobei Sie sich zur Aus\u00fcbung dessen an YouTube richten m\u00fcssen.<\/p>\n<p><strong>8.6. Einsatz von Matomo (fr\u00fcher Piwik)<\/strong><\/p>\n<p><strong>8.6.1. Umfang der Verarbeitung personenbezogener Daten<\/strong><\/p>\n<p>Wir nutzen auf unserer Webseite das Open-Source-Software-Tool Matomo (ehemals PIWIK) zur Analyse des Surfverhaltens unserer Nutzer. Die Software setzt ein Cookie auf dem Rechner der Nutzer (zu Cookies siehe bereits oben). Werden Einzelseiten unserer Webseite aufgerufen, so werden folgende Daten gespeichert:<\/p>\n<p>(1) Zwei Bytes der IP-Adresse des aufrufenden Systems des Nutzers<\/p>\n<p>(2) Die aufgerufene Webseite<\/p>\n<p>(3) Die Webseite, von der der Nutzer auf die aufgerufene Webseite gelangt ist (Referrer)<\/p>\n<p>(4) Die Unterseiten, die von der aufgerufenen Webseite aus aufgerufen werden<\/p>\n<p>(5) Die Verweildauer auf der Webseite<\/p>\n<p>(6) Die H\u00e4ufigkeit des Aufrufs der Webseite<\/p>\n<p>Die Software l\u00e4uft dabei ausschlie\u00dflich auf den Servern unserer Webseite. Eine Speicherung der personenbezogenen Daten der Nutzer findet nur dort statt. Eine Weitergabe der Daten an Dritte erfolgt nicht.<\/p>\n<p>Ohne Einwilligung des Nutzers sollte &#8222;Automatically Anonymize Visitor IPs&#8220; aktiviert sein:<\/p>\n<p>Die Software ist so eingestellt, dass die IP-Adressen nicht vollst\u00e4ndig gespeichert werden, sondern 2 Bytes der IP-Adresse maskiert werden (Bsp.: 192.168.xxx.xxx). Auf diese Weise ist eine Zuordnung der gek\u00fcrzten IP-Adresse zum aufrufenden Rechner nicht mehr m\u00f6glich.<\/p>\n<p><strong>8.6.2. Rechtsgrundlage f\u00fcr die Verarbeitung personenbezogener Daten<\/strong><\/p>\n<p>Rechtsgrundlage f\u00fcr die Verarbeitung der personenbezogenen Daten der Nutzer ist \u00a7 6 Abs. 1 lit. g KDG.<\/p>\n<p><strong>8.6.3. Zweck der Datenverarbeitung<\/strong><\/p>\n<p>Die Verarbeitung der personenbezogenen Daten der Nutzer erm\u00f6glicht uns eine Analyse des Surfverhaltens unserer Nutzer. Wir sind in durch die Auswertung der gewonnen Daten in der Lage, Informationen \u00fcber die Nutzung der einzelnen Komponenten unserer Webseite zusammenzustellen. Dies hilft uns dabei unsere Webseite und deren Nutzerfreundlichkeit stetig zu verbessern. In diesen Zwecken liegt auch unser berechtigtes Interesse in der Verarbeitung der Daten nach \u00a7 6 Abs. 1 lit. g KDG. Durch die Anonymisierung der IP-Adresse wird dem Interesse der Nutzer an deren Schutz personenbezogener Daten hinreichend Rechnung getragen.<\/p>\n<p><strong>8.6.4. Dauer der Speicherung<\/strong><\/p>\n<p>Die Daten werden gel\u00f6scht, sobald sie f\u00fcr unsere Aufzeichnungszwecke nicht mehr ben\u00f6tigt werden.<\/p>\n<p>In unserem Fall ist dies sp\u00e4testens nach 12 Monaten der Fall.<\/p>\n<p><strong>8.6.5. Widerspruchs- und Beseitigungsm\u00f6glichkeit<\/strong><\/p>\n<p>Cookies werden auf dem Rechner des Nutzers gespeichert und von diesem an unserer Seite \u00fcbermittelt. Daher haben Sie als Nutzer auch die volle Kontrolle \u00fcber die Verwendung von Cookies. Durch eine \u00c4nderung der Einstellungen in Ihrem Internetbrowser k\u00f6nnen Sie die \u00dcbertragung von Cookies deaktivieren oder einschr\u00e4nken. Bereits gespeicherte Cookies k\u00f6nnen jederzeit gel\u00f6scht werden. Dies kann auch automatisiert erfolgen. Werden Cookies f\u00fcr unsere Webseite deaktiviert, k\u00f6nnen m\u00f6glicherweise nicht mehr alle Funktionen der Webseite vollumf\u00e4nglich genutzt werden.<\/p>\n<p>Wir bieten unseren Nutzern auf unserer Webseite die M\u00f6glichkeit eines Opt-Out aus dem Analyseverfahren. Hierzu m\u00fcssen Sie dem entsprechenden Link folgen. Auf diese Weise wird ein weiterer Cookie auf ihrem System gesetzt, der unserem System signalisiert die Daten des Nutzers nicht zu speichern. L\u00f6scht der Nutzer den entsprechenden Cookie zwischenzeitlich vom eigenen System, so muss er den Opt-Out-Cookie erneut setzten.<\/p>\n<p>N\u00e4here Informationen zu den Privatsph\u00e4reeinstellungen der Matomo Software finden Sie unter folgendem Link: https:\/\/matomo.org\/docs\/privacy\/<\/p>\n<p><strong>8.7. Einsatz von Google (Invisible) ReCaptcha<\/strong><\/p>\n<p><strong>8.7.1. Umfang der Verarbeitung personenbezogener Daten<\/strong><\/p>\n<p>Wir verwenden den Dienst reCaptcha der Google LLC Inc., 1600 Amphitheatre Parkway, Mountain View, CA 94043, USA.<\/p>\n<p>Die Abfrage schlie\u00dft den Versand der IP-Adresse des verwendeten Endger\u00e4ts; die Internetseite welche Sie besuchen und auf welcher das Captcha eingebunden ist; das Datum und die Dauer des Besuchs; die Erkennungsdaten des verwendeten Browser- und Betriebssystem-Typs; den Google-Account, falls Sie eingeloggt sind; Mausbewegungen auf den reCaptcha-Fl\u00e4chen sowie Aufgaben, bei denen Sie Bilder identifizieren m\u00fcssen ein. Zu diesem Zweck werden die Daten an Google \u00fcbermittelt und dort von Google weiter verwendet in Form einer Pr\u00fcfung, mit derer anhand der genannten Daten festgestellt werden kann, ob Sie ein Mensch oder ein Computer sind.<\/p>\n<p>Durch die Nutzung von reCaptcha erkl\u00e4ren Sie sich damit einverstanden, dass die von Ihnen geleistete Erkennung in die Digitalisierung alter Werke einflie\u00dft. Im Falle der Aktivierung der IP-Anonymisierung auf dieser Webseite wird Ihre IP-Adresse von Google jedoch innerhalb von Mitgliedstaaten der Europ\u00e4ischen Union oder in anderen Vertragsstaaten des Abkommens \u00fcber den Europ\u00e4ischen Wirtschaftsraum zuvor gek\u00fcrzt. Nur in Ausnahmef\u00e4llen wird die volle IP-Adresse an einen Server von Google in den USA \u00fcbertragen und dort gek\u00fcrzt. Im Auftrag des Betreibers dieser Website wird Google diese Informationen benutzen, um Ihre Nutzung dieses Dienstes auszuwerten. Die im Rahmen von reCaptcha von Ihrem Browser \u00fcbermittelte IP-Adresse wird nicht mit anderen Daten von Google zusammengef\u00fchrt. F\u00fcr diese Daten gelten die abweichenden Datenschutzbestimmungen des Unternehmens Google.<\/p>\n<p><strong>8.7.2. Rechtsgrundlage f\u00fcr die Verarbeitung personenbezogener Daten<\/strong><\/p>\n<p>Rechtsgrundlage f\u00fcr die Verarbeitung der personenbezogenen Daten der Nutzer ist \u00a7 6 Abs. 1 lit. g KDG.<\/p>\n<p><strong>8.7.3. Zweck der Datenverarbeitung<\/strong><\/p>\n<p>Die Abfrage dient der Unterscheidung, ob die Eingabe durch einen Menschen oder missbr\u00e4uchlich durch automatisierte, maschinelle Verarbeitung erfolgt.<\/p>\n<p><strong>8.7.4. Dauer der Speicherung<\/strong><\/p>\n<p>\u00dcber die Dauer der Speicherung liegen uns keine Angaben vor.<\/p>\n<p><strong>8.7.5. Widerspruchs- und Beseitigungsm\u00f6glichkeit<\/strong><\/p>\n<p>N\u00e4here Informationen finden Sie unter: https:\/\/www.google.com\/intl\/de\/policies\/privacy\/ .<\/p>\n<p><strong>8.8.&nbsp;&nbsp;&nbsp;&nbsp; Einsatz von Google Webfonts<\/strong><\/p>\n<p><strong>8.8.1.&nbsp; Umfang der Verarbeitung personenbezogener Daten<\/strong><\/p>\n<p>Zur optisch verbesserten Darstellung verschiedener Informationen auf dieser Website werden Google Webfonts (http:\/\/www.google.com\/webfonts\/) verwendet. Die Webfonts werden dabei beim Aufruf der Seite in den Cache des Browsers \u00fcbertragen, um sie f\u00fcr die Darstellung nutzen zu k\u00f6nnen. Falls der Browser die Google Webfonts nicht unterst\u00fctzt oder den Zugriff unterbindet, wird der Text in einer Standardschrift angezeigt.<\/p>\n<p>Beim Aufruf der Seite werden beim Website-Besucher keine Cookies. Daten, die im Zusammenhang mit dem Seitenaufruf \u00fcbermittelt werden, werden auf ressourcenspezifische Domains wie fonts.googleapis.com oder fonts.gstatic.com gesendet. Sie werden nicht mit Daten in Verbindung gebracht, die ggf. im Zusammenhang mit der parallelen Nutzung von authentifizierten Google-Diensten wie Gmail erhoben oder genutzt werden.<\/p>\n<p>Auch wird die IP-Adresse des Browsers des Endger\u00e4tes des Besuchers dieser Internetseiten von Google gespeichert.<\/p>\n<p><strong>8.8.2. Rechtsgrundlage f\u00fcr die Verarbeitung personenbezogener Daten<\/strong><\/p>\n<p>Rechtsgrundlage f\u00fcr die Datenverarbeitung ist \u00a7 6 Abs.1 lit. g KDG. Das berechtigte Interesse besteht in einer fehlerfreien Funktion der Internetseite.<\/p>\n<p><strong>8.8.3. Zweck der Datenverarbeitung<\/strong><\/p>\n<p>Dies ist notwendig damit auch ihr Browser eine optisch verbesserte Darstellung unserer Texte anzeigen kann. Wenn ihr Browser diese Funktion nicht unterst\u00fctzt, wird eine Standardschrift von ihrem Computer zur Anzeige genutzt.<\/p>\n<p><strong>8.8.4. Dauer der Speicherung<\/strong><\/p>\n<p>\u00dcber die Dauer der Speicherung bei unserem Auftragsverarbeiter liegen uns keine Angaben vor.<\/p>\n<p><strong>8.8.5.&nbsp; Widerspruchs- und Beseitigungsm\u00f6glichkeit<\/strong><\/p>\n<p>Sie k\u00f6nnen Ihren Browser so einstellen, dass die Schriften nicht von den Google-Servern geladen werden (bspw. durch die Installation von Add-Ons wie NoScript oder Ghostery f\u00fcr Firefox.) Falls Ihr Browser die Google Fonts nicht unterst\u00fctzt oder Sie den Zugriff auf die Google-Server unterbinden, wird der Text in der Standardschrift des Systems angezeigt.<\/p>\n","protected":false},"excerpt":{"rendered":"<p>Datenschutzerkl\u00e4rung f\u00fcr den Pfarrverband Salvator Mundi Der Pfarrverband Salvator Mundi nimmt den Schutz von pers\u00f6nlichen Daten sehr ernst und h\u00e4lt sich an die Regeln der Datenschutzgesetze. Die nachfolgenden Erl\u00e4uterungen geben einen \u00dcberblick, wie der Datenschutz auf unseren Webseiten umgesetzt wird: 1 | Kontaktdaten des Verantwortlichen Der Verantwortliche im Sinne des Gesetzes \u00fcber den Kirchlichen Datenschutz [&hellip;]<\/p>\n","protected":false},"author":1,"featured_media":0,"parent":0,"menu_order":24,"comment_status":"closed","ping_status":"closed","template":"","meta":{"ngg_post_thumbnail":0,"footnotes":""},"class_list":["post-8626","page","type-page","status-publish","czr-hentry"],"yoast_head":"<!-- This site is optimized with the Yoast SEO plugin v27.5 - https:\/\/yoast.com\/product\/yoast-seo-wordpress\/ -->\n<title>Datenschutzerkl\u00e4rung - Pfarrei St. Willibald<\/title>\n<meta name=\"robots\" content=\"index, follow, max-snippet:-1, max-image-preview:large, max-video-preview:-1\" \/>\n<link rel=\"canonical\" href=\"https:\/\/www.pfarrverband-salvator-mundi.de\/st-willibald\/datenschutzerklaerung\/\" \/>\n<meta property=\"og:locale\" content=\"de_DE\" \/>\n<meta property=\"og:type\" content=\"article\" \/>\n<meta property=\"og:title\" content=\"Datenschutzerkl\u00e4rung - Pfarrei St. Willibald\" \/>\n<meta property=\"og:description\" content=\"Datenschutzerkl\u00e4rung f\u00fcr den Pfarrverband Salvator Mundi Der Pfarrverband Salvator Mundi nimmt den Schutz von pers\u00f6nlichen Daten sehr ernst und h\u00e4lt sich an die Regeln der Datenschutzgesetze. Die nachfolgenden Erl\u00e4uterungen geben einen \u00dcberblick, wie der Datenschutz auf unseren Webseiten umgesetzt wird: 1 | Kontaktdaten des Verantwortlichen Der Verantwortliche im Sinne des Gesetzes \u00fcber den Kirchlichen Datenschutz [&hellip;]\" \/>\n<meta property=\"og:url\" content=\"https:\/\/www.pfarrverband-salvator-mundi.de\/st-willibald\/datenschutzerklaerung\/\" \/>\n<meta property=\"og:site_name\" content=\"Pfarrei St. Willibald\" \/>\n<meta property=\"article:modified_time\" content=\"2026-01-23T09:24:35+00:00\" \/>\n<meta name=\"twitter:card\" content=\"summary_large_image\" \/>\n<meta name=\"twitter:label1\" content=\"Gesch\u00e4tzte Lesezeit\" \/>\n\t<meta name=\"twitter:data1\" content=\"30\u00a0Minuten\" \/>\n<script type=\"application\/ld+json\" class=\"yoast-schema-graph\">{\"@context\":\"https:\\\/\\\/schema.org\",\"@graph\":[{\"@type\":\"WebPage\",\"@id\":\"https:\\\/\\\/www.pfarrverband-salvator-mundi.de\\\/st-willibald\\\/datenschutzerklaerung\\\/\",\"url\":\"https:\\\/\\\/www.pfarrverband-salvator-mundi.de\\\/st-willibald\\\/datenschutzerklaerung\\\/\",\"name\":\"Datenschutzerkl\u00e4rung - Pfarrei St. Willibald\",\"isPartOf\":{\"@id\":\"https:\\\/\\\/www.pfarrverband-salvator-mundi.de\\\/st-willibald\\\/#website\"},\"datePublished\":\"2019-09-08T16:01:14+00:00\",\"dateModified\":\"2026-01-23T09:24:35+00:00\",\"breadcrumb\":{\"@id\":\"https:\\\/\\\/www.pfarrverband-salvator-mundi.de\\\/st-willibald\\\/datenschutzerklaerung\\\/#breadcrumb\"},\"inLanguage\":\"de\",\"potentialAction\":[{\"@type\":\"ReadAction\",\"target\":[\"https:\\\/\\\/www.pfarrverband-salvator-mundi.de\\\/st-willibald\\\/datenschutzerklaerung\\\/\"]}]},{\"@type\":\"BreadcrumbList\",\"@id\":\"https:\\\/\\\/www.pfarrverband-salvator-mundi.de\\\/st-willibald\\\/datenschutzerklaerung\\\/#breadcrumb\",\"itemListElement\":[{\"@type\":\"ListItem\",\"position\":1,\"name\":\"Home\",\"item\":\"https:\\\/\\\/www.pfarrverband-salvator-mundi.de\\\/st-willibald\\\/\"},{\"@type\":\"ListItem\",\"position\":2,\"name\":\"Datenschutzerkl\u00e4rung\"}]},{\"@type\":\"WebSite\",\"@id\":\"https:\\\/\\\/www.pfarrverband-salvator-mundi.de\\\/st-willibald\\\/#website\",\"url\":\"https:\\\/\\\/www.pfarrverband-salvator-mundi.de\\\/st-willibald\\\/\",\"name\":\"Pfarrei St. Willibald\",\"description\":\"Teil des Pfarrverbands Salvator Mundi\",\"potentialAction\":[{\"@type\":\"SearchAction\",\"target\":{\"@type\":\"EntryPoint\",\"urlTemplate\":\"https:\\\/\\\/www.pfarrverband-salvator-mundi.de\\\/st-willibald\\\/?s={search_term_string}\"},\"query-input\":{\"@type\":\"PropertyValueSpecification\",\"valueRequired\":true,\"valueName\":\"search_term_string\"}}],\"inLanguage\":\"de\"}]}<\/script>\n<!-- \/ Yoast SEO plugin. -->","yoast_head_json":{"title":"Datenschutzerkl\u00e4rung - Pfarrei St. Willibald","robots":{"index":"index","follow":"follow","max-snippet":"max-snippet:-1","max-image-preview":"max-image-preview:large","max-video-preview":"max-video-preview:-1"},"canonical":"https:\/\/www.pfarrverband-salvator-mundi.de\/st-willibald\/datenschutzerklaerung\/","og_locale":"de_DE","og_type":"article","og_title":"Datenschutzerkl\u00e4rung - Pfarrei St. Willibald","og_description":"Datenschutzerkl\u00e4rung f\u00fcr den Pfarrverband Salvator Mundi Der Pfarrverband Salvator Mundi nimmt den Schutz von pers\u00f6nlichen Daten sehr ernst und h\u00e4lt sich an die Regeln der Datenschutzgesetze. Die nachfolgenden Erl\u00e4uterungen geben einen \u00dcberblick, wie der Datenschutz auf unseren Webseiten umgesetzt wird: 1 | Kontaktdaten des Verantwortlichen Der Verantwortliche im Sinne des Gesetzes \u00fcber den Kirchlichen Datenschutz [&hellip;]","og_url":"https:\/\/www.pfarrverband-salvator-mundi.de\/st-willibald\/datenschutzerklaerung\/","og_site_name":"Pfarrei St. Willibald","article_modified_time":"2026-01-23T09:24:35+00:00","twitter_card":"summary_large_image","twitter_misc":{"Gesch\u00e4tzte Lesezeit":"30\u00a0Minuten"},"schema":{"@context":"https:\/\/schema.org","@graph":[{"@type":"WebPage","@id":"https:\/\/www.pfarrverband-salvator-mundi.de\/st-willibald\/datenschutzerklaerung\/","url":"https:\/\/www.pfarrverband-salvator-mundi.de\/st-willibald\/datenschutzerklaerung\/","name":"Datenschutzerkl\u00e4rung - Pfarrei St. Willibald","isPartOf":{"@id":"https:\/\/www.pfarrverband-salvator-mundi.de\/st-willibald\/#website"},"datePublished":"2019-09-08T16:01:14+00:00","dateModified":"2026-01-23T09:24:35+00:00","breadcrumb":{"@id":"https:\/\/www.pfarrverband-salvator-mundi.de\/st-willibald\/datenschutzerklaerung\/#breadcrumb"},"inLanguage":"de","potentialAction":[{"@type":"ReadAction","target":["https:\/\/www.pfarrverband-salvator-mundi.de\/st-willibald\/datenschutzerklaerung\/"]}]},{"@type":"BreadcrumbList","@id":"https:\/\/www.pfarrverband-salvator-mundi.de\/st-willibald\/datenschutzerklaerung\/#breadcrumb","itemListElement":[{"@type":"ListItem","position":1,"name":"Home","item":"https:\/\/www.pfarrverband-salvator-mundi.de\/st-willibald\/"},{"@type":"ListItem","position":2,"name":"Datenschutzerkl\u00e4rung"}]},{"@type":"WebSite","@id":"https:\/\/www.pfarrverband-salvator-mundi.de\/st-willibald\/#website","url":"https:\/\/www.pfarrverband-salvator-mundi.de\/st-willibald\/","name":"Pfarrei St. Willibald","description":"Teil des Pfarrverbands Salvator Mundi","potentialAction":[{"@type":"SearchAction","target":{"@type":"EntryPoint","urlTemplate":"https:\/\/www.pfarrverband-salvator-mundi.de\/st-willibald\/?s={search_term_string}"},"query-input":{"@type":"PropertyValueSpecification","valueRequired":true,"valueName":"search_term_string"}}],"inLanguage":"de"}]}},"_links":{"self":[{"href":"https:\/\/www.pfarrverband-salvator-mundi.de\/st-willibald\/wp-json\/wp\/v2\/pages\/8626","targetHints":{"allow":["GET"]}}],"collection":[{"href":"https:\/\/www.pfarrverband-salvator-mundi.de\/st-willibald\/wp-json\/wp\/v2\/pages"}],"about":[{"href":"https:\/\/www.pfarrverband-salvator-mundi.de\/st-willibald\/wp-json\/wp\/v2\/types\/page"}],"author":[{"embeddable":true,"href":"https:\/\/www.pfarrverband-salvator-mundi.de\/st-willibald\/wp-json\/wp\/v2\/users\/1"}],"replies":[{"embeddable":true,"href":"https:\/\/www.pfarrverband-salvator-mundi.de\/st-willibald\/wp-json\/wp\/v2\/comments?post=8626"}],"version-history":[{"count":4,"href":"https:\/\/www.pfarrverband-salvator-mundi.de\/st-willibald\/wp-json\/wp\/v2\/pages\/8626\/revisions"}],"predecessor-version":[{"id":19058,"href":"https:\/\/www.pfarrverband-salvator-mundi.de\/st-willibald\/wp-json\/wp\/v2\/pages\/8626\/revisions\/19058"}],"wp:attachment":[{"href":"https:\/\/www.pfarrverband-salvator-mundi.de\/st-willibald\/wp-json\/wp\/v2\/media?parent=8626"}],"curies":[{"name":"wp","href":"https:\/\/api.w.org\/{rel}","templated":true}]}}